{"id":1072,"date":"2025-08-12T07:47:21","date_gmt":"2025-08-12T07:47:21","guid":{"rendered":"https:\/\/www.gross-autohaus.de\/?page_id=1072"},"modified":"2025-10-28T15:51:14","modified_gmt":"2025-10-28T15:51:14","slug":"autohaus","status":"publish","type":"page","link":"https:\/\/gross-autohaus.de\/","title":{"rendered":"Autohaus"},"content":{"rendered":"<div id='av_section_1'  class='avia-section av-h8pyr74-b413cecee25af4462ca25fa56dbba623 main_color avia-section-default avia-no-border-styling  avia-builder-el-0  el_before_av_slideshow_full  avia-builder-el-first  avia-bg-style-scroll  av-desktop-hide av-medium-hide av-small-hide av-minimum-height av-minimum-height-custom  container_wrap fullsize'  ><div class='container av-section-cont-open' style='height:100px'><main  role=\"main\" itemprop=\"mainContentOfPage\"  class='template-page content  av-content-full alpha units'><div class='post-entry post-entry-type-page post-entry-1072'><div class='entry-content-wrapper clearfix'>\n<\/div><\/div><\/main><!-- close content main element --><\/div><\/div><div id='full_slider_1'  class='avia-fullwidth-slider main_color avia-shadow  av-mini-hide  avia-builder-el-1  el_after_av_section  el_before_av_slideshow_full   slider-not-first container_wrap fullsize'  ><div   data-size='no scaling'  data-lightbox_size='large'  data-animation='fade'  data-conditional_play=''  data-ids='897'  data-video_counter='0'  data-autoplay='false'  data-bg_slider='false'  data-slide_height=''  data-handle='av_slideshow_full'  data-interval='5'  data-class=' '  data-el_id=''  data-css_id=''  data-scroll_down=''  data-control_layout='av-control-default'  data-custom_markup=''  data-perma_caption=''  data-autoplay_stopper=''  data-image_attachment=''  data-min_height='0px'  data-lazy_loading='disabled'  data-src=''  data-position='top left'  data-repeat='no-repeat'  data-attach='scroll'  data-stretch=''  data-img_scrset=''  class='avia-slideshow avia-slideshow-1  av-control-default av-default-height-applied avia-slideshow-no scaling av_slideshow_full   avia-fade-slider '  itemprop=\"image\" itemscope=\"itemscope\" itemtype=\"https:\/\/schema.org\/ImageObject\" ><ul class='avia-slideshow-inner ' style='padding-bottom: 46.875%;' ><li  class=' av-single-slide slide-1 ' ><div data-rel='slideshow-1' class='avia-slide-wrap '   ><img data-recalc-dims=\"1\" decoding=\"async\" class=\"wp-image-897 avia-img-lazy-loading-not-897 lazyload\"  data-src=\"https:\/\/i0.wp.com\/gross-autohaus.de\/wp-content\/uploads\/2024\/10\/Titelbild_2024_3.jpg?resize=1500%2C703&#038;ssl=1\" width=\"1500\" height=\"703\" title='Autohaus, Autohaus Amberg, Autoh\u00e4ndler, KFZ-Werkstatt, TOYOTA Partner, Toyota, Toyota-H\u00e4ndler, KFZ-Meisterbetrieb, Auto, Autos, Neuwagen, Gebrauchtwagen, Gebrauchtwagenh\u00e4ndler, Ersatzteile, Paulsdorf, Amberg, Landkreis Amberg-Sulzbach, Schwandorf, Weiden, Oberpfalz, Autohaus Gross' alt='Autohaus, Autohaus Amberg, Autoh\u00e4ndler, KFZ-Werkstatt, TOYOTA Partner, Toyota, Toyota-H\u00e4ndler, KFZ-Meisterbetrieb, Auto, Autos, Neuwagen, Gebrauchtwagen, Gebrauchtwagenh\u00e4ndler, Ersatzteile, Paulsdorf, Amberg, Landkreis Amberg-Sulzbach, Schwandorf, Weiden, Oberpfalz, Autohaus Gross'  itemprop=\"thumbnailUrl\" data-srcset=\"https:\/\/i0.wp.com\/gross-autohaus.de\/wp-content\/uploads\/2024\/10\/Titelbild_2024_3.jpg?w=2560&amp;ssl=1 2560w, https:\/\/i0.wp.com\/gross-autohaus.de\/wp-content\/uploads\/2024\/10\/Titelbild_2024_3.jpg?resize=300%2C141&amp;ssl=1 300w, https:\/\/i0.wp.com\/gross-autohaus.de\/wp-content\/uploads\/2024\/10\/Titelbild_2024_3.jpg?resize=1030%2C483&amp;ssl=1 1030w, https:\/\/i0.wp.com\/gross-autohaus.de\/wp-content\/uploads\/2024\/10\/Titelbild_2024_3.jpg?resize=768%2C360&amp;ssl=1 768w, https:\/\/i0.wp.com\/gross-autohaus.de\/wp-content\/uploads\/2024\/10\/Titelbild_2024_3.jpg?resize=1536%2C720&amp;ssl=1 1536w, https:\/\/i0.wp.com\/gross-autohaus.de\/wp-content\/uploads\/2024\/10\/Titelbild_2024_3.jpg?resize=2048%2C960&amp;ssl=1 2048w, https:\/\/i0.wp.com\/gross-autohaus.de\/wp-content\/uploads\/2024\/10\/Titelbild_2024_3.jpg?resize=1500%2C703&amp;ssl=1 1500w, https:\/\/i0.wp.com\/gross-autohaus.de\/wp-content\/uploads\/2024\/10\/Titelbild_2024_3.jpg?resize=705%2C330&amp;ssl=1 705w\" data-sizes=\"(max-width: 1500px) 100vw, 1500px\" src=\"data:image\/svg+xml;base64,PHN2ZyB3aWR0aD0iMSIgaGVpZ2h0PSIxIiB4bWxucz0iaHR0cDovL3d3dy53My5vcmcvMjAwMC9zdmciPjwvc3ZnPg==\" style=\"--smush-placeholder-width: 1500px; --smush-placeholder-aspect-ratio: 1500\/703;\" \/><\/div><\/li><\/ul><\/div><\/div>\n<div id='full_slider_2'  class='avia-fullwidth-slider main_color avia-shadow  av-desktop-hide av-medium-hide av-small-hide  avia-builder-el-2  el_after_av_slideshow_full  el_before_av_section   slider-not-first container_wrap fullsize'  ><div   data-size='no scaling'  data-lightbox_size='large'  data-animation='fade'  data-conditional_play=''  data-ids='896'  data-video_counter='0'  data-autoplay='false'  data-bg_slider='false'  data-slide_height=''  data-handle='av_slideshow_full'  data-interval='5'  data-class=' '  data-el_id=''  data-css_id=''  data-scroll_down=''  data-control_layout='av-control-default'  data-custom_markup=''  data-perma_caption=''  data-autoplay_stopper=''  data-image_attachment=''  data-min_height='0px'  data-lazy_loading='disabled'  data-src=''  data-position='top left'  data-repeat='no-repeat'  data-attach='scroll'  data-stretch=''  data-img_scrset=''  class='avia-slideshow avia-slideshow-2  av-control-default av-default-height-applied avia-slideshow-no scaling av_slideshow_full   avia-fade-slider '  itemprop=\"image\" itemscope=\"itemscope\" itemtype=\"https:\/\/schema.org\/ImageObject\" ><ul class='avia-slideshow-inner ' style='padding-bottom: 62.5%;' ><li  class=' av-single-slide slide-1 ' ><div data-rel='slideshow-2' class='avia-slide-wrap '   ><img data-recalc-dims=\"1\" decoding=\"async\" class=\"wp-image-896 avia-img-lazy-loading-not-896 lazyload\"  data-src=\"https:\/\/i0.wp.com\/gross-autohaus.de\/wp-content\/uploads\/2024\/10\/Titelbild_2024_mobil_3.jpg?resize=800%2C500&#038;ssl=1\" width=\"800\" height=\"500\" title='Autohaus, Autohaus Amberg, Autoh\u00e4ndler, KFZ-Werkstatt, TOYOTA Partner, Toyota, Toyota-H\u00e4ndler, KFZ-Meisterbetrieb, Auto, Autos, Neuwagen, Gebrauchtwagen, Gebrauchtwagenh\u00e4ndler, Ersatzteile, Paulsdorf, Amberg, Landkreis Amberg-Sulzbach, Schwandorf, Weiden, Oberpfalz, Autohaus Gross' alt='Autohaus, Autohaus Amberg, Autoh\u00e4ndler, KFZ-Werkstatt, TOYOTA Partner, Toyota, Toyota-H\u00e4ndler, KFZ-Meisterbetrieb, Auto, Autos, Neuwagen, Gebrauchtwagen, Gebrauchtwagenh\u00e4ndler, Ersatzteile, Paulsdorf, Amberg, Landkreis Amberg-Sulzbach, Schwandorf, Weiden, Oberpfalz, Autohaus Gross'  itemprop=\"thumbnailUrl\" data-srcset=\"https:\/\/i0.wp.com\/gross-autohaus.de\/wp-content\/uploads\/2024\/10\/Titelbild_2024_mobil_3.jpg?w=800&amp;ssl=1 800w, https:\/\/i0.wp.com\/gross-autohaus.de\/wp-content\/uploads\/2024\/10\/Titelbild_2024_mobil_3.jpg?resize=300%2C188&amp;ssl=1 300w, https:\/\/i0.wp.com\/gross-autohaus.de\/wp-content\/uploads\/2024\/10\/Titelbild_2024_mobil_3.jpg?resize=768%2C480&amp;ssl=1 768w, https:\/\/i0.wp.com\/gross-autohaus.de\/wp-content\/uploads\/2024\/10\/Titelbild_2024_mobil_3.jpg?resize=705%2C441&amp;ssl=1 705w\" data-sizes=\"(max-width: 800px) 100vw, 800px\" src=\"data:image\/svg+xml;base64,PHN2ZyB3aWR0aD0iMSIgaGVpZ2h0PSIxIiB4bWxucz0iaHR0cDovL3d3dy53My5vcmcvMjAwMC9zdmciPjwvc3ZnPg==\" style=\"--smush-placeholder-width: 800px; --smush-placeholder-aspect-ratio: 800\/500;\" \/><\/div><\/li><\/ul><\/div><\/div>\n\n<style type=\"text\/css\" data-created_by=\"avia_inline_auto\" id=\"style-css-av-h1dfv4g-7d9d9aeda91c109b74810048b90d1194\">\n.avia-section.av-h1dfv4g-7d9d9aeda91c109b74810048b90d1194 .av-parallax .av-parallax-inner{\nbackground-repeat:no-repeat;\nbackground-image:url(https:\/\/i0.wp.com\/gross-autohaus.de\/wp-content\/uploads\/2021\/11\/AHG_Back.jpg?fit=1200%2C600&ssl=1);\nbackground-position:0% 50%;\nbackground-attachment:scroll;\n}\n.avia-section.av-h1dfv4g-7d9d9aeda91c109b74810048b90d1194 .av-section-color-overlay{\nopacity:0.6;\nbackground-color:#ffffff;\n}\n<\/style>\n<div id='av_section_2'  class='avia-section av-h1dfv4g-7d9d9aeda91c109b74810048b90d1194 main_color avia-section-default avia-no-border-styling  avia-builder-el-3  el_after_av_slideshow_full  el_before_av_section  avia-full-stretch av-parallax-section avia-bg-style-parallax av-section-color-overlay-active  av-small-hide av-mini-hide container_wrap fullsize'  data-section-bg-repeat='stretch'><div class='av-parallax' data-avia-parallax-ratio='0.3' ><div class='av-parallax-inner main_color avia-full-stretch'><\/div><\/div><div class='av-section-color-overlay-wrap'><div class=\"av-section-color-overlay\"><\/div><div class='container av-section-cont-open' ><div class='template-page content  av-content-full alpha units'><div class='post-entry post-entry-type-page post-entry-1072'><div class='entry-content-wrapper clearfix'>\n<div class='flex_column_table av-gyn8mls-65412282b6ac36d34cbd6669401b1680 sc-av_one_fifth av-equal-height-column-flextable'><div class='flex_column av-gyn8mls-65412282b6ac36d34cbd6669401b1680 av_one_fifth  avia-builder-el-4  el_before_av_three_fifth  avia-builder-el-first  first flex_column_table_cell av-equal-height-column av-align-middle '   ><style type=\"text\/css\" data-created_by=\"avia_inline_auto\" id=\"style-css-av-gxpvpkw-ab251de000294b039a5cb97a614db9e5\">\n.avia-image-container.av-gxpvpkw-ab251de000294b039a5cb97a614db9e5 .av-image-caption-overlay-center{\ncolor:#ffffff;\n}\n<\/style>\n<div  class='avia-image-container av-gxpvpkw-ab251de000294b039a5cb97a614db9e5 av-styling- avia-align-center  avia-builder-el-5  avia-builder-el-no-sibling  '  itemprop=\"image\" itemscope=\"itemscope\" itemtype=\"https:\/\/schema.org\/ImageObject\" ><div class=\"avia-image-container-inner\"><div class=\"avia-image-overlay-wrap\"><a href=\"https:\/\/www.toyota.de\/haendler\/autohaus-gross-gmbh\" class=\"avia_image\" target=\"_blank\" rel=\"noopener noreferrer\"><img decoding=\"async\" width=\"600\" height=\"223\" class='wp-image-283 avia-img-lazy-loading-not-283 avia_image lazyload' data-src=\"https:\/\/i0.wp.com\/gross-autohaus.de\/wp-content\/uploads\/2021\/11\/Toyota.png?fit=600%2C223&ssl=1\" alt='Autohaus, Autohaus Amberg, Autoh\u00e4ndler, KFZ-Werkstatt, TOYOTA Partner, Toyota, Toyota-H\u00e4ndler, KFZ-Meisterbetrieb, Auto, Autos, Neuwagen, Gebrauchtwagen, Gebrauchtwagenh\u00e4ndler, Ersatzteile, Paulsdorf, Amberg, Landkreis Amberg-Sulzbach, Schwandorf, Weiden, Oberpfalz, Autohaus Gross' title='Autohaus, Autohaus Amberg, Autoh\u00e4ndler, KFZ-Werkstatt, TOYOTA Partner, Toyota, Toyota-H\u00e4ndler, KFZ-Meisterbetrieb, Auto, Autos, Neuwagen, Gebrauchtwagen, Gebrauchtwagenh\u00e4ndler, Ersatzteile, Paulsdorf, Amberg, Landkreis Amberg-Sulzbach, Schwandorf, Weiden, Oberpfalz, Autohaus Gross'  itemprop=\"thumbnailUrl\" data-srcset=\"https:\/\/i0.wp.com\/gross-autohaus.de\/wp-content\/uploads\/2021\/11\/Toyota.png?w=600&amp;ssl=1 600w, https:\/\/i0.wp.com\/gross-autohaus.de\/wp-content\/uploads\/2021\/11\/Toyota.png?resize=300%2C112&amp;ssl=1 300w\" data-sizes=\"(max-width: 600px) 100vw, 600px\" src=\"data:image\/svg+xml;base64,PHN2ZyB3aWR0aD0iMSIgaGVpZ2h0PSIxIiB4bWxucz0iaHR0cDovL3d3dy53My5vcmcvMjAwMC9zdmciPjwvc3ZnPg==\" style=\"--smush-placeholder-width: 600px; --smush-placeholder-aspect-ratio: 600\/223;\" \/><\/a><\/div><\/div><\/div><\/div><div class='av-flex-placeholder'><\/div><div class='flex_column av-gwf26kg-36c2889d1ece0d8be598fa5bea6dbb71 av_three_fifth  avia-builder-el-6  el_after_av_one_fifth  el_before_av_one_fifth  flex_column_table_cell av-equal-height-column av-align-middle '   ><section class=\"av_textblock_section \"  itemscope=\"itemscope\" itemtype=\"https:\/\/schema.org\/CreativeWork\" ><div class='avia_textblock  '   itemprop=\"text\" ><h1 style=\"text-align: center;\">AUTOHAUS GROSS<br \/>\nIN AMBERG UND PAULSDORF<\/h1>\n<p style=\"text-align: center;\"><strong>Ihr Toyota- &amp; Kia-Spezialist und Ihr Ansprechpartner f\u00fcr alle Automarken im Gro\u00dfraum Amberg, Schwandorf, Weiden in der Oberpfalz<\/strong><\/p>\n<p style=\"text-align: center;\">Ihr Autohaus Gross ist autorisierter Toyota Partner, Ihr Kia-Spezialist und Ihr Ansprechpartner f\u00fcr alle Automarken. Ihr zuverl\u00e4ssiger KFZ-Meisterbetrieb rund um Autos in Paulsdorf und Amberg\/Landkreis Amberg-Sulzbach im Gro\u00dfraum Schwandorf \/ Weiden in der Oberpfalz. Als Vertragsh\u00e4ndler haben wir ein hohes Ma\u00df an Fachwissen und pflegen den direkten Kontakt zu den Fahrzeug-Herstellern. Unsere Kunden vertrauen seit Generationen unserem kompetenten Team. Alle Bereiche bei uns arbeiten Hand in Hand und sorgen f\u00fcr einen reibungslosen Ablauf und hohe Qualit\u00e4t. Ob Neuwagen, Jahreswagen oder junge Gebrauchtwagen. Gern beraten wir Sie bei der Auswahl Ihres neuen Autos.<\/p>\n<p style=\"text-align: center;\">Tauchen Sie ein in die Welt der umweltfreundlichen Mobilit\u00e4t! Erfahren Sie mehr \u00fcber Elektroautos und Hybridfahrzeuge. Unser geschultes Personal steht Ihnen bei Anliegen aller Art gerne pers\u00f6nlich zur Verf\u00fcgung.<\/p>\n<h4 style=\"text-align: center;\">Los geht\u00b4s \u2013 Jetzt bei uns erleben!<\/h4>\n<\/div><\/section><\/div><div class='av-flex-placeholder'><\/div><div class='flex_column av-gsdpudc-a5601c5146a3c61e1aabb50af67e334a av_one_fifth  avia-builder-el-8  el_after_av_three_fifth  avia-builder-el-last  flex_column_table_cell av-equal-height-column av-align-middle '   ><style type=\"text\/css\" data-created_by=\"avia_inline_auto\" id=\"style-css-av-gqw2h1s-2e15a88f8d10a3f9148732889ac555fd\">\n.avia-image-container.av-gqw2h1s-2e15a88f8d10a3f9148732889ac555fd .av-image-caption-overlay-center{\ncolor:#ffffff;\n}\n<\/style>\n<div  class='avia-image-container av-gqw2h1s-2e15a88f8d10a3f9148732889ac555fd av-styling- avia-align-center  avia-builder-el-9  avia-builder-el-no-sibling  '  itemprop=\"image\" itemscope=\"itemscope\" itemtype=\"https:\/\/schema.org\/ImageObject\" ><div class=\"avia-image-container-inner\"><div class=\"avia-image-overlay-wrap\"><a href=\"#kontakt\" class='avia_image' ><img decoding=\"async\" width=\"500\" height=\"500\" class='wp-image-350 avia-img-lazy-loading-not-350 avia_image lazyload' data-src=\"https:\/\/i0.wp.com\/gross-autohaus.de\/wp-content\/uploads\/2021\/11\/Kontaktbutton.png?fit=500%2C500&ssl=1\" alt='Autohaus, Autohaus Amberg, Autoh\u00e4ndler, KFZ-Werkstatt, TOYOTA Partner, Toyota, Toyota-H\u00e4ndler, KFZ-Meisterbetrieb, Auto, Autos, Neuwagen, Gebrauchtwagen, Gebrauchtwagenh\u00e4ndler, Ersatzteile, Paulsdorf, Amberg, Landkreis Amberg-Sulzbach, Schwandorf, Weiden, Oberpfalz, Autohaus Gross' title='Autohaus, Autohaus Amberg, Autoh\u00e4ndler, KFZ-Werkstatt, TOYOTA Partner, Toyota, Toyota-H\u00e4ndler, KFZ-Meisterbetrieb, Auto, Autos, Neuwagen, Gebrauchtwagen, Gebrauchtwagenh\u00e4ndler, Ersatzteile, Paulsdorf, Amberg, Landkreis Amberg-Sulzbach, Schwandorf, Weiden, Oberpfalz, Autohaus Gross'  itemprop=\"thumbnailUrl\" data-srcset=\"https:\/\/i0.wp.com\/gross-autohaus.de\/wp-content\/uploads\/2021\/11\/Kontaktbutton.png?w=500&amp;ssl=1 500w, https:\/\/i0.wp.com\/gross-autohaus.de\/wp-content\/uploads\/2021\/11\/Kontaktbutton.png?resize=300%2C300&amp;ssl=1 300w, https:\/\/i0.wp.com\/gross-autohaus.de\/wp-content\/uploads\/2021\/11\/Kontaktbutton.png?resize=80%2C80&amp;ssl=1 80w, https:\/\/i0.wp.com\/gross-autohaus.de\/wp-content\/uploads\/2021\/11\/Kontaktbutton.png?resize=36%2C36&amp;ssl=1 36w, https:\/\/i0.wp.com\/gross-autohaus.de\/wp-content\/uploads\/2021\/11\/Kontaktbutton.png?resize=180%2C180&amp;ssl=1 180w\" data-sizes=\"(max-width: 500px) 100vw, 500px\" src=\"data:image\/svg+xml;base64,PHN2ZyB3aWR0aD0iMSIgaGVpZ2h0PSIxIiB4bWxucz0iaHR0cDovL3d3dy53My5vcmcvMjAwMC9zdmciPjwvc3ZnPg==\" style=\"--smush-placeholder-width: 500px; --smush-placeholder-aspect-ratio: 500\/500;\" \/><\/a><\/div><\/div><\/div><\/div><\/div><!--close column table wrapper. Autoclose: 1 -->\n\n<\/div><\/div><\/div><!-- close content main div --><\/div><\/div><\/div>\n<style type=\"text\/css\" data-created_by=\"avia_inline_auto\" id=\"style-css-av-govt3cw-da784fc97d4136aad5f83290f1788dce\">\n.avia-section.av-govt3cw-da784fc97d4136aad5f83290f1788dce .av-parallax .av-parallax-inner{\nbackground-repeat:no-repeat;\nbackground-image:url(https:\/\/i0.wp.com\/gross-autohaus.de\/wp-content\/uploads\/2021\/11\/AHG_Back.jpg?fit=1200%2C600&ssl=1);\nbackground-position:0% 50%;\nbackground-attachment:scroll;\n}\n.avia-section.av-govt3cw-da784fc97d4136aad5f83290f1788dce .av-section-color-overlay{\nopacity:0.6;\nbackground-color:#ffffff;\n}\n<\/style>\n<div id='av_section_3'  class='avia-section av-govt3cw-da784fc97d4136aad5f83290f1788dce main_color avia-section-small avia-no-border-styling  avia-builder-el-10  el_after_av_section  el_before_av_section  avia-full-stretch av-parallax-section avia-bg-style-parallax av-section-color-overlay-active  av-desktop-hide av-medium-hide container_wrap fullsize'  data-section-bg-repeat='stretch'><div class='av-parallax' data-avia-parallax-ratio='0.3' ><div class='av-parallax-inner main_color avia-full-stretch'><\/div><\/div><div class='av-section-color-overlay-wrap'><div class=\"av-section-color-overlay\"><\/div><div class='container av-section-cont-open' ><div class='template-page content  av-content-full alpha units'><div class='post-entry post-entry-type-page post-entry-1072'><div class='entry-content-wrapper clearfix'>\n<div class='flex_column_table av-gnomqkg-5a9aba864bfc447968a602a78042e9f5 sc-av_one_fifth av-equal-height-column-flextable'><div class='flex_column av-gnomqkg-5a9aba864bfc447968a602a78042e9f5 av_one_fifth  avia-builder-el-11  el_before_av_three_fifth  avia-builder-el-first  first flex_column_table_cell av-equal-height-column av-align-middle '   ><\/div><div class='av-flex-placeholder'><\/div><div class='flex_column av-gltubxc-76a4d2b8a02cf45b7dcc809b3ddb9401 av_three_fifth  avia-builder-el-12  el_after_av_one_fifth  el_before_av_one_fifth  flex_column_table_cell av-equal-height-column av-align-middle '   ><section class=\"av_textblock_section \"  itemscope=\"itemscope\" itemtype=\"https:\/\/schema.org\/CreativeWork\" ><div class='avia_textblock  '   itemprop=\"text\" ><h1 style=\"text-align: center;\">AUTOHAUS GROSS<br \/>\nIN AMBERG UND PAULSDORF<\/h1>\n<p style=\"text-align: center;\"><strong>Ihr Toyota- &amp; Kia-Spezialist und Ihr Ansprechpartner f\u00fcr alle Automarken im Gro\u00dfraum Amberg, Schwandorf, Weiden in der Oberpfalz<\/strong><\/p>\n<p style=\"text-align: center;\">Ihr Autohaus Gross ist autorisierter Toyota Partner, Ihr Kia-Spezialist und Ihr Ansprechpartner f\u00fcr alle Automarken. Ihr zuverl\u00e4ssiger KFZ-Meisterbetrieb rund um Autos in Paulsdorf und Amberg\/Landkreis Amberg-Sulzbach im Gro\u00dfraum Schwandorf \/ Weiden in der Oberpfalz. Als Vertragsh\u00e4ndler haben wir ein hohes Ma\u00df an Fachwissen und pflegen den direkten Kontakt zu den Fahrzeug-Herstellern. Unsere Kunden vertrauen seit Generationen unserem kompetenten Team. Alle Bereiche bei uns arbeiten Hand in Hand und sorgen f\u00fcr einen reibungslosen Ablauf und hohe Qualit\u00e4t. Ob Neuwagen, Jahreswagen oder junge Gebrauchtwagen. Gern beraten wir Sie bei der Auswahl Ihres neuen Autos.<\/p>\n<p style=\"text-align: center;\">Tauchen Sie ein in die Welt der umweltfreundlichen Mobilit\u00e4t! Erfahren Sie mehr \u00fcber Elektroautos und Hybridfahrzeuge. Unser geschultes Personal steht Ihnen bei Anliegen aller Art gerne pers\u00f6nlich zur Verf\u00fcgung.<\/p>\n<h4 style=\"text-align: center;\">Los geht\u00b4s \u2013 Jetzt bei uns erleben!<\/h4>\n<\/div><\/section><\/div><div class='av-flex-placeholder'><\/div><div class='flex_column av-giniw28-5616c51c08af9f332fd6b2192f0c4653 av_one_fifth  avia-builder-el-14  el_after_av_three_fifth  avia-builder-el-last  flex_column_table_cell av-equal-height-column av-align-middle '   ><p>\n<style type=\"text\/css\" data-created_by=\"avia_inline_auto\" id=\"style-css-av-ggqwwb4-0f777158376075552d130e21506199b4\">\n.avia-image-container.av-ggqwwb4-0f777158376075552d130e21506199b4 .av-image-caption-overlay-center{\ncolor:#ffffff;\n}\n<\/style>\n<div  class='avia-image-container av-ggqwwb4-0f777158376075552d130e21506199b4 av-styling- avia-align-center  avia-builder-el-15  el_before_av_image  avia-builder-el-first  '  itemprop=\"image\" itemscope=\"itemscope\" itemtype=\"https:\/\/schema.org\/ImageObject\" ><div class=\"avia-image-container-inner\"><div class=\"avia-image-overlay-wrap\"><a href=\"#kontakt\" class='avia_image' ><img decoding=\"async\" width=\"500\" height=\"500\" class='wp-image-350 avia-img-lazy-loading-not-350 avia_image lazyload' data-src=\"https:\/\/i0.wp.com\/gross-autohaus.de\/wp-content\/uploads\/2021\/11\/Kontaktbutton.png?resize=180%2C180&ssl=1\" alt='Autohaus, Autohaus Amberg, Autoh\u00e4ndler, KFZ-Werkstatt, TOYOTA Partner, Toyota, Toyota-H\u00e4ndler, KFZ-Meisterbetrieb, Auto, Autos, Neuwagen, Gebrauchtwagen, Gebrauchtwagenh\u00e4ndler, Ersatzteile, Paulsdorf, Amberg, Landkreis Amberg-Sulzbach, Schwandorf, Weiden, Oberpfalz, Autohaus Gross' title='Autohaus, Autohaus Amberg, Autoh\u00e4ndler, KFZ-Werkstatt, TOYOTA Partner, Toyota, Toyota-H\u00e4ndler, KFZ-Meisterbetrieb, Auto, Autos, Neuwagen, Gebrauchtwagen, Gebrauchtwagenh\u00e4ndler, Ersatzteile, Paulsdorf, Amberg, Landkreis Amberg-Sulzbach, Schwandorf, Weiden, Oberpfalz, Autohaus Gross'  itemprop=\"thumbnailUrl\" data-srcset=\"https:\/\/i0.wp.com\/gross-autohaus.de\/wp-content\/uploads\/2021\/11\/Kontaktbutton.png?w=500&amp;ssl=1 500w, https:\/\/i0.wp.com\/gross-autohaus.de\/wp-content\/uploads\/2021\/11\/Kontaktbutton.png?resize=300%2C300&amp;ssl=1 300w, https:\/\/i0.wp.com\/gross-autohaus.de\/wp-content\/uploads\/2021\/11\/Kontaktbutton.png?resize=80%2C80&amp;ssl=1 80w, https:\/\/i0.wp.com\/gross-autohaus.de\/wp-content\/uploads\/2021\/11\/Kontaktbutton.png?resize=36%2C36&amp;ssl=1 36w, https:\/\/i0.wp.com\/gross-autohaus.de\/wp-content\/uploads\/2021\/11\/Kontaktbutton.png?resize=180%2C180&amp;ssl=1 180w\" data-sizes=\"(max-width: 500px) 100vw, 500px\" src=\"data:image\/svg+xml;base64,PHN2ZyB3aWR0aD0iMSIgaGVpZ2h0PSIxIiB4bWxucz0iaHR0cDovL3d3dy53My5vcmcvMjAwMC9zdmciPjwvc3ZnPg==\" style=\"--smush-placeholder-width: 500px; --smush-placeholder-aspect-ratio: 500\/500;\" \/><\/a><\/div><\/div><\/div><br \/>\n\n<style type=\"text\/css\" data-created_by=\"avia_inline_auto\" id=\"style-css-av-1n25qdc-3a45d0289bb66420dcb5b8159d721a95\">\n.avia-image-container.av-1n25qdc-3a45d0289bb66420dcb5b8159d721a95 .av-image-caption-overlay-center{\ncolor:#ffffff;\n}\n<\/style>\n<div  class='avia-image-container av-1n25qdc-3a45d0289bb66420dcb5b8159d721a95 av-styling- avia-align-center  avia-builder-el-16  el_after_av_image  avia-builder-el-last  '  itemprop=\"image\" itemscope=\"itemscope\" itemtype=\"https:\/\/schema.org\/ImageObject\" ><div class=\"avia-image-container-inner\"><div class=\"avia-image-overlay-wrap\"><a href=\"https:\/\/www.toyota.de\/haendler\/autohaus-gross-gmbh\" class=\"avia_image\" target=\"_blank\" rel=\"noopener noreferrer\"><img decoding=\"async\" width=\"600\" height=\"223\" class='wp-image-283 avia-img-lazy-loading-not-283 avia_image lazyload' data-src=\"https:\/\/i0.wp.com\/gross-autohaus.de\/wp-content\/uploads\/2021\/11\/Toyota.png?fit=600%2C223&ssl=1\" alt='Autohaus, Autohaus Amberg, Autoh\u00e4ndler, KFZ-Werkstatt, TOYOTA Partner, Toyota, Toyota-H\u00e4ndler, KFZ-Meisterbetrieb, Auto, Autos, Neuwagen, Gebrauchtwagen, Gebrauchtwagenh\u00e4ndler, Ersatzteile, Paulsdorf, Amberg, Landkreis Amberg-Sulzbach, Schwandorf, Weiden, Oberpfalz, Autohaus Gross' title='Autohaus, Autohaus Amberg, Autoh\u00e4ndler, KFZ-Werkstatt, TOYOTA Partner, Toyota, Toyota-H\u00e4ndler, KFZ-Meisterbetrieb, Auto, Autos, Neuwagen, Gebrauchtwagen, Gebrauchtwagenh\u00e4ndler, Ersatzteile, Paulsdorf, Amberg, Landkreis Amberg-Sulzbach, Schwandorf, Weiden, Oberpfalz, Autohaus Gross'  itemprop=\"thumbnailUrl\" data-srcset=\"https:\/\/i0.wp.com\/gross-autohaus.de\/wp-content\/uploads\/2021\/11\/Toyota.png?w=600&amp;ssl=1 600w, https:\/\/i0.wp.com\/gross-autohaus.de\/wp-content\/uploads\/2021\/11\/Toyota.png?resize=300%2C112&amp;ssl=1 300w\" data-sizes=\"(max-width: 600px) 100vw, 600px\" src=\"data:image\/svg+xml;base64,PHN2ZyB3aWR0aD0iMSIgaGVpZ2h0PSIxIiB4bWxucz0iaHR0cDovL3d3dy53My5vcmcvMjAwMC9zdmciPjwvc3ZnPg==\" style=\"--smush-placeholder-width: 600px; --smush-placeholder-aspect-ratio: 600\/223;\" \/><\/a><\/div><\/div><\/div><\/p><\/div><\/div><!--close column table wrapper. Autoclose: 1 -->\n\n<\/div><\/div><\/div><!-- close content main div --><\/div><\/div><\/div>\n<style type=\"text\/css\" data-created_by=\"avia_inline_auto\" id=\"style-css-av-geb4ylc-66bfee48e001b0b2248c80339ce8a111\">\n.avia-section.av-geb4ylc-66bfee48e001b0b2248c80339ce8a111 .av-parallax .av-parallax-inner{\nbackground-repeat:no-repeat;\nbackground-image:url(https:\/\/i0.wp.com\/gross-autohaus.de\/wp-content\/uploads\/2021\/10\/reifen_back-1.jpg?fit=1600%2C1065&ssl=1);\nbackground-position:0% 0%;\nbackground-attachment:scroll;\n}\n.avia-section.av-geb4ylc-66bfee48e001b0b2248c80339ce8a111 .av-section-color-overlay{\nopacity:0.9;\nbackground-color:#282828;\n}\n<\/style>\n<div id='aktuell'  class='avia-section av-geb4ylc-66bfee48e001b0b2248c80339ce8a111 main_color avia-section-no-padding avia-no-border-styling  avia-builder-el-17  el_after_av_section  el_before_av_section  avia-full-stretch av-parallax-section avia-bg-style-parallax av-section-color-overlay-active  av-minimum-height av-minimum-height-custom  container_wrap fullsize'  data-section-bg-repeat='stretch'><div class='av-parallax' data-avia-parallax-ratio='0.3' ><div class='av-parallax-inner main_color avia-full-stretch'><\/div><\/div><div class='av-section-color-overlay-wrap'><div class=\"av-section-color-overlay\"><\/div><div class='container av-section-cont-open' style='height:100px'><div class='template-page content  av-content-full alpha units'><div class='post-entry post-entry-type-page post-entry-1072'><div class='entry-content-wrapper clearfix'>\n\n<style type=\"text\/css\" data-created_by=\"avia_inline_auto\" id=\"style-css-av-gcjp0dc-85cf60216e9b8d54d28897697f21208f\">\n#top .av-special-heading.av-gcjp0dc-85cf60216e9b8d54d28897697f21208f{\npadding-bottom:10px;\ncolor:#ffffff;\n}\n.av-special-heading.av-gcjp0dc-85cf60216e9b8d54d28897697f21208f .special-heading-inner-border{\nborder-color:#ffffff;\n}\n<\/style>\n<div  class='av-special-heading av-gcjp0dc-85cf60216e9b8d54d28897697f21208f av-special-heading-h2 custom-color-heading blockquote modern-quote modern-centered  avia-builder-el-18  avia-builder-el-no-sibling  '><h2 class='av-special-heading-tag  av-mini-font-size-overwrite av-mini-font-size-20'  itemprop=\"headline\"  >AKTUELL<\/h2><div class='special-heading-border'><div class='special-heading-inner-border'><\/div><\/div><\/div>\n\n<\/div><\/div><\/div><!-- close content main div --><\/div><\/div><\/div>\n<style type=\"text\/css\" data-created_by=\"avia_inline_auto\" id=\"style-css-av-gaqq6u8-a48af97e9706a7a94d7fe7a78578fbf5\">\n.avia-section.av-gaqq6u8-a48af97e9706a7a94d7fe7a78578fbf5 .av-parallax .av-parallax-inner{\nbackground-repeat:no-repeat;\nbackground-image:url(https:\/\/i0.wp.com\/gross-autohaus.de\/wp-content\/uploads\/2021\/10\/reifen_back-1.jpg?fit=1600%2C1065&ssl=1);\nbackground-position:0% 0%;\nbackground-attachment:scroll;\n}\n.avia-section.av-gaqq6u8-a48af97e9706a7a94d7fe7a78578fbf5 .av-section-color-overlay{\nopacity:0.9;\nbackground-color:#dd0b15;\n}\n<\/style>\n<div id='aktuell'  class='avia-section av-gaqq6u8-a48af97e9706a7a94d7fe7a78578fbf5 main_color avia-section-no-padding avia-no-border-styling  avia-builder-el-19  el_after_av_section  el_before_av_section  avia-full-stretch av-parallax-section avia-bg-style-parallax av-section-color-overlay-active  av-desktop-hide av-medium-hide av-small-hide av-mini-hide av-minimum-height av-minimum-height-custom  container_wrap fullsize'  data-section-bg-repeat='stretch'><div class='av-parallax' data-avia-parallax-ratio='0.3' ><div class='av-parallax-inner main_color avia-full-stretch'><\/div><\/div><div class='av-section-color-overlay-wrap'><div class=\"av-section-color-overlay\"><\/div><div class='container av-section-cont-open' style='height:100px'><div class='template-page content  av-content-full alpha units'><div class='post-entry post-entry-type-page post-entry-1072'><div class='entry-content-wrapper clearfix'>\n\n<style type=\"text\/css\" data-created_by=\"avia_inline_auto\" id=\"style-css-av-g9a86ps-4aaf5f57959dc8c4de5736332c2c2922\">\n#top .av-special-heading.av-g9a86ps-4aaf5f57959dc8c4de5736332c2c2922{\npadding-bottom:10px;\ncolor:#ffffff;\n}\n.av-special-heading.av-g9a86ps-4aaf5f57959dc8c4de5736332c2c2922 .special-heading-inner-border{\nborder-color:#ffffff;\n}\n<\/style>\n<div  class='av-special-heading av-g9a86ps-4aaf5f57959dc8c4de5736332c2c2922 av-special-heading-h2 custom-color-heading blockquote modern-quote modern-centered  avia-builder-el-20  avia-builder-el-no-sibling  '><h2 class='av-special-heading-tag  av-mini-font-size-overwrite av-mini-font-size-20'  itemprop=\"headline\"  >AKTUELL<\/h2><div class='special-heading-border'><div class='special-heading-inner-border'><\/div><\/div><\/div>\n\n<\/div><\/div><\/div><!-- close content main div --><\/div><\/div><\/div>\n<style type=\"text\/css\" data-created_by=\"avia_inline_auto\" id=\"style-css-av-g7en9u8-678194c9eea8afdfe510127ebf9e9583\">\n.avia-section.av-g7en9u8-678194c9eea8afdfe510127ebf9e9583 .av-parallax .av-parallax-inner{\nbackground-repeat:no-repeat;\nbackground-image:url(https:\/\/i0.wp.com\/gross-autohaus.de\/wp-content\/uploads\/2021\/11\/Aktuell_4380.jpg?fit=2000%2C700&ssl=1);\nbackground-position:50% 50%;\nbackground-attachment:scroll;\n}\n<\/style>\n<div id='av_section_6'  class='avia-section av-g7en9u8-678194c9eea8afdfe510127ebf9e9583 main_color avia-section-no-padding avia-no-border-styling  avia-builder-el-21  el_after_av_section  el_before_av_slideshow_full  avia-full-stretch av-parallax-section avia-bg-style-parallax  av-mini-hide av-minimum-height av-minimum-height-custom  container_wrap fullsize'  data-section-bg-repeat='stretch'><div class='av-parallax' data-avia-parallax-ratio='0.3' ><div class='av-parallax-inner main_color avia-full-stretch'><\/div><\/div><div class='container av-section-cont-open' style='height:300px'><div class='template-page content  av-content-full alpha units'><div class='post-entry post-entry-type-page post-entry-1072'><div class='entry-content-wrapper clearfix'>\n<\/div><\/div><\/div><!-- close content main div --><\/div><\/div><div id='full_slider_3'  class='avia-fullwidth-slider main_color avia-shadow  av-desktop-hide av-medium-hide av-small-hide  avia-builder-el-22  el_after_av_section  el_before_av_section   slider-not-first container_wrap fullsize'  ><div   data-size='featured_large'  data-lightbox_size='large'  data-animation='fade'  data-conditional_play=''  data-ids='332'  data-video_counter='0'  data-autoplay='false'  data-bg_slider='false'  data-slide_height=''  data-handle='av_slideshow_full'  data-interval='5'  data-class=' '  data-el_id=''  data-css_id=''  data-scroll_down=''  data-control_layout='av-control-default'  data-custom_markup=''  data-perma_caption=''  data-autoplay_stopper=''  data-image_attachment=''  data-min_height='0px'  data-lazy_loading='disabled'  data-src=''  data-position='top left'  data-repeat='no-repeat'  data-attach='scroll'  data-stretch=''  data-img_scrset=''  data-default-height='42'  class='avia-slideshow avia-slideshow-3  av-control-default av-default-height-applied avia-slideshow-featured_large av_slideshow_full   avia-fade-slider '  itemprop=\"image\" itemscope=\"itemscope\" itemtype=\"https:\/\/schema.org\/ImageObject\" ><ul class='avia-slideshow-inner ' style='padding-bottom: 42%;' ><li  class=' av-single-slide slide-1 ' ><div data-rel='slideshow-3' class='avia-slide-wrap '   ><img decoding=\"async\" class=\"wp-image-332 avia-img-lazy-loading-not-332 lazyload\"  data-src=\"https:\/\/i0.wp.com\/gross-autohaus.de\/wp-content\/uploads\/2021\/11\/Aktuell_4380.jpg?resize=1500%2C630&ssl=1\" width=\"1500\" height=\"630\" title='Autohaus, Autohaus Amberg, Autoh\u00e4ndler, KFZ-Werkstatt, TOYOTA Partner, Toyota, Toyota-H\u00e4ndler, KFZ-Meisterbetrieb, Auto, Autos, Neuwagen, Gebrauchtwagen, Gebrauchtwagenh\u00e4ndler, Ersatzteile, Paulsdorf, Amberg, Landkreis Amberg-Sulzbach, Schwandorf, Weiden, Oberpfalz, Autohaus Gross' alt='Autohaus, Autohaus Amberg, Autoh\u00e4ndler, KFZ-Werkstatt, TOYOTA Partner, Toyota, Toyota-H\u00e4ndler, KFZ-Meisterbetrieb, Auto, Autos, Neuwagen, Gebrauchtwagen, Gebrauchtwagenh\u00e4ndler, Ersatzteile, Paulsdorf, Amberg, Landkreis Amberg-Sulzbach, Schwandorf, Weiden, Oberpfalz, Autohaus Gross'  itemprop=\"thumbnailUrl\" src=\"data:image\/svg+xml;base64,PHN2ZyB3aWR0aD0iMSIgaGVpZ2h0PSIxIiB4bWxucz0iaHR0cDovL3d3dy53My5vcmcvMjAwMC9zdmciPjwvc3ZnPg==\" style=\"--smush-placeholder-width: 1500px; --smush-placeholder-aspect-ratio: 1500\/630;\" \/><\/div><\/li><\/ul><\/div><\/div>\n<div id='av_section_7'  class='avia-section av-g2bhhao-8cc7aab51382996145760b9a95a57bc0 main_color avia-section-default avia-no-border-styling  avia-builder-el-23  el_after_av_slideshow_full  el_before_av_section  avia-bg-style-scroll  container_wrap fullsize'  ><div class='container av-section-cont-open' ><div class='template-page content  av-content-full alpha units'><div class='post-entry post-entry-type-page post-entry-1072'><div class='entry-content-wrapper clearfix'>\n<div class='flex_column av-g07usbk-5513828993cde2994cd08fff6aa4db1b av_one_full  avia-builder-el-24  el_before_av_hr  avia-builder-el-first  first flex_column_div '   ><section class=\"av_textblock_section \"  itemscope=\"itemscope\" itemtype=\"https:\/\/schema.org\/CreativeWork\" ><div class='avia_textblock  '   itemprop=\"text\" ><p><!-- iframe Rotator --><br \/>\n<iframe id=\"iFrameResizer0\" class=\"cc-iframe lazyload\" data-src=\"\/\/gross.dotzilla-web.de\/iFrames\/Rotator\" width=\"100%\" frameborder=\"0\" scrolling=\"no\" src=\"data:image\/svg+xml;base64,PHN2ZyB3aWR0aD0iMSIgaGVpZ2h0PSIxIiB4bWxucz0iaHR0cDovL3d3dy53My5vcmcvMjAwMC9zdmciPjwvc3ZnPg==\" data-load-mode=\"1\"><\/iframe><br \/>\n<script type=\"text\/javascript\" src=\"\/\/cdn.dotzilla.de\/iframeResizer\/3.5.10\/iframeResizer.min.js\"><\/script><br \/>\n<script>\n    (function () {\n        document.querySelector(\".cc-iframe\").addEventListener(\"load\", function (e) {\n            this.style.height = \"auto\"; \n        });\n        if (typeof iFrameResize === 'function') {\n            var ccFrame = iFrameResize({\n                log: false, \n                checkOrigin: false, \n                heightCalculationMethod: 'bodyOffset' \n            });\n        } else {\n            console.error(\"iframeResizer library is not loaded\");\n        }\n    }());\n<\/script><\/p>\n<\/div><\/section><\/div>\n<style type=\"text\/css\" data-created_by=\"avia_inline_auto\" id=\"style-css-av-fwiqh68-bb740ab159ebf48350ba43491609e120\">\n#top .hr.av-fwiqh68-bb740ab159ebf48350ba43491609e120{\nmargin-top:50;\nmargin-bottom:50;\n}\n.hr.av-fwiqh68-bb740ab159ebf48350ba43491609e120 .hr-inner{\nwidth:100%;\nborder-color:#dd0b16;\n}\n<\/style>\n<div  class='hr av-fwiqh68-bb740ab159ebf48350ba43491609e120 hr-custom  avia-builder-el-26  el_after_av_one_full  avia-builder-el-last  hr-center hr-icon-no '><span class='hr-inner inner-border-av-border-thin'><span class=\"hr-inner-style\"><\/span><\/span><\/div>\n\n<\/div><\/div><\/div><!-- close content main div --><\/div><\/div><div id='av_section_8'  class='avia-section av-foiye7k-7134a5be23ed07ca08445a340b26ce4b main_color avia-section-default avia-no-border-styling  avia-builder-el-27  el_after_av_section  el_before_av_one_full  avia-bg-style-scroll  container_wrap fullsize'  ><div class='container av-section-cont-open' ><div class='template-page content  av-content-full alpha units'><div class='post-entry post-entry-type-page post-entry-1072'><div class='entry-content-wrapper clearfix'>\n<div class='flex_column av-1kdcv4g-6c0fbf837fceab99e2c760440f29e777 av_one_full  avia-builder-el-28  el_before_av_one_third  avia-builder-el-first  first flex_column_div '   ><style type=\"text\/css\" data-created_by=\"avia_inline_auto\" id=\"style-css-av-flnibuo-aa3fb24cc0e3238475ec0d54417caf6a\">\n#top .av-special-heading.av-flnibuo-aa3fb24cc0e3238475ec0d54417caf6a{\npadding-bottom:10px;\ncolor:#dd0b16;\n}\n.av-special-heading.av-flnibuo-aa3fb24cc0e3238475ec0d54417caf6a .special-heading-inner-border{\nborder-color:#dd0b16;\n}\n<\/style>\n<div  class='av-special-heading av-flnibuo-aa3fb24cc0e3238475ec0d54417caf6a av-special-heading-h3 custom-color-heading blockquote modern-quote modern-centered  avia-builder-el-29  avia-builder-el-no-sibling  '><h3 class='av-special-heading-tag '  itemprop=\"headline\"  >Der Weg zum Traumauto <span class='special_amp'>&amp;<\/span> deine markenunabh\u00e4ngige Meisterwerkstatt<\/h3><div class='special-heading-border'><div class='special-heading-inner-border'><\/div><\/div><\/div><\/div><div class='flex_column av-fjaj4og-48d47104cc554cabd1e25ca9259dd862 av_one_third  avia-builder-el-30  el_after_av_one_full  el_before_av_one_third  first flex_column_div column-top-margin'   ><style type=\"text\/css\" data-created_by=\"avia_inline_auto\" id=\"style-css-av-fikbucg-8200aa422fbcacd47746c677460e8919\">\n.avia-image-container.av-fikbucg-8200aa422fbcacd47746c677460e8919 .av-image-caption-overlay-center{\ncolor:#ffffff;\n}\n<\/style>\n<div  class='avia-image-container av-fikbucg-8200aa422fbcacd47746c677460e8919 av-styling- avia-align-center  avia-builder-el-31  avia-builder-el-no-sibling  '  itemprop=\"image\" itemscope=\"itemscope\" itemtype=\"https:\/\/schema.org\/ImageObject\" ><div class=\"avia-image-container-inner\"><div class=\"avia-image-overlay-wrap\"><img decoding=\"async\" class='wp-image-659 avia-img-lazy-loading-not-659 avia_image lazyload' data-src=\"https:\/\/i0.wp.com\/gross-autohaus.de\/wp-content\/uploads\/2023\/07\/Nina-Insta-ohne-QR.jpeg?fit=1030%2C1030&ssl=1\" alt='' title=''  height=\"1030\" width=\"1030\"  itemprop=\"thumbnailUrl\" data-srcset=\"https:\/\/i0.wp.com\/gross-autohaus.de\/wp-content\/uploads\/2023\/07\/Nina-Insta-ohne-QR.jpeg?w=1684&amp;ssl=1 1684w, https:\/\/i0.wp.com\/gross-autohaus.de\/wp-content\/uploads\/2023\/07\/Nina-Insta-ohne-QR.jpeg?resize=300%2C300&amp;ssl=1 300w, https:\/\/i0.wp.com\/gross-autohaus.de\/wp-content\/uploads\/2023\/07\/Nina-Insta-ohne-QR.jpeg?resize=1030%2C1030&amp;ssl=1 1030w, https:\/\/i0.wp.com\/gross-autohaus.de\/wp-content\/uploads\/2023\/07\/Nina-Insta-ohne-QR.jpeg?resize=80%2C80&amp;ssl=1 80w, https:\/\/i0.wp.com\/gross-autohaus.de\/wp-content\/uploads\/2023\/07\/Nina-Insta-ohne-QR.jpeg?resize=768%2C768&amp;ssl=1 768w, https:\/\/i0.wp.com\/gross-autohaus.de\/wp-content\/uploads\/2023\/07\/Nina-Insta-ohne-QR.jpeg?resize=1536%2C1536&amp;ssl=1 1536w, https:\/\/i0.wp.com\/gross-autohaus.de\/wp-content\/uploads\/2023\/07\/Nina-Insta-ohne-QR.jpeg?resize=36%2C36&amp;ssl=1 36w, https:\/\/i0.wp.com\/gross-autohaus.de\/wp-content\/uploads\/2023\/07\/Nina-Insta-ohne-QR.jpeg?resize=180%2C180&amp;ssl=1 180w, https:\/\/i0.wp.com\/gross-autohaus.de\/wp-content\/uploads\/2023\/07\/Nina-Insta-ohne-QR.jpeg?resize=1500%2C1500&amp;ssl=1 1500w, https:\/\/i0.wp.com\/gross-autohaus.de\/wp-content\/uploads\/2023\/07\/Nina-Insta-ohne-QR.jpeg?resize=705%2C705&amp;ssl=1 705w\" data-sizes=\"(max-width: 1030px) 100vw, 1030px\" src=\"data:image\/svg+xml;base64,PHN2ZyB3aWR0aD0iMSIgaGVpZ2h0PSIxIiB4bWxucz0iaHR0cDovL3d3dy53My5vcmcvMjAwMC9zdmciPjwvc3ZnPg==\" style=\"--smush-placeholder-width: 1030px; --smush-placeholder-aspect-ratio: 1030\/1030;\" \/><\/div><\/div><\/div><\/div><div class='flex_column av-fhbjtxs-b3000d6838bbc0b73a30392e72a4698d av_one_third  avia-builder-el-32  el_after_av_one_third  el_before_av_one_third  flex_column_div column-top-margin'   ><style type=\"text\/css\" data-created_by=\"avia_inline_auto\" id=\"style-css-av-1jgh3ds-9a244e10bb066158c12459a0a86ab62e\">\n.avia-image-container.av-1jgh3ds-9a244e10bb066158c12459a0a86ab62e .av-image-caption-overlay-center{\ncolor:#ffffff;\n}\n<\/style>\n<div  class='avia-image-container av-1jgh3ds-9a244e10bb066158c12459a0a86ab62e av-styling- avia-align-center  avia-builder-el-33  avia-builder-el-no-sibling  '  itemprop=\"image\" itemscope=\"itemscope\" itemtype=\"https:\/\/schema.org\/ImageObject\" ><div class=\"avia-image-container-inner\"><div class=\"avia-image-overlay-wrap\"><img decoding=\"async\" class='wp-image-658 avia-img-lazy-loading-not-658 avia_image lazyload' data-src=\"https:\/\/i0.wp.com\/gross-autohaus.de\/wp-content\/uploads\/2023\/07\/Story-Plakat.jpeg?fit=1030%2C1030&ssl=1\" alt='' title=''  height=\"1030\" width=\"1030\"  itemprop=\"thumbnailUrl\" data-srcset=\"https:\/\/i0.wp.com\/gross-autohaus.de\/wp-content\/uploads\/2023\/07\/Story-Plakat.jpeg?w=1684&amp;ssl=1 1684w, https:\/\/i0.wp.com\/gross-autohaus.de\/wp-content\/uploads\/2023\/07\/Story-Plakat.jpeg?resize=300%2C300&amp;ssl=1 300w, https:\/\/i0.wp.com\/gross-autohaus.de\/wp-content\/uploads\/2023\/07\/Story-Plakat.jpeg?resize=1030%2C1030&amp;ssl=1 1030w, https:\/\/i0.wp.com\/gross-autohaus.de\/wp-content\/uploads\/2023\/07\/Story-Plakat.jpeg?resize=80%2C80&amp;ssl=1 80w, https:\/\/i0.wp.com\/gross-autohaus.de\/wp-content\/uploads\/2023\/07\/Story-Plakat.jpeg?resize=768%2C768&amp;ssl=1 768w, https:\/\/i0.wp.com\/gross-autohaus.de\/wp-content\/uploads\/2023\/07\/Story-Plakat.jpeg?resize=1536%2C1536&amp;ssl=1 1536w, https:\/\/i0.wp.com\/gross-autohaus.de\/wp-content\/uploads\/2023\/07\/Story-Plakat.jpeg?resize=36%2C36&amp;ssl=1 36w, https:\/\/i0.wp.com\/gross-autohaus.de\/wp-content\/uploads\/2023\/07\/Story-Plakat.jpeg?resize=180%2C180&amp;ssl=1 180w, https:\/\/i0.wp.com\/gross-autohaus.de\/wp-content\/uploads\/2023\/07\/Story-Plakat.jpeg?resize=1500%2C1500&amp;ssl=1 1500w, https:\/\/i0.wp.com\/gross-autohaus.de\/wp-content\/uploads\/2023\/07\/Story-Plakat.jpeg?resize=705%2C705&amp;ssl=1 705w\" data-sizes=\"(max-width: 1030px) 100vw, 1030px\" src=\"data:image\/svg+xml;base64,PHN2ZyB3aWR0aD0iMSIgaGVpZ2h0PSIxIiB4bWxucz0iaHR0cDovL3d3dy53My5vcmcvMjAwMC9zdmciPjwvc3ZnPg==\" style=\"--smush-placeholder-width: 1030px; --smush-placeholder-aspect-ratio: 1030\/1030;\" \/><\/div><\/div><\/div><\/div><div class='flex_column av-fd548io-c5a89342d54dfa1dcc77419146e6e5f3 av_one_third  avia-builder-el-34  el_after_av_one_third  avia-builder-el-last  flex_column_div column-top-margin'   ><style type=\"text\/css\" data-created_by=\"avia_inline_auto\" id=\"style-css-av-1j6jsq8-566918503adb3ad6e83b02fda3dea564\">\n.avia-image-container.av-1j6jsq8-566918503adb3ad6e83b02fda3dea564 .av-image-caption-overlay-center{\ncolor:#ffffff;\n}\n<\/style>\n<div  class='avia-image-container av-1j6jsq8-566918503adb3ad6e83b02fda3dea564 av-styling- avia-align-center  avia-builder-el-35  avia-builder-el-no-sibling  '  itemprop=\"image\" itemscope=\"itemscope\" itemtype=\"https:\/\/schema.org\/ImageObject\" ><div class=\"avia-image-container-inner\"><div class=\"avia-image-overlay-wrap\"><img decoding=\"async\" class='wp-image-660 avia-img-lazy-loading-not-660 avia_image lazyload' data-src=\"https:\/\/i0.wp.com\/gross-autohaus.de\/wp-content\/uploads\/2023\/07\/mam-bild-ohne-QR.jpeg?fit=1030%2C1030&ssl=1\" alt='' title=''  height=\"1030\" width=\"1030\"  itemprop=\"thumbnailUrl\" data-srcset=\"https:\/\/i0.wp.com\/gross-autohaus.de\/wp-content\/uploads\/2023\/07\/mam-bild-ohne-QR.jpeg?w=1684&amp;ssl=1 1684w, https:\/\/i0.wp.com\/gross-autohaus.de\/wp-content\/uploads\/2023\/07\/mam-bild-ohne-QR.jpeg?resize=300%2C300&amp;ssl=1 300w, https:\/\/i0.wp.com\/gross-autohaus.de\/wp-content\/uploads\/2023\/07\/mam-bild-ohne-QR.jpeg?resize=1030%2C1030&amp;ssl=1 1030w, https:\/\/i0.wp.com\/gross-autohaus.de\/wp-content\/uploads\/2023\/07\/mam-bild-ohne-QR.jpeg?resize=80%2C80&amp;ssl=1 80w, https:\/\/i0.wp.com\/gross-autohaus.de\/wp-content\/uploads\/2023\/07\/mam-bild-ohne-QR.jpeg?resize=768%2C768&amp;ssl=1 768w, https:\/\/i0.wp.com\/gross-autohaus.de\/wp-content\/uploads\/2023\/07\/mam-bild-ohne-QR.jpeg?resize=1536%2C1536&amp;ssl=1 1536w, https:\/\/i0.wp.com\/gross-autohaus.de\/wp-content\/uploads\/2023\/07\/mam-bild-ohne-QR.jpeg?resize=36%2C36&amp;ssl=1 36w, https:\/\/i0.wp.com\/gross-autohaus.de\/wp-content\/uploads\/2023\/07\/mam-bild-ohne-QR.jpeg?resize=180%2C180&amp;ssl=1 180w, https:\/\/i0.wp.com\/gross-autohaus.de\/wp-content\/uploads\/2023\/07\/mam-bild-ohne-QR.jpeg?resize=1500%2C1500&amp;ssl=1 1500w, https:\/\/i0.wp.com\/gross-autohaus.de\/wp-content\/uploads\/2023\/07\/mam-bild-ohne-QR.jpeg?resize=705%2C705&amp;ssl=1 705w\" data-sizes=\"(max-width: 1030px) 100vw, 1030px\" src=\"data:image\/svg+xml;base64,PHN2ZyB3aWR0aD0iMSIgaGVpZ2h0PSIxIiB4bWxucz0iaHR0cDovL3d3dy53My5vcmcvMjAwMC9zdmciPjwvc3ZnPg==\" style=\"--smush-placeholder-width: 1030px; --smush-placeholder-aspect-ratio: 1030\/1030;\" \/><\/div><\/div><\/div><\/div>\n<\/div><\/div><\/div><!-- close content main div --><\/div><\/div><div id='after_section_8'  class='main_color av_default_container_wrap container_wrap fullsize'  ><div class='container av-section-cont-open' ><div class='template-page content  av-content-full alpha units'><div class='post-entry post-entry-type-page post-entry-1072'><div class='entry-content-wrapper clearfix'>\n<div class='flex_column av-f9offao-88e0b8409b6c3650490a70c82ae8f51a av_one_full  avia-builder-el-36  el_after_av_section  el_before_av_button  avia-builder-el-first  first flex_column_div '   ><section class=\"av_textblock_section \"  itemscope=\"itemscope\" itemtype=\"https:\/\/schema.org\/CreativeWork\" ><div class='avia_textblock  '   itemprop=\"text\" ><h1 style=\"text-align: center;\">So geht\u00b4s!<\/h1>\n<p style=\"text-align: center;\"><span data-id=\"1207322993874516513\" data-is-visible=\"false\" data-ved=\"0CAAQy_oBahcKEwiApPm_jrGAAxUAAAAAHQAAAAAQCw\"><span class=\"A5yTVb\">Neu oder gebraucht, f\u00fcr den Einsatz auf Langstrecken ausgelegt oder als flotter Cityflitzer&#8230;? Auf der Suche nach dem perfekten Automobil gibt es viele W\u00fcnsche \u2013 und entsprechend gro\u00df ist dann auch der Aufwand bei der Suche. Hier gibt es jetzt aber im Autohaus Gross kompetente Rundum-Unterst\u00fctzung. Kurz beschrieben funktioniert es so: \u201eSie kommen mit ihren W\u00fcnschen zu uns und wir besorgen dann \u2013 komplett markenunabh\u00e4ngig \u2013 genau ihr passendes Traum-Auto.\u201c Sie k\u00f6nnen sich freuen \u2013 denn den \u201eFulltimejob Autosuche\u201c m\u00fcssen sie k\u00fcnftig nicht mehr selbst erledigen. Sie m\u00fcssen sich nur noch auf ihr neues Auto freuen \u2013 und wir, das Autohaus Gross, k\u00fcmmert sich um den Rest. Selbstverst\u00e4ndlich h\u00f6rt der Service f\u00fcr die Kunden nicht mit der \u00dcbergabe des neuen Autos auf. Wir k\u00fcmmern uns nat\u00fcrlich in der eigenen Meister-Werkstatt kompetent um Service- und Verschlei\u00dfarbeiten nach Herstellervorgaben und Unfallinstandsetzung. Und \u00fcbrigens: Auch f\u00fcr den Automobil-Ankauf aller Marken sind wir genau der richtige Ansprechpartner.<\/span><\/span><\/p>\n<\/div><\/section><\/div>\n<div  class='avia-button-wrap avia-button-center  avia-builder-el-38  el_after_av_one_full  el_before_av_hr ' ><a href=\"https:\/\/gross-autohaus.de\/index.php\/wunschfahrzeug\/\" class=\"avia-button av-f6unl5c-5d97e6db3087abcbdb10f32c16c47e36 avia-icon_select-yes-left-icon avia-size-large avia-position-center avia-color-theme-color \"><span class='avia_button_icon avia_button_icon_left' aria-hidden='true' data-av_icon='\ue889' data-av_iconfont='entypo-fontello'><\/span><span class='avia_iconbox_title' >HIER IHR WUNSCHFAHRZEUG ANFRAGEN<\/span><\/a><\/div>\n\n<style type=\"text\/css\" data-created_by=\"avia_inline_auto\" id=\"style-css-av-f4o1xv4-8c58ce6996ed6eff6c4845a171fa310a\">\n#top .hr.av-f4o1xv4-8c58ce6996ed6eff6c4845a171fa310a{\nmargin-top:50;\nmargin-bottom:50;\n}\n.hr.av-f4o1xv4-8c58ce6996ed6eff6c4845a171fa310a .hr-inner{\nwidth:100%;\nborder-color:#dd0b16;\n}\n<\/style>\n<div  class='hr av-f4o1xv4-8c58ce6996ed6eff6c4845a171fa310a hr-custom  avia-builder-el-39  el_after_av_button  el_before_av_section  avia-builder-el-last  hr-center hr-icon-no '><span class='hr-inner inner-border-av-border-thin'><span class=\"hr-inner-style\"><\/span><\/span><\/div>\n<\/div><\/div><\/div><!-- close content main div --><\/div><\/div><div id='av_section_9'  class='avia-section av-f3tdwhs-9a026cf197f99b8765beae2509b335d6 main_color avia-section-default avia-no-border-styling  avia-builder-el-40  el_after_av_hr  el_before_av_section  avia-bg-style-scroll  container_wrap fullsize'  ><div class='container av-section-cont-open' ><div class='template-page content  av-content-full alpha units'><div class='post-entry post-entry-type-page post-entry-1072'><div class='entry-content-wrapper clearfix'>\n<div class='flex_column av-f1pqcnk-297d5723595566f53277e1f6e4ae3c6f av_one_fifth  avia-builder-el-41  el_before_av_three_fifth  avia-builder-el-first  first flex_column_div '   ><\/div><div class='flex_column av-ezsqn2o-298f413fc84361e63721f20866f8ba41 av_three_fifth  avia-builder-el-42  el_after_av_one_fifth  el_before_av_one_fifth  flex_column_div '   ><style type=\"text\/css\" data-created_by=\"avia_inline_auto\" id=\"style-css-av-eytncog-3b0b2313b6f33d42dbdd97885995ca60\">\n.avia-image-container.av-eytncog-3b0b2313b6f33d42dbdd97885995ca60 .av-image-caption-overlay-center{\ncolor:#ffffff;\n}\n<\/style>\n<div  class='avia-image-container av-eytncog-3b0b2313b6f33d42dbdd97885995ca60 av-styling- avia_animated_image avia_animate_when_almost_visible pop-up avia-align-center  avia-builder-el-43  avia-builder-el-no-sibling  '  itemprop=\"image\" itemscope=\"itemscope\" itemtype=\"https:\/\/schema.org\/ImageObject\" ><div class=\"avia-image-container-inner\"><div class=\"avia-image-overlay-wrap\"><img decoding=\"async\" class='wp-image-831 avia-img-lazy-loading-not-831 avia_image lazyload' data-src=\"https:\/\/i0.wp.com\/gross-autohaus.de\/wp-content\/uploads\/2024\/10\/Werbebanner_Kundenspiegel_2024.jpg?fit=1200%2C362&ssl=1\" alt='' title='Kundenspiegel Branchensieger Autohaus Gross'  height=\"362\" width=\"1200\"  itemprop=\"thumbnailUrl\" data-srcset=\"https:\/\/i0.wp.com\/gross-autohaus.de\/wp-content\/uploads\/2024\/10\/Werbebanner_Kundenspiegel_2024.jpg?w=1200&amp;ssl=1 1200w, https:\/\/i0.wp.com\/gross-autohaus.de\/wp-content\/uploads\/2024\/10\/Werbebanner_Kundenspiegel_2024.jpg?resize=300%2C91&amp;ssl=1 300w, https:\/\/i0.wp.com\/gross-autohaus.de\/wp-content\/uploads\/2024\/10\/Werbebanner_Kundenspiegel_2024.jpg?resize=1030%2C311&amp;ssl=1 1030w, https:\/\/i0.wp.com\/gross-autohaus.de\/wp-content\/uploads\/2024\/10\/Werbebanner_Kundenspiegel_2024.jpg?resize=768%2C232&amp;ssl=1 768w, https:\/\/i0.wp.com\/gross-autohaus.de\/wp-content\/uploads\/2024\/10\/Werbebanner_Kundenspiegel_2024.jpg?resize=705%2C213&amp;ssl=1 705w\" data-sizes=\"(max-width: 1200px) 100vw, 1200px\" src=\"data:image\/svg+xml;base64,PHN2ZyB3aWR0aD0iMSIgaGVpZ2h0PSIxIiB4bWxucz0iaHR0cDovL3d3dy53My5vcmcvMjAwMC9zdmciPjwvc3ZnPg==\" style=\"--smush-placeholder-width: 1200px; --smush-placeholder-aspect-ratio: 1200\/362;\" \/><\/div><\/div><\/div><\/div><div class='flex_column av-ex6wq4w-67975a9b8b6b165c9d3a19f15fde06c4 av_one_fifth  avia-builder-el-44  el_after_av_three_fifth  el_before_av_one_full  flex_column_div '   ><\/div><div class='flex_column av-euh7a1s-51f270e9fd532bdc25d5443623fa24d4 av_one_full  avia-builder-el-45  el_after_av_one_fifth  el_before_av_hr  first flex_column_div column-top-margin'   ><p>\n<style type=\"text\/css\" data-created_by=\"avia_inline_auto\" id=\"style-css-av-etqh4pc-ab87d248d1d9ca58c6295e5a0dc58eeb\">\n#top .av-special-heading.av-etqh4pc-ab87d248d1d9ca58c6295e5a0dc58eeb{\npadding-bottom:10px;\ncolor:#dd0b16;\n}\n.av-special-heading.av-etqh4pc-ab87d248d1d9ca58c6295e5a0dc58eeb .special-heading-inner-border{\nborder-color:#dd0b16;\n}\n<\/style>\n<div  class='av-special-heading av-etqh4pc-ab87d248d1d9ca58c6295e5a0dc58eeb av-special-heading-h3 custom-color-heading  avia-builder-el-46  el_before_av_textblock  avia-builder-el-first  '><h3 class='av-special-heading-tag '  itemprop=\"headline\"  >Danke an all unsere Kunden!<\/h3><div class='special-heading-border'><div class='special-heading-inner-border'><\/div><\/div><\/div><br \/>\n<section class=\"av_textblock_section \"  itemscope=\"itemscope\" itemtype=\"https:\/\/schema.org\/CreativeWork\" ><div class='avia_textblock  '   itemprop=\"text\" ><p>Das ganze Team vom Autohaus Gross sagt danke und ist gl\u00fccklich, das 6te Mal in Folge, den Amberger Kundenspiegel gewinnen zu d\u00fcrfen.<\/p>\n<p>Ohne unsere langj\u00e4hrige und treue Kundschaft, w\u00e4re dies nicht m\u00f6glich.<\/p>\n<p>Wir werden uns nicht auf diesen Lorbeeren ausruhen sondern versuchen uns kontinuierlich zu verbessern !<\/p>\n<p>Das ganze Team freut sich, Sie wieder bei uns begr\u00fc\u00dfen zu d\u00fcrfen!<\/p>\n<\/div><\/section><\/p><\/div>\n<style type=\"text\/css\" data-created_by=\"avia_inline_auto\" id=\"style-css-av-eqmd7hs-0e27436afc2fc35eb6d03ff2903c5832\">\n#top .hr.av-eqmd7hs-0e27436afc2fc35eb6d03ff2903c5832{\nmargin-top:50;\nmargin-bottom:50;\n}\n.hr.av-eqmd7hs-0e27436afc2fc35eb6d03ff2903c5832 .hr-inner{\nwidth:100%;\nborder-color:#dd0b16;\n}\n<\/style>\n<div  class='hr av-eqmd7hs-0e27436afc2fc35eb6d03ff2903c5832 hr-custom  avia-builder-el-48  el_after_av_one_full  avia-builder-el-last  hr-center hr-icon-no '><span class='hr-inner inner-border-av-border-thin'><span class=\"hr-inner-style\"><\/span><\/span><\/div>\n\n<\/div><\/div><\/div><!-- close content main div --><\/div><\/div><div id='av_section_10'  class='avia-section av-eo2ay80-88db1b121c7d81f37a8958b75c42d647 main_color avia-section-default avia-no-border-styling  avia-builder-el-49  el_after_av_section  el_before_av_one_full  avia-bg-style-scroll  av-desktop-hide av-medium-hide av-small-hide av-mini-hide container_wrap fullsize'  ><div class='container av-section-cont-open' ><div class='template-page content  av-content-full alpha units'><div class='post-entry post-entry-type-page post-entry-1072'><div class='entry-content-wrapper clearfix'>\n\n<style type=\"text\/css\" data-created_by=\"avia_inline_auto\" id=\"style-css-av-eni8ff4-101601348e4dcf17f7037e28badb9067\">\n#top .hr.av-eni8ff4-101601348e4dcf17f7037e28badb9067{\nmargin-top:50;\nmargin-bottom:50;\n}\n.hr.av-eni8ff4-101601348e4dcf17f7037e28badb9067 .hr-inner{\nwidth:100%;\nborder-color:#dd0b16;\n}\n<\/style>\n<div  class='hr av-eni8ff4-101601348e4dcf17f7037e28badb9067 hr-custom  avia-builder-el-50  avia-builder-el-no-sibling  hr-center hr-icon-no '><span class='hr-inner inner-border-av-border-thin'><span class=\"hr-inner-style\"><\/span><\/span><\/div>\n<\/div><\/div><\/div><!-- close content main div --><\/div><\/div><div id='after_section_10'  class='main_color av_default_container_wrap container_wrap fullsize'  ><div class='container av-section-cont-open' ><div class='template-page content  av-content-full alpha units'><div class='post-entry post-entry-type-page post-entry-1072'><div class='entry-content-wrapper clearfix'>\n<div class='flex_column av-el5pqds-4290e04382a8c8e21bb3d1c3ff874c1a av_one_full  avia-builder-el-51  el_after_av_section  el_before_av_section  avia-builder-el-no-sibling  first flex_column_div '   ><\/div>\n<\/div><\/div><\/div><!-- close content main div --><\/div><\/div><div id='av_section_11'  class='avia-section av-eivfmkw-336bd01d45d2c930e8aa60c9fa43e95d main_color avia-section-default avia-no-border-styling  avia-builder-el-52  el_after_av_one_full  el_before_av_section  avia-bg-style-scroll  av-desktop-hide av-medium-hide av-small-hide av-mini-hide container_wrap fullsize'  ><div class='container av-section-cont-open' ><div class='template-page content  av-content-full alpha units'><div class='post-entry post-entry-type-page post-entry-1072'><div class='entry-content-wrapper clearfix'>\n\n<style type=\"text\/css\" data-created_by=\"avia_inline_auto\" id=\"style-css-av-eic9wc0-59a4c71360a981c26ae789939ec8cbe2\">\n#top .hr.av-eic9wc0-59a4c71360a981c26ae789939ec8cbe2{\nmargin-top:50;\nmargin-bottom:50;\n}\n.hr.av-eic9wc0-59a4c71360a981c26ae789939ec8cbe2 .hr-inner{\nwidth:100%;\nborder-color:#dd0b16;\n}\n<\/style>\n<div  class='hr av-eic9wc0-59a4c71360a981c26ae789939ec8cbe2 hr-custom  avia-builder-el-53  avia-builder-el-no-sibling  hr-center hr-icon-no '><span class='hr-inner inner-border-av-border-thin'><span class=\"hr-inner-style\"><\/span><\/span><\/div>\n\n<\/div><\/div><\/div><!-- close content main div --><\/div><\/div><div id='av_section_12'  class='avia-section av-egtmqfk-0f1f826deafb0efda68d4739fa3dc001 main_color avia-section-default avia-no-border-styling  avia-builder-el-54  el_after_av_section  el_before_av_section  avia-bg-style-scroll  av-desktop-hide av-medium-hide av-small-hide av-mini-hide container_wrap fullsize'  ><div class='container av-section-cont-open' ><div class='template-page content  av-content-full alpha units'><div class='post-entry post-entry-type-page post-entry-1072'><div class='entry-content-wrapper clearfix'>\n<div class='flex_column av-1fvle28-186ee7b95149be306d7771cacfce3acd av_one_full  avia-builder-el-55  avia-builder-el-no-sibling  first flex_column_div '   ><\/div>\n\n<\/div><\/div><\/div><!-- close content main div --><\/div><\/div>\n<style type=\"text\/css\" data-created_by=\"avia_inline_auto\" id=\"style-css-av-ed8hlls-fef8d73d1e2e60071065c59db6a68171\">\n.avia-section.av-ed8hlls-fef8d73d1e2e60071065c59db6a68171 .av-parallax .av-parallax-inner{\nbackground-repeat:no-repeat;\nbackground-image:url(https:\/\/i0.wp.com\/gross-autohaus.de\/wp-content\/uploads\/2021\/10\/reifen_back-1.jpg?fit=1600%2C1065&ssl=1);\nbackground-position:100% 0%;\nbackground-attachment:scroll;\n}\n.avia-section.av-ed8hlls-fef8d73d1e2e60071065c59db6a68171 .av-section-color-overlay{\nopacity:0.9;\nbackground-color:#282828;\n}\n<\/style>\n<div id='fahrzeuge'  class='avia-section av-ed8hlls-fef8d73d1e2e60071065c59db6a68171 main_color avia-section-no-padding avia-no-border-styling  avia-builder-el-56  el_after_av_section  el_before_av_section  avia-full-stretch av-parallax-section avia-bg-style-parallax av-section-color-overlay-active  av-minimum-height av-minimum-height-custom  container_wrap fullsize'  data-section-bg-repeat='stretch'><div class='av-parallax' data-avia-parallax-ratio='0.3' ><div class='av-parallax-inner main_color avia-full-stretch'><\/div><\/div><div class='av-section-color-overlay-wrap'><div class=\"av-section-color-overlay\"><\/div><div class='container av-section-cont-open' style='height:100px'><div class='template-page content  av-content-full alpha units'><div class='post-entry post-entry-type-page post-entry-1072'><div class='entry-content-wrapper clearfix'>\n\n<style type=\"text\/css\" data-created_by=\"avia_inline_auto\" id=\"style-css-av-eajo37k-39b5d9a3c6013d8a4f33692557c0142e\">\n#top .av-special-heading.av-eajo37k-39b5d9a3c6013d8a4f33692557c0142e{\npadding-bottom:10px;\ncolor:#ffffff;\n}\n.av-special-heading.av-eajo37k-39b5d9a3c6013d8a4f33692557c0142e .special-heading-inner-border{\nborder-color:#ffffff;\n}\n<\/style>\n<div  class='av-special-heading av-eajo37k-39b5d9a3c6013d8a4f33692557c0142e av-special-heading-h2 custom-color-heading blockquote modern-quote modern-centered  avia-builder-el-57  avia-builder-el-no-sibling  '><h2 class='av-special-heading-tag  av-mini-font-size-overwrite av-mini-font-size-20'  itemprop=\"headline\"  >FAHRZEUGE<\/h2><div class='special-heading-border'><div class='special-heading-inner-border'><\/div><\/div><\/div>\n\n<\/div><\/div><\/div><!-- close content main div --><\/div><\/div><\/div>\n<style type=\"text\/css\" data-created_by=\"avia_inline_auto\" id=\"style-css-av-e9chqf4-7c281a344a0e3c482bfbb9d8f92a9c70\">\n.avia-section.av-e9chqf4-7c281a344a0e3c482bfbb9d8f92a9c70 .av-parallax .av-parallax-inner{\nbackground-repeat:no-repeat;\nbackground-image:url(https:\/\/i0.wp.com\/gross-autohaus.de\/wp-content\/uploads\/2021\/10\/reifen_back-1.jpg?fit=1600%2C1065&ssl=1);\nbackground-position:100% 0%;\nbackground-attachment:scroll;\n}\n.avia-section.av-e9chqf4-7c281a344a0e3c482bfbb9d8f92a9c70 .av-section-color-overlay{\nopacity:0.9;\nbackground-color:#dd0b15;\n}\n<\/style>\n<div id='fahrzeuge'  class='avia-section av-e9chqf4-7c281a344a0e3c482bfbb9d8f92a9c70 main_color avia-section-no-padding avia-no-border-styling  avia-builder-el-58  el_after_av_section  el_before_av_section  avia-full-stretch av-parallax-section avia-bg-style-parallax av-section-color-overlay-active  av-desktop-hide av-medium-hide av-small-hide av-mini-hide av-minimum-height av-minimum-height-custom  container_wrap fullsize'  data-section-bg-repeat='stretch'><div class='av-parallax' data-avia-parallax-ratio='0.3' ><div class='av-parallax-inner main_color avia-full-stretch'><\/div><\/div><div class='av-section-color-overlay-wrap'><div class=\"av-section-color-overlay\"><\/div><div class='container av-section-cont-open' style='height:100px'><div class='template-page content  av-content-full alpha units'><div class='post-entry post-entry-type-page post-entry-1072'><div class='entry-content-wrapper clearfix'>\n\n<style type=\"text\/css\" data-created_by=\"avia_inline_auto\" id=\"style-css-av-e7ye3v4-02612ec812c1fcd306fb32b5030fd57a\">\n#top .av-special-heading.av-e7ye3v4-02612ec812c1fcd306fb32b5030fd57a{\npadding-bottom:10px;\ncolor:#ffffff;\n}\n.av-special-heading.av-e7ye3v4-02612ec812c1fcd306fb32b5030fd57a .special-heading-inner-border{\nborder-color:#ffffff;\n}\n<\/style>\n<div  class='av-special-heading av-e7ye3v4-02612ec812c1fcd306fb32b5030fd57a av-special-heading-h2 custom-color-heading blockquote modern-quote modern-centered  avia-builder-el-59  avia-builder-el-no-sibling  '><h2 class='av-special-heading-tag  av-mini-font-size-overwrite av-mini-font-size-20'  itemprop=\"headline\"  >FAHRZEUGE<\/h2><div class='special-heading-border'><div class='special-heading-inner-border'><\/div><\/div><\/div>\n\n<\/div><\/div><\/div><!-- close content main div --><\/div><\/div><\/div>\n<style type=\"text\/css\" data-created_by=\"avia_inline_auto\" id=\"style-css-av-e5y3fvk-f9efcffb92818e3e70017c28800852a3\">\n.avia-section.av-e5y3fvk-f9efcffb92818e3e70017c28800852a3 .av-parallax .av-parallax-inner{\nbackground-repeat:no-repeat;\nbackground-image:url(https:\/\/i0.wp.com\/gross-autohaus.de\/wp-content\/uploads\/2021\/11\/Scheinwerfer_4336.jpg?fit=2000%2C700&ssl=1);\nbackground-position:50% 50%;\nbackground-attachment:scroll;\n}\n<\/style>\n<div id='av_section_15'  class='avia-section av-e5y3fvk-f9efcffb92818e3e70017c28800852a3 main_color avia-section-no-padding avia-no-border-styling  avia-builder-el-60  el_after_av_section  el_before_av_slideshow_full  avia-full-stretch av-parallax-section avia-bg-style-parallax  av-mini-hide av-minimum-height av-minimum-height-custom  container_wrap fullsize'  data-section-bg-repeat='stretch'><div class='av-parallax' data-avia-parallax-ratio='0.3' ><div class='av-parallax-inner main_color avia-full-stretch'><\/div><\/div><div class='container av-section-cont-open' style='height:300px'><div class='template-page content  av-content-full alpha units'><div class='post-entry post-entry-type-page post-entry-1072'><div class='entry-content-wrapper clearfix'>\n<\/div><\/div><\/div><!-- close content main div --><\/div><\/div><div id='full_slider_4'  class='avia-fullwidth-slider main_color avia-shadow  av-desktop-hide av-medium-hide av-small-hide  avia-builder-el-61  el_after_av_section  el_before_av_section   slider-not-first container_wrap fullsize'  ><div   data-size='featured_large'  data-lightbox_size='large'  data-animation='fade'  data-conditional_play=''  data-ids='302'  data-video_counter='0'  data-autoplay='false'  data-bg_slider='false'  data-slide_height=''  data-handle='av_slideshow_full'  data-interval='5'  data-class=' '  data-el_id=''  data-css_id=''  data-scroll_down=''  data-control_layout='av-control-default'  data-custom_markup=''  data-perma_caption=''  data-autoplay_stopper=''  data-image_attachment=''  data-min_height='0px'  data-lazy_loading='disabled'  data-src=''  data-position='top left'  data-repeat='no-repeat'  data-attach='scroll'  data-stretch=''  data-img_scrset=''  data-default-height='42'  class='avia-slideshow avia-slideshow-4  av-control-default av-default-height-applied avia-slideshow-featured_large av_slideshow_full   avia-fade-slider '  itemprop=\"image\" itemscope=\"itemscope\" itemtype=\"https:\/\/schema.org\/ImageObject\" ><ul class='avia-slideshow-inner ' style='padding-bottom: 42%;' ><li  class=' av-single-slide slide-1 ' ><div data-rel='slideshow-4' class='avia-slide-wrap '   ><img decoding=\"async\" class=\"wp-image-302 avia-img-lazy-loading-not-302 lazyload\"  data-src=\"https:\/\/i0.wp.com\/gross-autohaus.de\/wp-content\/uploads\/2021\/11\/Scheinwerfer_4336.jpg?resize=1500%2C630&ssl=1\" width=\"1500\" height=\"630\" title='Autohaus, Autohaus Amberg, Autoh\u00e4ndler, KFZ-Werkstatt, TOYOTA Partner, Toyota, Toyota-H\u00e4ndler, KFZ-Meisterbetrieb, Auto, Autos, Neuwagen, Gebrauchtwagen, Gebrauchtwagenh\u00e4ndler, Ersatzteile, Paulsdorf, Amberg, Landkreis Amberg-Sulzbach, Schwandorf, Weiden, Oberpfalz, Autohaus Gross' alt='Autohaus, Autohaus Amberg, Autoh\u00e4ndler, KFZ-Werkstatt, TOYOTA Partner, Toyota, Toyota-H\u00e4ndler, KFZ-Meisterbetrieb, Auto, Autos, Neuwagen, Gebrauchtwagen, Gebrauchtwagenh\u00e4ndler, Ersatzteile, Paulsdorf, Amberg, Landkreis Amberg-Sulzbach, Schwandorf, Weiden, Oberpfalz, Autohaus Gross'  itemprop=\"thumbnailUrl\" src=\"data:image\/svg+xml;base64,PHN2ZyB3aWR0aD0iMSIgaGVpZ2h0PSIxIiB4bWxucz0iaHR0cDovL3d3dy53My5vcmcvMjAwMC9zdmciPjwvc3ZnPg==\" style=\"--smush-placeholder-width: 1500px; --smush-placeholder-aspect-ratio: 1500\/630;\" \/><\/div><\/li><\/ul><\/div><\/div>\n<div id='neuwagen'  class='avia-section av-e0l1f9c-761a61308b32a2e61b347e537237a090 main_color avia-section-large avia-no-border-styling  avia-builder-el-62  el_after_av_slideshow_full  el_before_av_layout_row  avia-bg-style-scroll  container_wrap fullsize'  ><div class='container av-section-cont-open' ><div class='template-page content  av-content-full alpha units'><div class='post-entry post-entry-type-page post-entry-1072'><div class='entry-content-wrapper clearfix'>\n<div class='flex_column_table av-dzrn1eo-b3ebf1f73999e2fb4ba34ebdda680421 sc-av_two_third av-equal-height-column-flextable'><div class='flex_column av-dzrn1eo-b3ebf1f73999e2fb4ba34ebdda680421 av_two_third  avia-builder-el-63  el_before_av_one_third  avia-builder-el-first  first flex_column_table_cell av-equal-height-column av-align-middle '   ><p>\n<style type=\"text\/css\" data-created_by=\"avia_inline_auto\" id=\"style-css-av-1e5mt4w-c986ad9c6d30445291a900a219a557bd\">\n#top .av-special-heading.av-1e5mt4w-c986ad9c6d30445291a900a219a557bd{\npadding-bottom:10px;\n}\n<\/style>\n<div  class='av-special-heading av-1e5mt4w-c986ad9c6d30445291a900a219a557bd av-special-heading-h2 blockquote modern-quote  avia-builder-el-64  el_before_av_textblock  avia-builder-el-first  '><h2 class='av-special-heading-tag  av-mini-font-size-overwrite av-mini-font-size-20'  itemprop=\"headline\"  >Wir bieten Ihnen ein umfangreiches Serviceangebot rund um Ihr neues Wunschfahrzeug, Zubeh\u00f6r, Finanzierung, Leasing und KFZ-Versicherung!<\/h2><div class='special-heading-border'><div class='special-heading-inner-border'><\/div><\/div><\/div><br \/>\n<section class=\"av_textblock_section \"  itemscope=\"itemscope\" itemtype=\"https:\/\/schema.org\/CreativeWork\" ><div class='avia_textblock  '   itemprop=\"text\" ><p>Hier ein Auszug aus unserem Serviceangebot im Bereich Neu- und Gebrauchtwagen:<\/p>\n<blockquote>\n<p><strong>Individuelle Finanzierung<br \/>\n<\/strong>Bis zu 96 Monate Laufzeit<br \/>\nWahlweise mit oder ohne Schlussrate<br \/>\nWahlweise mit oder ohne Anzahlung<br \/>\nOptional mit Restschuld- und\/oder Kaufpreisversicherung<\/p>\n<\/blockquote>\n<blockquote>\n<div><strong>Qualit\u00e4tsversprechen<\/strong><\/div>\n<div>Bis zu 15 Jahren\/250.000 KM Herstellergarantie<\/div>\n<div>4 Jahre Finanzierung zu Sonderkonditionen<\/div>\n<div>Bis zu 10 Jahre Mobilit\u00e4tsgarantie<\/div>\n<div>Optional mit Restschuldversicherung<\/div>\n<\/blockquote>\n<blockquote>\n<div><strong>Privates oder gewerbliches Leasing<\/strong><\/div>\n<div>Bis zu 64 Monate Laufzeit<\/div>\n<div>Wahlweise mit oder ohne Anzahlung<\/div>\n<div>Optional mit Leasingratenversicherung<\/div>\n<div>Optional Full-Service Leasing<\/div>\n<\/blockquote>\n<blockquote>\n<div><strong>Kfz-Versicherung<\/strong><\/div>\n<div>Wahlm\u00f6glichkeit zwischen Standard- und Komforttarif<\/div>\n<div>Sonderkonditionen f\u00fcr Ihr Fahrzeug &#8211; markenunabh\u00e4ngig!<\/div>\n<div>Jung &amp; Mobil<\/div>\n<div>Rabattschutz optional<\/div>\n<\/blockquote>\n<div>&#8230; und vieles mehr!<\/div>\n<div><\/div>\n<div><\/div>\n<p>Sie m\u00f6chten sich vorab schon einmal \u00fcber unsere <strong>Fahrzeugmodelle<\/strong> informieren?<br \/>\nHier finden Sie vorab alle Infos:<\/p>\n<\/div><\/section><\/p><\/div><div class='av-flex-placeholder'><\/div><div class='flex_column av-1dsphlc-d49bac818b51967dc865077d2d26f85a av_one_third  avia-builder-el-66  el_after_av_two_third  avia-builder-el-last  flex_column_table_cell av-equal-height-column av-align-middle av-hide-on-mobile '   ><p>\n<style type=\"text\/css\" data-created_by=\"avia_inline_auto\" id=\"style-css-av-1dpagkw-f95591dccffdc45bb9f80e807d8bfce9\">\n.avia-image-container.av-1dpagkw-f95591dccffdc45bb9f80e807d8bfce9 .av-image-caption-overlay-center{\ncolor:#ffffff;\n}\n<\/style>\n<div  class='avia-image-container av-1dpagkw-f95591dccffdc45bb9f80e807d8bfce9 av-styling-circle avia_animated_image avia_animate_when_almost_visible pop-up avia-align-center  avia-builder-el-67  el_before_av_hr  avia-builder-el-first  '  itemprop=\"image\" itemscope=\"itemscope\" itemtype=\"https:\/\/schema.org\/ImageObject\" ><div class=\"avia-image-container-inner\"><div class=\"avia-image-overlay-wrap\"><img decoding=\"async\" class='wp-image-877 avia-img-lazy-loading-not-877 avia_image lazyload' data-src=\"https:\/\/i0.wp.com\/gross-autohaus.de\/wp-content\/uploads\/2024\/10\/Autohaus_Gross_Amberg_7.jpg?fit=1200%2C1200&ssl=1\" alt='Autohaus, Autohaus Amberg, Autoh\u00e4ndler, KFZ-Werkstatt, TOYOTA Partner, Toyota, Toyota-H\u00e4ndler, KFZ-Meisterbetrieb, Auto, Autos, Neuwagen, Gebrauchtwagen, Gebrauchtwagenh\u00e4ndler, Ersatzteile, Paulsdorf, Amberg, Landkreis Amberg-Sulzbach, Schwandorf, Weiden, Oberpfalz, Autohaus Gross' title='Autohaus_Gross_Amberg_7Autohaus, Autohaus Amberg, Autoh\u00e4ndler, KFZ-Werkstatt, TOYOTA Partner, Toyota, Toyota-H\u00e4ndler, KFZ-Meisterbetrieb, Auto, Autos, Neuwagen, Gebrauchtwagen, Gebrauchtwagenh\u00e4ndler, Ersatzteile, Paulsdorf, Amberg, Landkreis Amberg-Sulzbach, Schwandorf, Weiden, Oberpfalz, Autohaus Gross'  height=\"1200\" width=\"1200\"  itemprop=\"thumbnailUrl\" data-srcset=\"https:\/\/i0.wp.com\/gross-autohaus.de\/wp-content\/uploads\/2024\/10\/Autohaus_Gross_Amberg_7.jpg?w=1200&amp;ssl=1 1200w, https:\/\/i0.wp.com\/gross-autohaus.de\/wp-content\/uploads\/2024\/10\/Autohaus_Gross_Amberg_7.jpg?resize=300%2C300&amp;ssl=1 300w, https:\/\/i0.wp.com\/gross-autohaus.de\/wp-content\/uploads\/2024\/10\/Autohaus_Gross_Amberg_7.jpg?resize=1030%2C1030&amp;ssl=1 1030w, https:\/\/i0.wp.com\/gross-autohaus.de\/wp-content\/uploads\/2024\/10\/Autohaus_Gross_Amberg_7.jpg?resize=80%2C80&amp;ssl=1 80w, https:\/\/i0.wp.com\/gross-autohaus.de\/wp-content\/uploads\/2024\/10\/Autohaus_Gross_Amberg_7.jpg?resize=768%2C768&amp;ssl=1 768w, https:\/\/i0.wp.com\/gross-autohaus.de\/wp-content\/uploads\/2024\/10\/Autohaus_Gross_Amberg_7.jpg?resize=36%2C36&amp;ssl=1 36w, https:\/\/i0.wp.com\/gross-autohaus.de\/wp-content\/uploads\/2024\/10\/Autohaus_Gross_Amberg_7.jpg?resize=180%2C180&amp;ssl=1 180w, https:\/\/i0.wp.com\/gross-autohaus.de\/wp-content\/uploads\/2024\/10\/Autohaus_Gross_Amberg_7.jpg?resize=705%2C705&amp;ssl=1 705w\" data-sizes=\"(max-width: 1200px) 100vw, 1200px\" src=\"data:image\/svg+xml;base64,PHN2ZyB3aWR0aD0iMSIgaGVpZ2h0PSIxIiB4bWxucz0iaHR0cDovL3d3dy53My5vcmcvMjAwMC9zdmciPjwvc3ZnPg==\" style=\"--smush-placeholder-width: 1200px; --smush-placeholder-aspect-ratio: 1200\/1200;\" \/><\/div><\/div><\/div><br \/>\n\n<style type=\"text\/css\" data-created_by=\"avia_inline_auto\" id=\"style-css-av-dqrr0ls-aac88690a2fdc7ac91dc626832f4ebaf\">\n#top .hr.hr-invisible.av-dqrr0ls-aac88690a2fdc7ac91dc626832f4ebaf{\nheight:50px;\n}\n<\/style>\n<div  class='hr av-dqrr0ls-aac88690a2fdc7ac91dc626832f4ebaf hr-invisible  avia-builder-el-68  el_after_av_image  el_before_av_image  '><span class='hr-inner '><span class=\"hr-inner-style\"><\/span><\/span><\/div><br \/>\n\n<style type=\"text\/css\" data-created_by=\"avia_inline_auto\" id=\"style-css-av-dpfhu0w-44ca4e33a293b975ca2a467a8281ddad\">\n.avia-image-container.av-dpfhu0w-44ca4e33a293b975ca2a467a8281ddad .av-image-caption-overlay-center{\ncolor:#ffffff;\n}\n<\/style>\n<div  class='avia-image-container av-dpfhu0w-44ca4e33a293b975ca2a467a8281ddad av-styling-circle avia_animated_image avia_animate_when_almost_visible pop-up avia-align-center  avia-builder-el-69  el_after_av_hr  avia-builder-el-last  '  itemprop=\"image\" itemscope=\"itemscope\" itemtype=\"https:\/\/schema.org\/ImageObject\" ><div class=\"avia-image-container-inner\"><div class=\"avia-image-overlay-wrap\"><img decoding=\"async\" class='wp-image-864 avia-img-lazy-loading-not-864 avia_image lazyload' data-src=\"https:\/\/i0.wp.com\/gross-autohaus.de\/wp-content\/uploads\/2024\/10\/Autohaus_Gross_Amberg_1.jpg?fit=1200%2C1200&ssl=1\" alt='Autohaus, Autohaus Amberg, Autoh\u00e4ndler, KFZ-Werkstatt, TOYOTA Partner, Toyota, Toyota-H\u00e4ndler, KFZ-Meisterbetrieb, Auto, Autos, Neuwagen, Gebrauchtwagen, Gebrauchtwagenh\u00e4ndler, Ersatzteile, Paulsdorf, Amberg, Landkreis Amberg-Sulzbach, Schwandorf, Weiden, Oberpfalz, Autohaus Gross' title='Autohaus, Autohaus Amberg, Autoh\u00e4ndler, KFZ-Werkstatt, TOYOTA Partner, Toyota, Toyota-H\u00e4ndler, KFZ-Meisterbetrieb, Auto, Autos, Neuwagen, Gebrauchtwagen, Gebrauchtwagenh\u00e4ndler, Ersatzteile, Paulsdorf, Amberg, Landkreis Amberg-Sulzbach, Schwandorf, Weiden, Oberpfalz, Autohaus Gross'  height=\"1200\" width=\"1200\"  itemprop=\"thumbnailUrl\" data-srcset=\"https:\/\/i0.wp.com\/gross-autohaus.de\/wp-content\/uploads\/2024\/10\/Autohaus_Gross_Amberg_1.jpg?w=1200&amp;ssl=1 1200w, https:\/\/i0.wp.com\/gross-autohaus.de\/wp-content\/uploads\/2024\/10\/Autohaus_Gross_Amberg_1.jpg?resize=300%2C300&amp;ssl=1 300w, https:\/\/i0.wp.com\/gross-autohaus.de\/wp-content\/uploads\/2024\/10\/Autohaus_Gross_Amberg_1.jpg?resize=1030%2C1030&amp;ssl=1 1030w, https:\/\/i0.wp.com\/gross-autohaus.de\/wp-content\/uploads\/2024\/10\/Autohaus_Gross_Amberg_1.jpg?resize=80%2C80&amp;ssl=1 80w, https:\/\/i0.wp.com\/gross-autohaus.de\/wp-content\/uploads\/2024\/10\/Autohaus_Gross_Amberg_1.jpg?resize=768%2C768&amp;ssl=1 768w, https:\/\/i0.wp.com\/gross-autohaus.de\/wp-content\/uploads\/2024\/10\/Autohaus_Gross_Amberg_1.jpg?resize=36%2C36&amp;ssl=1 36w, https:\/\/i0.wp.com\/gross-autohaus.de\/wp-content\/uploads\/2024\/10\/Autohaus_Gross_Amberg_1.jpg?resize=180%2C180&amp;ssl=1 180w, https:\/\/i0.wp.com\/gross-autohaus.de\/wp-content\/uploads\/2024\/10\/Autohaus_Gross_Amberg_1.jpg?resize=705%2C705&amp;ssl=1 705w\" data-sizes=\"(max-width: 1200px) 100vw, 1200px\" src=\"data:image\/svg+xml;base64,PHN2ZyB3aWR0aD0iMSIgaGVpZ2h0PSIxIiB4bWxucz0iaHR0cDovL3d3dy53My5vcmcvMjAwMC9zdmciPjwvc3ZnPg==\" style=\"--smush-placeholder-width: 1200px; --smush-placeholder-aspect-ratio: 1200\/1200;\" \/><\/div><\/div><\/div><\/p><\/div><\/div><!--close column table wrapper. Autoclose: 1 -->\n\n<\/div><\/div><\/div><!-- close content main div --><\/div><\/div><div id='av-layout-grid-1'  class='av-layout-grid-container entry-content-wrapper main_color av-fixed-cells   av-desktop-hide av-medium-hide   avia-builder-el-70  el_after_av_section  el_before_av_section  submenu-not-first container_wrap fullsize'  >\n<div class=\"flex_cell no_margin av_one_full  avia-builder-el-71  avia-builder-el-no-sibling   \" ><div class='flex_cell_inner' ><p><div class='flex_column_table av-dlizj9c-a13d06bb10cfdcaacb0d24e4513c3583 sc-av_one_full av-equal-height-column-flextable'>\n<style type=\"text\/css\" data-created_by=\"avia_inline_auto\" id=\"style-css-av-dlizj9c-a13d06bb10cfdcaacb0d24e4513c3583\">\n#top .flex_column_table.av-equal-height-column-flextable.av-dlizj9c-a13d06bb10cfdcaacb0d24e4513c3583{\nmargin-top:20px;\nmargin-bottom:0px;\n}\n<\/style>\n<div class='flex_column av-dlizj9c-a13d06bb10cfdcaacb0d24e4513c3583 av_one_full  avia-builder-el-72  el_before_av_image  avia-builder-el-first  first flex_column_table_cell av-equal-height-column av-align-top '   ><style type=\"text\/css\" data-created_by=\"avia_inline_auto\" id=\"style-css-av-djdy1kw-7ed7b1671663df759d0700b396572f8f\">\n.avia-image-container.av-djdy1kw-7ed7b1671663df759d0700b396572f8f .av-image-caption-overlay-center{\ncolor:#ffffff;\n}\n<\/style>\n<div  class='avia-image-container av-djdy1kw-7ed7b1671663df759d0700b396572f8f av-styling-circle avia_animated_image avia_animate_when_almost_visible pop-up avia-align-center  avia-builder-el-73  avia-builder-el-no-sibling  '  itemprop=\"image\" itemscope=\"itemscope\" itemtype=\"https:\/\/schema.org\/ImageObject\" ><div class=\"avia-image-container-inner\"><div class=\"avia-image-overlay-wrap\"><img decoding=\"async\" class='wp-image-864 avia-img-lazy-loading-not-864 avia_image lazyload' data-src=\"https:\/\/i0.wp.com\/gross-autohaus.de\/wp-content\/uploads\/2024\/10\/Autohaus_Gross_Amberg_1.jpg?resize=845%2C684&ssl=1\" alt='Autohaus, Autohaus Amberg, Autoh\u00e4ndler, KFZ-Werkstatt, TOYOTA Partner, Toyota, Toyota-H\u00e4ndler, KFZ-Meisterbetrieb, Auto, Autos, Neuwagen, Gebrauchtwagen, Gebrauchtwagenh\u00e4ndler, Ersatzteile, Paulsdorf, Amberg, Landkreis Amberg-Sulzbach, Schwandorf, Weiden, Oberpfalz, Autohaus Gross' title='Autohaus, Autohaus Amberg, Autoh\u00e4ndler, KFZ-Werkstatt, TOYOTA Partner, Toyota, Toyota-H\u00e4ndler, KFZ-Meisterbetrieb, Auto, Autos, Neuwagen, Gebrauchtwagen, Gebrauchtwagenh\u00e4ndler, Ersatzteile, Paulsdorf, Amberg, Landkreis Amberg-Sulzbach, Schwandorf, Weiden, Oberpfalz, Autohaus Gross'  height=\"684\" width=\"845\"  itemprop=\"thumbnailUrl\" data-srcset=\"https:\/\/i0.wp.com\/gross-autohaus.de\/wp-content\/uploads\/2024\/10\/Autohaus_Gross_Amberg_1.jpg?resize=495%2C400&amp;ssl=1 495w, https:\/\/i0.wp.com\/gross-autohaus.de\/wp-content\/uploads\/2024\/10\/Autohaus_Gross_Amberg_1.jpg?resize=845%2C684&amp;ssl=1 845w\" data-sizes=\"(max-width: 845px) 100vw, 845px\" src=\"data:image\/svg+xml;base64,PHN2ZyB3aWR0aD0iMSIgaGVpZ2h0PSIxIiB4bWxucz0iaHR0cDovL3d3dy53My5vcmcvMjAwMC9zdmciPjwvc3ZnPg==\" style=\"--smush-placeholder-width: 845px; --smush-placeholder-aspect-ratio: 845\/684;\" \/><\/div><\/div><\/div><\/div><\/div><!--close column table wrapper. Autoclose: 1 -->\n<style type=\"text\/css\" data-created_by=\"avia_inline_auto\" id=\"style-css-av-dhszaf4-49e3d35efe6f3e0b08349752c0434534\">\n.avia-image-container.av-dhszaf4-49e3d35efe6f3e0b08349752c0434534 .av-image-caption-overlay-center{\ncolor:#ffffff;\n}\n<\/style>\n<div  class='avia-image-container av-dhszaf4-49e3d35efe6f3e0b08349752c0434534 av-styling- avia-align-center  avia-builder-el-74  el_after_av_one_full  avia-builder-el-last  '  itemprop=\"image\" itemscope=\"itemscope\" itemtype=\"https:\/\/schema.org\/ImageObject\" ><div class=\"avia-image-container-inner\"><div class=\"avia-image-overlay-wrap\"><a href=\"https:\/\/www.toyota.de\/haendler\/autohaus-gross-gmbh\" class=\"avia_image\" target=\"_blank\" rel=\"noopener noreferrer\"><img decoding=\"async\" width=\"600\" height=\"223\" class='wp-image-283 avia-img-lazy-loading-not-283 avia_image lazyload' data-src=\"https:\/\/i0.wp.com\/gross-autohaus.de\/wp-content\/uploads\/2021\/11\/Toyota.png?fit=600%2C223&ssl=1\" alt='Autohaus, Autohaus Amberg, Autoh\u00e4ndler, KFZ-Werkstatt, TOYOTA Partner, Toyota, Toyota-H\u00e4ndler, KFZ-Meisterbetrieb, Auto, Autos, Neuwagen, Gebrauchtwagen, Gebrauchtwagenh\u00e4ndler, Ersatzteile, Paulsdorf, Amberg, Landkreis Amberg-Sulzbach, Schwandorf, Weiden, Oberpfalz, Autohaus Gross' title='Autohaus, Autohaus Amberg, Autoh\u00e4ndler, KFZ-Werkstatt, TOYOTA Partner, Toyota, Toyota-H\u00e4ndler, KFZ-Meisterbetrieb, Auto, Autos, Neuwagen, Gebrauchtwagen, Gebrauchtwagenh\u00e4ndler, Ersatzteile, Paulsdorf, Amberg, Landkreis Amberg-Sulzbach, Schwandorf, Weiden, Oberpfalz, Autohaus Gross'  itemprop=\"thumbnailUrl\" data-srcset=\"https:\/\/i0.wp.com\/gross-autohaus.de\/wp-content\/uploads\/2021\/11\/Toyota.png?w=600&amp;ssl=1 600w, https:\/\/i0.wp.com\/gross-autohaus.de\/wp-content\/uploads\/2021\/11\/Toyota.png?resize=300%2C112&amp;ssl=1 300w\" data-sizes=\"(max-width: 600px) 100vw, 600px\" src=\"data:image\/svg+xml;base64,PHN2ZyB3aWR0aD0iMSIgaGVpZ2h0PSIxIiB4bWxucz0iaHR0cDovL3d3dy53My5vcmcvMjAwMC9zdmciPjwvc3ZnPg==\" style=\"--smush-placeholder-width: 600px; --smush-placeholder-aspect-ratio: 600\/223;\" \/><\/a><\/div><\/div><\/div><\/p>\n<\/div><\/div>\n<\/div>\n<div id='neuwagen'  class='avia-section av-dg5xy2o-6ca7031ded5a634df6a9dc610df72ac9 main_color avia-section-small avia-no-border-styling  avia-builder-el-75  el_after_av_layout_row  el_before_av_section  avia-bg-style-scroll  container_wrap fullsize'  ><div class='container av-section-cont-open' ><div class='template-page content  av-content-full alpha units'><div class='post-entry post-entry-type-page post-entry-1072'><div class='entry-content-wrapper clearfix'>\n<div class='flex_column_table av-decejsw-1f2aa75778d26e7ee9ed2cac6385a4eb sc-av_one_fourth av-equal-height-column-flextable'>\n<style type=\"text\/css\" data-created_by=\"avia_inline_auto\" id=\"style-css-av-decejsw-1f2aa75778d26e7ee9ed2cac6385a4eb\">\n#top .flex_column_table.av-equal-height-column-flextable.av-decejsw-1f2aa75778d26e7ee9ed2cac6385a4eb{\nmargin-top:20px;\nmargin-bottom:0px;\n}\n<\/style>\n<div class='flex_column av-decejsw-1f2aa75778d26e7ee9ed2cac6385a4eb av_one_fourth  avia-builder-el-76  el_before_av_one_half  avia-builder-el-first  first flex_column_table_cell av-equal-height-column av-align-top av-hide-on-mobile av-zero-column-padding '   ><\/div><div class='av-flex-placeholder'><\/div>\n<style type=\"text\/css\" data-created_by=\"avia_inline_auto\" id=\"style-css-av-dct7gb4-943d235ae83e8c067c0358ae22b37d8a\">\n#top .flex_column_table.av-equal-height-column-flextable.av-dct7gb4-943d235ae83e8c067c0358ae22b37d8a{\nmargin-top:20px;\nmargin-bottom:0px;\n}\n<\/style>\n<div class='flex_column av-dct7gb4-943d235ae83e8c067c0358ae22b37d8a av_one_half  avia-builder-el-77  el_after_av_one_fourth  el_before_av_one_fourth  flex_column_table_cell av-equal-height-column av-align-top av-hide-on-mobile '   ><style type=\"text\/css\" data-created_by=\"avia_inline_auto\" id=\"style-css-av-dal0ku8-4567c4a84a1fab2db3c5c88f3873221c\">\n.avia-image-container.av-dal0ku8-4567c4a84a1fab2db3c5c88f3873221c .av-image-caption-overlay-center{\ncolor:#ffffff;\n}\n<\/style>\n<div  class='avia-image-container av-dal0ku8-4567c4a84a1fab2db3c5c88f3873221c av-styling- avia-align-center  avia-builder-el-78  avia-builder-el-no-sibling  '  itemprop=\"image\" itemscope=\"itemscope\" itemtype=\"https:\/\/schema.org\/ImageObject\" ><div class=\"avia-image-container-inner\"><div class=\"avia-image-overlay-wrap\"><a href=\"https:\/\/www.toyota.de\/haendler\/autohaus-gross-gmbh\" class=\"avia_image\" target=\"_blank\" rel=\"noopener noreferrer\"><img decoding=\"async\" width=\"600\" height=\"223\" class='wp-image-283 avia-img-lazy-loading-not-283 avia_image lazyload' data-src=\"https:\/\/i0.wp.com\/gross-autohaus.de\/wp-content\/uploads\/2021\/11\/Toyota.png?fit=600%2C223&ssl=1\" alt='Autohaus, Autohaus Amberg, Autoh\u00e4ndler, KFZ-Werkstatt, TOYOTA Partner, Toyota, Toyota-H\u00e4ndler, KFZ-Meisterbetrieb, Auto, Autos, Neuwagen, Gebrauchtwagen, Gebrauchtwagenh\u00e4ndler, Ersatzteile, Paulsdorf, Amberg, Landkreis Amberg-Sulzbach, Schwandorf, Weiden, Oberpfalz, Autohaus Gross' title='Autohaus, Autohaus Amberg, Autoh\u00e4ndler, KFZ-Werkstatt, TOYOTA Partner, Toyota, Toyota-H\u00e4ndler, KFZ-Meisterbetrieb, Auto, Autos, Neuwagen, Gebrauchtwagen, Gebrauchtwagenh\u00e4ndler, Ersatzteile, Paulsdorf, Amberg, Landkreis Amberg-Sulzbach, Schwandorf, Weiden, Oberpfalz, Autohaus Gross'  itemprop=\"thumbnailUrl\" data-srcset=\"https:\/\/i0.wp.com\/gross-autohaus.de\/wp-content\/uploads\/2021\/11\/Toyota.png?w=600&amp;ssl=1 600w, https:\/\/i0.wp.com\/gross-autohaus.de\/wp-content\/uploads\/2021\/11\/Toyota.png?resize=300%2C112&amp;ssl=1 300w\" data-sizes=\"(max-width: 600px) 100vw, 600px\" src=\"data:image\/svg+xml;base64,PHN2ZyB3aWR0aD0iMSIgaGVpZ2h0PSIxIiB4bWxucz0iaHR0cDovL3d3dy53My5vcmcvMjAwMC9zdmciPjwvc3ZnPg==\" style=\"--smush-placeholder-width: 600px; --smush-placeholder-aspect-ratio: 600\/223;\" \/><\/a><\/div><\/div><\/div><\/div><div class='av-flex-placeholder'><\/div>\n<style type=\"text\/css\" data-created_by=\"avia_inline_auto\" id=\"style-css-av-d8wiq28-81d3257e8abb0587c0d05f7b4659f415\">\n#top .flex_column_table.av-equal-height-column-flextable.av-d8wiq28-81d3257e8abb0587c0d05f7b4659f415{\nmargin-top:20px;\nmargin-bottom:0px;\n}\n<\/style>\n<div class='flex_column av-d8wiq28-81d3257e8abb0587c0d05f7b4659f415 av_one_fourth  avia-builder-el-79  el_after_av_one_half  el_before_av_one_full  flex_column_table_cell av-equal-height-column av-align-top av-hide-on-mobile av-zero-column-padding '   ><\/div><\/div><!--close column table wrapper. Autoclose: 1 --><div class='flex_column av-d87uy6o-c7ebd52ea049a523e990b5e3f265c80d av_one_full  avia-builder-el-80  el_after_av_one_fourth  el_before_av_hr  first flex_column_div column-top-margin'   ><section class=\"av_textblock_section \"  itemscope=\"itemscope\" itemtype=\"https:\/\/schema.org\/CreativeWork\" ><div class='avia_textblock  '   itemprop=\"text\" ><p style=\"text-align: center;\">Senden sie uns gerne ihre Wunschkonfiguration per E-Mail an <a href=\"mailto:verkauf@gross-autohaus.de\">verkauf@gross-autohaus.de<\/a>, um ein individuelles Angebot zu erhalten.<\/p>\n<p style=\"text-align: center;\">Wir freuen uns auf Ihren Besuch bei uns im Autohaus in Amberg! Hier halten wir immer eine vielseitige Auswahl unserer Toyota- und Kia-Modelle f\u00fcr Sie zum Besichtigen, Ausprobieren und Probefahren bereit. Unser Verkaufsteam ber\u00e4t Sie gerne zu allen Details der einzelnen Fahrzeuge.<\/p>\n<h2 style=\"text-align: center;\">Verf\u00fcgbare Fahrzeuge &amp; Inzahlungnahme ihres Gebrauchten<\/h2>\n<\/div><\/section><\/div>\n<style type=\"text\/css\" data-created_by=\"avia_inline_auto\" id=\"style-css-av-d4c3vcw-1e42dcd1095207047de4e08157fec950\">\n#top .hr.av-d4c3vcw-1e42dcd1095207047de4e08157fec950{\nmargin-top:50;\nmargin-bottom:50;\n}\n.hr.av-d4c3vcw-1e42dcd1095207047de4e08157fec950 .hr-inner{\nwidth:100%;\nborder-color:#dd0b16;\n}\n<\/style>\n<div  class='hr av-d4c3vcw-1e42dcd1095207047de4e08157fec950 hr-custom  avia-builder-el-82  el_after_av_one_full  el_before_av_one_half  hr-center hr-icon-no '><span class='hr-inner inner-border-av-border-thin'><span class=\"hr-inner-style\"><\/span><\/span><\/div>\n<div class='flex_column_table av-d2clxbk-2bb76309b06f51e435542efbcf1c65f9 sc-av_one_half av-equal-height-column-flextable'>\n<style type=\"text\/css\" data-created_by=\"avia_inline_auto\" id=\"style-css-av-d2clxbk-2bb76309b06f51e435542efbcf1c65f9\">\n#top .flex_column_table.av-equal-height-column-flextable.av-d2clxbk-2bb76309b06f51e435542efbcf1c65f9{\nmargin-top:20px;\nmargin-bottom:0px;\n}\n<\/style>\n<div class='flex_column av-d2clxbk-2bb76309b06f51e435542efbcf1c65f9 av_one_half  avia-builder-el-83  el_after_av_hr  el_before_av_one_half  first flex_column_table_cell av-equal-height-column av-align-top '   ><div  class='avia-button-wrap avia-button-center  avia-builder-el-84  avia-builder-el-no-sibling ' ><a href=\"https:\/\/gross-autohaus.de\/index.php\/verfuegbare-fahrzeuge\/\" class=\"avia-button av-d0pzstc-f54b9ad37c2cae97648a50800e4ec4f2 avia-icon_select-yes-left-icon avia-size-x-large avia-position-center avia-color-theme-color \"><span class='avia_button_icon avia_button_icon_left' aria-hidden='true' data-av_icon='\ue881' data-av_iconfont='entypo-fontello'><\/span><span class='avia_iconbox_title' >HIER VERF\u00dcGBARE<br \/>\nFAHRZEUGE FINDEN<\/span><\/a><\/div><\/div><div class='av-flex-placeholder'><\/div>\n<style type=\"text\/css\" data-created_by=\"avia_inline_auto\" id=\"style-css-av-cynxovk-397b3ff3d3ae5c52c9b4f64f5a86ac8e\">\n#top .flex_column_table.av-equal-height-column-flextable.av-cynxovk-397b3ff3d3ae5c52c9b4f64f5a86ac8e{\nmargin-top:20px;\nmargin-bottom:0px;\n}\n<\/style>\n<div class='flex_column av-cynxovk-397b3ff3d3ae5c52c9b4f64f5a86ac8e av_one_half  avia-builder-el-85  el_after_av_one_half  el_before_av_hr  flex_column_table_cell av-equal-height-column av-align-top '   ><div  class='avia-button-wrap avia-button-center  avia-builder-el-86  avia-builder-el-no-sibling ' ><a href=\"https:\/\/gross-autohaus.de\/index.php\/ankauf\/\" class=\"avia-button av-cwym1kg-90a77f1acc346009250e53b5ae9d767e avia-icon_select-yes-left-icon avia-size-x-large avia-position-center avia-color-theme-color \"><span class='avia_button_icon avia_button_icon_left' aria-hidden='true' data-av_icon='\ue881' data-av_iconfont='entypo-fontello'><\/span><span class='avia_iconbox_title' >HIER DEN ANKAUFPREIS<br \/>\nF\u00dcR IHR AUTO KALKULIEREN<\/span><\/a><\/div><\/div><\/div><!--close column table wrapper. Autoclose: 1 -->\n<style type=\"text\/css\" data-created_by=\"avia_inline_auto\" id=\"style-css-av-1addjmo-e7b482ea2a0961a36cc9e71649ffc442\">\n#top .hr.av-1addjmo-e7b482ea2a0961a36cc9e71649ffc442{\nmargin-top:50;\nmargin-bottom:50;\n}\n.hr.av-1addjmo-e7b482ea2a0961a36cc9e71649ffc442 .hr-inner{\nwidth:100%;\nborder-color:#dd0b16;\n}\n<\/style>\n<div  class='hr av-1addjmo-e7b482ea2a0961a36cc9e71649ffc442 hr-custom  avia-builder-el-87  el_after_av_one_half  avia-builder-el-last  hr-center hr-icon-no '><span class='hr-inner inner-border-av-border-thin'><span class=\"hr-inner-style\"><\/span><\/span><\/div>\n\n<\/div><\/div><\/div><!-- close content main div --><\/div><\/div>\n<style type=\"text\/css\" data-created_by=\"avia_inline_auto\" id=\"style-css-av-cu61i28-7d4932a33acbbd8f692719400fda1924\">\n.avia-section.av-cu61i28-7d4932a33acbbd8f692719400fda1924 .av-parallax .av-parallax-inner{\nbackground-repeat:no-repeat;\nbackground-image:url(https:\/\/i0.wp.com\/gross-autohaus.de\/wp-content\/uploads\/2021\/10\/reifen_back-1.jpg?fit=1600%2C1065&ssl=1);\nbackground-position:50% 100%;\nbackground-attachment:scroll;\n}\n.avia-section.av-cu61i28-7d4932a33acbbd8f692719400fda1924 .av-section-color-overlay{\nopacity:0.9;\nbackground-color:#282828;\n}\n<\/style>\n<div id='service'  class='avia-section av-cu61i28-7d4932a33acbbd8f692719400fda1924 main_color avia-section-no-padding avia-no-border-styling  avia-builder-el-88  el_after_av_section  el_before_av_section  avia-full-stretch av-parallax-section avia-bg-style-parallax av-section-color-overlay-active  av-minimum-height av-minimum-height-custom  container_wrap fullsize'  data-section-bg-repeat='stretch'><div class='av-parallax' data-avia-parallax-ratio='0.3' ><div class='av-parallax-inner main_color avia-full-stretch'><\/div><\/div><div class='av-section-color-overlay-wrap'><div class=\"av-section-color-overlay\"><\/div><div class='container av-section-cont-open' style='height:100px'><div class='template-page content  av-content-full alpha units'><div class='post-entry post-entry-type-page post-entry-1072'><div class='entry-content-wrapper clearfix'>\n\n<style type=\"text\/css\" data-created_by=\"avia_inline_auto\" id=\"style-css-av-ct85alc-c9972ced839bca29273454d630bd750f\">\n#top .av-special-heading.av-ct85alc-c9972ced839bca29273454d630bd750f{\npadding-bottom:10px;\ncolor:#ffffff;\n}\n.av-special-heading.av-ct85alc-c9972ced839bca29273454d630bd750f .special-heading-inner-border{\nborder-color:#ffffff;\n}\n<\/style>\n<div  class='av-special-heading av-ct85alc-c9972ced839bca29273454d630bd750f av-special-heading-h2 custom-color-heading blockquote modern-quote modern-centered  avia-builder-el-89  avia-builder-el-no-sibling  '><h2 class='av-special-heading-tag  av-mini-font-size-overwrite av-mini-font-size-20'  itemprop=\"headline\"  >SERVICE<\/h2><div class='special-heading-border'><div class='special-heading-inner-border'><\/div><\/div><\/div>\n\n<\/div><\/div><\/div><!-- close content main div --><\/div><\/div><\/div>\n<style type=\"text\/css\" data-created_by=\"avia_inline_auto\" id=\"style-css-av-cqyc4cw-f51d2fd3881203eff34ddefcd8e04e67\">\n.avia-section.av-cqyc4cw-f51d2fd3881203eff34ddefcd8e04e67 .av-parallax .av-parallax-inner{\nbackground-repeat:no-repeat;\nbackground-image:url(https:\/\/i0.wp.com\/gross-autohaus.de\/wp-content\/uploads\/2021\/10\/reifen_back-1.jpg?fit=1600%2C1065&ssl=1);\nbackground-position:50% 100%;\nbackground-attachment:scroll;\n}\n.avia-section.av-cqyc4cw-f51d2fd3881203eff34ddefcd8e04e67 .av-section-color-overlay{\nopacity:0.9;\nbackground-color:#dd0b15;\n}\n<\/style>\n<div id='service'  class='avia-section av-cqyc4cw-f51d2fd3881203eff34ddefcd8e04e67 main_color avia-section-no-padding avia-no-border-styling  avia-builder-el-90  el_after_av_section  el_before_av_section  avia-full-stretch av-parallax-section avia-bg-style-parallax av-section-color-overlay-active  av-desktop-hide av-medium-hide av-small-hide av-mini-hide av-minimum-height av-minimum-height-custom  container_wrap fullsize'  data-section-bg-repeat='stretch'><div class='av-parallax' data-avia-parallax-ratio='0.3' ><div class='av-parallax-inner main_color avia-full-stretch'><\/div><\/div><div class='av-section-color-overlay-wrap'><div class=\"av-section-color-overlay\"><\/div><div class='container av-section-cont-open' style='height:100px'><div class='template-page content  av-content-full alpha units'><div class='post-entry post-entry-type-page post-entry-1072'><div class='entry-content-wrapper clearfix'>\n\n<style type=\"text\/css\" data-created_by=\"avia_inline_auto\" id=\"style-css-av-cp1lmkg-f718a19c903abdb3162606474eb3248e\">\n#top .av-special-heading.av-cp1lmkg-f718a19c903abdb3162606474eb3248e{\npadding-bottom:10px;\ncolor:#ffffff;\n}\n.av-special-heading.av-cp1lmkg-f718a19c903abdb3162606474eb3248e .special-heading-inner-border{\nborder-color:#ffffff;\n}\n<\/style>\n<div  class='av-special-heading av-cp1lmkg-f718a19c903abdb3162606474eb3248e av-special-heading-h2 custom-color-heading blockquote modern-quote modern-centered  avia-builder-el-91  avia-builder-el-no-sibling  '><h2 class='av-special-heading-tag  av-mini-font-size-overwrite av-mini-font-size-20'  itemprop=\"headline\"  >SERVICE<\/h2><div class='special-heading-border'><div class='special-heading-inner-border'><\/div><\/div><\/div>\n\n<\/div><\/div><\/div><!-- close content main div --><\/div><\/div><\/div>\n<style type=\"text\/css\" data-created_by=\"avia_inline_auto\" id=\"style-css-av-coawc34-b6786fa24d1fb00d0abce79340009710\">\n.avia-section.av-coawc34-b6786fa24d1fb00d0abce79340009710 .av-parallax .av-parallax-inner{\nbackground-repeat:no-repeat;\nbackground-image:url(https:\/\/i0.wp.com\/gross-autohaus.de\/wp-content\/uploads\/2021\/11\/Service_4300.jpg?fit=2000%2C700&ssl=1);\nbackground-position:50% 50%;\nbackground-attachment:scroll;\n}\n<\/style>\n<div id='av_section_20'  class='avia-section av-coawc34-b6786fa24d1fb00d0abce79340009710 main_color avia-section-no-padding avia-no-border-styling  avia-builder-el-92  el_after_av_section  el_before_av_slideshow_full  avia-full-stretch av-parallax-section avia-bg-style-parallax  av-mini-hide av-minimum-height av-minimum-height-custom  container_wrap fullsize'  data-section-bg-repeat='stretch'><div class='av-parallax' data-avia-parallax-ratio='0.3' ><div class='av-parallax-inner main_color avia-full-stretch'><\/div><\/div><div class='container av-section-cont-open' style='height:300px'><div class='template-page content  av-content-full alpha units'><div class='post-entry post-entry-type-page post-entry-1072'><div class='entry-content-wrapper clearfix'>\n<\/div><\/div><\/div><!-- close content main div --><\/div><\/div><div id='full_slider_5'  class='avia-fullwidth-slider main_color avia-shadow  av-desktop-hide av-medium-hide av-small-hide  avia-builder-el-93  el_after_av_section  el_before_av_section   slider-not-first container_wrap fullsize'  ><div   data-size='featured_large'  data-lightbox_size='large'  data-animation='fade'  data-conditional_play=''  data-ids='320'  data-video_counter='0'  data-autoplay='false'  data-bg_slider='false'  data-slide_height=''  data-handle='av_slideshow_full'  data-interval='5'  data-class=' '  data-el_id=''  data-css_id=''  data-scroll_down=''  data-control_layout='av-control-default'  data-custom_markup=''  data-perma_caption=''  data-autoplay_stopper=''  data-image_attachment=''  data-min_height='0px'  data-lazy_loading='disabled'  data-src=''  data-position='top left'  data-repeat='no-repeat'  data-attach='scroll'  data-stretch=''  data-img_scrset=''  data-default-height='42'  class='avia-slideshow avia-slideshow-5  av-control-default av-default-height-applied avia-slideshow-featured_large av_slideshow_full   avia-fade-slider '  itemprop=\"image\" itemscope=\"itemscope\" itemtype=\"https:\/\/schema.org\/ImageObject\" ><ul class='avia-slideshow-inner ' style='padding-bottom: 42%;' ><li  class=' av-single-slide slide-1 ' ><div data-rel='slideshow-5' class='avia-slide-wrap '   ><img decoding=\"async\" class=\"wp-image-320 avia-img-lazy-loading-not-320 lazyload\"  data-src=\"https:\/\/i0.wp.com\/gross-autohaus.de\/wp-content\/uploads\/2021\/11\/Service_4300.jpg?resize=1500%2C630&ssl=1\" width=\"1500\" height=\"630\" title='Autohaus, Autohaus Amberg, Autoh\u00e4ndler, KFZ-Werkstatt, TOYOTA Partner, Toyota, Toyota-H\u00e4ndler, KFZ-Meisterbetrieb, Auto, Autos, Neuwagen, Gebrauchtwagen, Gebrauchtwagenh\u00e4ndler, Ersatzteile, Paulsdorf, Amberg, Landkreis Amberg-Sulzbach, Schwandorf, Weiden, Oberpfalz, Autohaus Gross' alt='Autohaus, Autohaus Amberg, Autoh\u00e4ndler, KFZ-Werkstatt, TOYOTA Partner, Toyota, Toyota-H\u00e4ndler, KFZ-Meisterbetrieb, Auto, Autos, Neuwagen, Gebrauchtwagen, Gebrauchtwagenh\u00e4ndler, Ersatzteile, Paulsdorf, Amberg, Landkreis Amberg-Sulzbach, Schwandorf, Weiden, Oberpfalz, Autohaus Gross'  itemprop=\"thumbnailUrl\" src=\"data:image\/svg+xml;base64,PHN2ZyB3aWR0aD0iMSIgaGVpZ2h0PSIxIiB4bWxucz0iaHR0cDovL3d3dy53My5vcmcvMjAwMC9zdmciPjwvc3ZnPg==\" style=\"--smush-placeholder-width: 1500px; --smush-placeholder-aspect-ratio: 1500\/630;\" \/><\/div><\/li><\/ul><\/div><\/div>\n<div id='av_section_21'  class='avia-section av-ci14rhs-261f7919450fae26469233b6c1a7a0e0 main_color avia-section-default avia-no-border-styling  avia-builder-el-94  el_after_av_slideshow_full  el_before_av_layout_row  avia-bg-style-scroll  container_wrap fullsize'  ><div class='container av-section-cont-open' ><div class='template-page content  av-content-full alpha units'><div class='post-entry post-entry-type-page post-entry-1072'><div class='entry-content-wrapper clearfix'>\n<div class='flex_column av-cgunhhc-51ddecdaa03955302fd21f1cfe6e8d9d av_two_third  avia-builder-el-95  el_before_av_one_third  avia-builder-el-first  first flex_column_div '   ><section class=\"av_textblock_section \"  itemscope=\"itemscope\" itemtype=\"https:\/\/schema.org\/CreativeWork\" ><div class='avia_textblock  '   itemprop=\"text\" ><h3>IM BEREICH GEBRAUCHTWAGEN<\/h3>\n<ul>\n<li>fast alle Fabrikate<\/li>\n<li>mit Gebrauchtwagen-Garantie m\u00f6glich<\/li>\n<li>Meistergepr\u00fcfte Fahrzeuge<\/li>\n<li>Finanzierung und Leasing nach individuellem Wunsch m\u00f6glich<\/li>\n<\/ul>\n<h3>IM BEREICH WERKSTATT \/ KUNDENDIENST<\/h3>\n<ul>\n<li>geschultes Fachpersonal f\u00fcr die Abteilungen Kfz.-Mechanik, Elektronik und Karosserie<\/li>\n<li>alle Kundendienst- und Instandsetzungsarbeiten werden fachm\u00e4nnisch mit modernen Ger\u00e4ten und Testern durchgef\u00fchrt<\/li>\n<li>Einbaustation f\u00fcr Klimaanlagen und Standheizungen<\/li>\n<li>Tuning<\/li>\n<li>\u00a0Reifendienst mit Einlagerung<\/li>\n<li>Fahrzeugaufbereitung<\/li>\n<li>Hauptuntersuchung gem\u00e4\u00df \u00a7 29 StVZO f\u00fcr alle Fabrikate, durchgef\u00fchrt durch externe Pr\u00fcfingenieure einer amtlich anerkannten \u00dcberwachungsorganisation<\/li>\n<li>Leih- bzw. Werkstattersatzfahrzeuge<\/li>\n<li>Hol- und Bringdienst<\/li>\n<li>Autoglas Kompetenzcenter<\/li>\n<li>kostenlose Windschutzscheibenreparatur bei den meisten Versicherern<\/li>\n<li>Smart-Repair<\/li>\n<li>Unterst\u00fctzung bei der Sachschadenabwicklung<\/li>\n<\/ul>\n<\/div><\/section><br \/>\n<div  class='avia-button-wrap avia-button-left  avia-builder-el-97  el_after_av_textblock  el_before_av_hr ' ><a href=\"https:\/\/www.toyota.de\/online-service-booking?dealerId=ed923159-7888-4fd6-a227-01450aee5654\" class=\"avia-button av-cd7hh74-1f339e98236358ba0ec6bde9e821d060 avia-icon_select-yes-left-icon avia-size-large avia-position-left avia-color-theme-color \" target=\"_blank\" rel=\"noopener noreferrer\"><span class='avia_button_icon avia_button_icon_left' aria-hidden='true' data-av_icon='\ue889' data-av_iconfont='entypo-fontello'><\/span><span class='avia_iconbox_title' >HIER SERVICE &amp; WARTUNG TOYOTA<\/span><\/a><\/div><br \/>\n\n<style type=\"text\/css\" data-created_by=\"avia_inline_auto\" id=\"style-css-av-cbqk1io-147a79f38a48ffe9598e7ed458223a06\">\n#top .hr.hr-invisible.av-cbqk1io-147a79f38a48ffe9598e7ed458223a06{\nheight:20px;\n}\n<\/style>\n<div  class='hr av-cbqk1io-147a79f38a48ffe9598e7ed458223a06 hr-invisible  avia-builder-el-98  el_after_av_button  el_before_av_image  '><span class='hr-inner '><span class=\"hr-inner-style\"><\/span><\/span><\/div><br \/>\n\n<style type=\"text\/css\" data-created_by=\"avia_inline_auto\" id=\"style-css-av-caiejao-87148ed917286003239d848c491a0c6b\">\n.avia-image-container.av-caiejao-87148ed917286003239d848c491a0c6b .av-image-caption-overlay-center{\ncolor:#ffffff;\n}\n<\/style>\n<div  class='avia-image-container av-caiejao-87148ed917286003239d848c491a0c6b av-styling-no-styling avia_animated_image avia_animate_when_almost_visible pop-up avia-align-left  avia-builder-el-99  el_after_av_hr  avia-builder-el-last  '  itemprop=\"image\" itemscope=\"itemscope\" itemtype=\"https:\/\/schema.org\/ImageObject\" ><div class=\"avia-image-container-inner\"><div class=\"avia-image-overlay-wrap\"><img decoding=\"async\" class='wp-image-902 avia-img-lazy-loading-not-902 avia_image lazyload' data-src=\"https:\/\/i0.wp.com\/gross-autohaus.de\/wp-content\/uploads\/2025\/03\/qr_code_service.png?fit=300%2C300&ssl=1\" alt='QR CODE TOYOTA' title='QR CODE TOYOTA'  height=\"300\" width=\"300\"  itemprop=\"thumbnailUrl\" data-srcset=\"https:\/\/i0.wp.com\/gross-autohaus.de\/wp-content\/uploads\/2025\/03\/qr_code_service.png?w=500&amp;ssl=1 500w, https:\/\/i0.wp.com\/gross-autohaus.de\/wp-content\/uploads\/2025\/03\/qr_code_service.png?resize=300%2C300&amp;ssl=1 300w, https:\/\/i0.wp.com\/gross-autohaus.de\/wp-content\/uploads\/2025\/03\/qr_code_service.png?resize=80%2C80&amp;ssl=1 80w, https:\/\/i0.wp.com\/gross-autohaus.de\/wp-content\/uploads\/2025\/03\/qr_code_service.png?resize=36%2C36&amp;ssl=1 36w, https:\/\/i0.wp.com\/gross-autohaus.de\/wp-content\/uploads\/2025\/03\/qr_code_service.png?resize=180%2C180&amp;ssl=1 180w\" data-sizes=\"(max-width: 300px) 100vw, 300px\" src=\"data:image\/svg+xml;base64,PHN2ZyB3aWR0aD0iMSIgaGVpZ2h0PSIxIiB4bWxucz0iaHR0cDovL3d3dy53My5vcmcvMjAwMC9zdmciPjwvc3ZnPg==\" style=\"--smush-placeholder-width: 300px; --smush-placeholder-aspect-ratio: 300\/300;\" \/><\/div><\/div><\/div><\/p><\/div><div class='flex_column av-c955ruo-c7d5b3af9640e8562545403c5438464c av_one_third  avia-builder-el-100  el_after_av_two_third  avia-builder-el-last  flex_column_div av-hide-on-mobile '   ><p>\n<style type=\"text\/css\" data-created_by=\"avia_inline_auto\" id=\"style-css-av-c6fgbrk-89234b957dc1973fe267b7b8b7f7c280\">\n.avia-image-container.av-c6fgbrk-89234b957dc1973fe267b7b8b7f7c280 .av-image-caption-overlay-center{\ncolor:#ffffff;\n}\n<\/style>\n<div  class='avia-image-container av-c6fgbrk-89234b957dc1973fe267b7b8b7f7c280 av-styling-circle avia_animated_image avia_animate_when_almost_visible pop-up avia-align-center  avia-builder-el-101  el_before_av_hr  avia-builder-el-first  '  itemprop=\"image\" itemscope=\"itemscope\" itemtype=\"https:\/\/schema.org\/ImageObject\" ><div class=\"avia-image-container-inner\"><div class=\"avia-image-overlay-wrap\"><img decoding=\"async\" class='wp-image-869 avia-img-lazy-loading-not-869 avia_image lazyload' data-src=\"https:\/\/i0.wp.com\/gross-autohaus.de\/wp-content\/uploads\/2024\/10\/Autohaus_Gross_Amberg_2.jpg?resize=845%2C684&ssl=1\" alt='Autohaus, Autohaus Amberg, Autoh\u00e4ndler, KFZ-Werkstatt, TOYOTA Partner, Toyota, Toyota-H\u00e4ndler, KFZ-Meisterbetrieb, Auto, Autos, Neuwagen, Gebrauchtwagen, Gebrauchtwagenh\u00e4ndler, Ersatzteile, Paulsdorf, Amberg, Landkreis Amberg-Sulzbach, Schwandorf, Weiden, Oberpfalz, Autohaus Gross' title='Autohaus, Autohaus Amberg, Autoh\u00e4ndler, KFZ-Werkstatt, TOYOTA Partner, Toyota, Toyota-H\u00e4ndler, KFZ-Meisterbetrieb, Auto, Autos, Neuwagen, Gebrauchtwagen, Gebrauchtwagenh\u00e4ndler, Ersatzteile, Paulsdorf, Amberg, Landkreis Amberg-Sulzbach, Schwandorf, Weiden, Oberpfalz, Autohaus Gross'  height=\"684\" width=\"845\"  itemprop=\"thumbnailUrl\" data-srcset=\"https:\/\/i0.wp.com\/gross-autohaus.de\/wp-content\/uploads\/2024\/10\/Autohaus_Gross_Amberg_2.jpg?resize=495%2C400&amp;ssl=1 495w, https:\/\/i0.wp.com\/gross-autohaus.de\/wp-content\/uploads\/2024\/10\/Autohaus_Gross_Amberg_2.jpg?resize=845%2C684&amp;ssl=1 845w\" data-sizes=\"(max-width: 845px) 100vw, 845px\" src=\"data:image\/svg+xml;base64,PHN2ZyB3aWR0aD0iMSIgaGVpZ2h0PSIxIiB4bWxucz0iaHR0cDovL3d3dy53My5vcmcvMjAwMC9zdmciPjwvc3ZnPg==\" style=\"--smush-placeholder-width: 845px; --smush-placeholder-aspect-ratio: 845\/684;\" \/><\/div><\/div><\/div><br \/>\n\n<style type=\"text\/css\" data-created_by=\"avia_inline_auto\" id=\"style-css-av-c59t200-52fb7473fdb40cb59ae9876115aef312\">\n#top .hr.hr-invisible.av-c59t200-52fb7473fdb40cb59ae9876115aef312{\nheight:50px;\n}\n<\/style>\n<div  class='hr av-c59t200-52fb7473fdb40cb59ae9876115aef312 hr-invisible  avia-builder-el-102  el_after_av_image  el_before_av_image  '><span class='hr-inner '><span class=\"hr-inner-style\"><\/span><\/span><\/div><br \/>\n\n<style type=\"text\/css\" data-created_by=\"avia_inline_auto\" id=\"style-css-av-c3ynb68-fdcbddbc97eab1942ba2b88b59b5d7ed\">\n.avia-image-container.av-c3ynb68-fdcbddbc97eab1942ba2b88b59b5d7ed .av-image-caption-overlay-center{\ncolor:#ffffff;\n}\n<\/style>\n<div  class='avia-image-container av-c3ynb68-fdcbddbc97eab1942ba2b88b59b5d7ed av-styling-circle avia_animated_image avia_animate_when_almost_visible pop-up avia-align-center  avia-builder-el-103  el_after_av_hr  el_before_av_hr  '  itemprop=\"image\" itemscope=\"itemscope\" itemtype=\"https:\/\/schema.org\/ImageObject\" ><div class=\"avia-image-container-inner\"><div class=\"avia-image-overlay-wrap\"><img decoding=\"async\" class='wp-image-677 avia-img-lazy-loading-not-677 avia_image lazyload' data-src=\"https:\/\/i0.wp.com\/gross-autohaus.de\/wp-content\/uploads\/2023\/08\/Kfz-Mechatroniker_1080x1080px_LinkAd_1.jpg?resize=845%2C684&ssl=1\" alt='' title=''  height=\"684\" width=\"845\"  itemprop=\"thumbnailUrl\" data-srcset=\"https:\/\/i0.wp.com\/gross-autohaus.de\/wp-content\/uploads\/2023\/08\/Kfz-Mechatroniker_1080x1080px_LinkAd_1.jpg?resize=495%2C400&amp;ssl=1 495w, https:\/\/i0.wp.com\/gross-autohaus.de\/wp-content\/uploads\/2023\/08\/Kfz-Mechatroniker_1080x1080px_LinkAd_1.jpg?resize=845%2C684&amp;ssl=1 845w\" data-sizes=\"(max-width: 845px) 100vw, 845px\" src=\"data:image\/svg+xml;base64,PHN2ZyB3aWR0aD0iMSIgaGVpZ2h0PSIxIiB4bWxucz0iaHR0cDovL3d3dy53My5vcmcvMjAwMC9zdmciPjwvc3ZnPg==\" style=\"--smush-placeholder-width: 845px; --smush-placeholder-aspect-ratio: 845\/684;\" \/><\/div><\/div><\/div><br \/>\n\n<style type=\"text\/css\" data-created_by=\"avia_inline_auto\" id=\"style-css-av-c2au3qo-4e2f171c8843ab1888b6cbd39f7b33b1\">\n#top .hr.hr-invisible.av-c2au3qo-4e2f171c8843ab1888b6cbd39f7b33b1{\nheight:50px;\n}\n<\/style>\n<div  class='hr av-c2au3qo-4e2f171c8843ab1888b6cbd39f7b33b1 hr-invisible  avia-builder-el-104  el_after_av_image  el_before_av_image  '><span class='hr-inner '><span class=\"hr-inner-style\"><\/span><\/span><\/div><br \/>\n\n<style type=\"text\/css\" data-created_by=\"avia_inline_auto\" id=\"style-css-av-17a8zkg-be46e010761bb8d02b650f483945c7fe\">\n.avia-image-container.av-17a8zkg-be46e010761bb8d02b650f483945c7fe .av-image-caption-overlay-center{\ncolor:#ffffff;\n}\n<\/style>\n<div  class='avia-image-container av-17a8zkg-be46e010761bb8d02b650f483945c7fe av-styling-circle avia_animated_image avia_animate_when_almost_visible pop-up avia-align-center  avia-builder-el-105  el_after_av_hr  avia-builder-el-last  '  itemprop=\"image\" itemscope=\"itemscope\" itemtype=\"https:\/\/schema.org\/ImageObject\" ><div class=\"avia-image-container-inner\"><div class=\"avia-image-overlay-wrap\"><img decoding=\"async\" class='wp-image-676 avia-img-lazy-loading-not-676 avia_image lazyload' data-src=\"https:\/\/i0.wp.com\/gross-autohaus.de\/wp-content\/uploads\/2023\/08\/1690197994kiaoelwechsel600x440.jpg?resize=600%2C440&ssl=1\" alt='' title=''  height=\"440\" width=\"600\"  itemprop=\"thumbnailUrl\" data-srcset=\"https:\/\/i0.wp.com\/gross-autohaus.de\/wp-content\/uploads\/2023\/08\/1690197994kiaoelwechsel600x440.jpg?w=600&amp;ssl=1 600w, https:\/\/i0.wp.com\/gross-autohaus.de\/wp-content\/uploads\/2023\/08\/1690197994kiaoelwechsel600x440.jpg?resize=300%2C220&amp;ssl=1 300w\" data-sizes=\"(max-width: 600px) 100vw, 600px\" src=\"data:image\/svg+xml;base64,PHN2ZyB3aWR0aD0iMSIgaGVpZ2h0PSIxIiB4bWxucz0iaHR0cDovL3d3dy53My5vcmcvMjAwMC9zdmciPjwvc3ZnPg==\" style=\"--smush-placeholder-width: 600px; --smush-placeholder-aspect-ratio: 600\/440;\" \/><\/div><\/div><\/div><\/p><\/div>\n\n<\/div><\/div><\/div><!-- close content main div --><\/div><\/div><div id='av-layout-grid-2'  class='av-layout-grid-container entry-content-wrapper main_color av-fixed-cells   av-desktop-hide av-medium-hide av-small-hide   avia-builder-el-106  el_after_av_section  el_before_av_layout_row  submenu-not-first container_wrap fullsize'  >\n<div class=\"flex_cell no_margin av_one_full  avia-builder-el-107  avia-builder-el-no-sibling   \"  style='vertical-align:top; padding:1; ' ><div class='flex_cell_inner' ><div class='flex_column_table av-buwh74g-3c4d6ba95945db0f83bd808e1df833e0 sc-av_one_full av-equal-height-column-flextable'>\n<style type=\"text\/css\" data-created_by=\"avia_inline_auto\" id=\"style-css-av-buwh74g-3c4d6ba95945db0f83bd808e1df833e0\">\n#top .flex_column_table.av-equal-height-column-flextable.av-buwh74g-3c4d6ba95945db0f83bd808e1df833e0{\nmargin-top:20px;\nmargin-bottom:0px;\n}\n<\/style>\n<div class='flex_column av-buwh74g-3c4d6ba95945db0f83bd808e1df833e0 av_one_full  avia-builder-el-108  avia-builder-el-no-sibling  first flex_column_table_cell av-equal-height-column av-align-top '   ><style type=\"text\/css\" data-created_by=\"avia_inline_auto\" id=\"style-css-av-btyo7e8-19673422229146b680498ef76f790ef6\">\n.avia-image-container.av-btyo7e8-19673422229146b680498ef76f790ef6 .av-image-caption-overlay-center{\ncolor:#ffffff;\n}\n<\/style>\n<div  class='avia-image-container av-btyo7e8-19673422229146b680498ef76f790ef6 av-styling-circle avia_animated_image avia_animate_when_almost_visible pop-up avia-align-center  avia-builder-el-109  avia-builder-el-no-sibling  '  itemprop=\"image\" itemscope=\"itemscope\" itemtype=\"https:\/\/schema.org\/ImageObject\" ><div class=\"avia-image-container-inner\"><div class=\"avia-image-overlay-wrap\"><img decoding=\"async\" class='wp-image-869 avia-img-lazy-loading-not-869 avia_image lazyload' data-src=\"https:\/\/i0.wp.com\/gross-autohaus.de\/wp-content\/uploads\/2024\/10\/Autohaus_Gross_Amberg_2.jpg?resize=845%2C684&ssl=1\" alt='Autohaus, Autohaus Amberg, Autoh\u00e4ndler, KFZ-Werkstatt, TOYOTA Partner, Toyota, Toyota-H\u00e4ndler, KFZ-Meisterbetrieb, Auto, Autos, Neuwagen, Gebrauchtwagen, Gebrauchtwagenh\u00e4ndler, Ersatzteile, Paulsdorf, Amberg, Landkreis Amberg-Sulzbach, Schwandorf, Weiden, Oberpfalz, Autohaus Gross' title='Autohaus, Autohaus Amberg, Autoh\u00e4ndler, KFZ-Werkstatt, TOYOTA Partner, Toyota, Toyota-H\u00e4ndler, KFZ-Meisterbetrieb, Auto, Autos, Neuwagen, Gebrauchtwagen, Gebrauchtwagenh\u00e4ndler, Ersatzteile, Paulsdorf, Amberg, Landkreis Amberg-Sulzbach, Schwandorf, Weiden, Oberpfalz, Autohaus Gross'  height=\"684\" width=\"845\"  itemprop=\"thumbnailUrl\" data-srcset=\"https:\/\/i0.wp.com\/gross-autohaus.de\/wp-content\/uploads\/2024\/10\/Autohaus_Gross_Amberg_2.jpg?resize=495%2C400&amp;ssl=1 495w, https:\/\/i0.wp.com\/gross-autohaus.de\/wp-content\/uploads\/2024\/10\/Autohaus_Gross_Amberg_2.jpg?resize=845%2C684&amp;ssl=1 845w\" data-sizes=\"(max-width: 845px) 100vw, 845px\" src=\"data:image\/svg+xml;base64,PHN2ZyB3aWR0aD0iMSIgaGVpZ2h0PSIxIiB4bWxucz0iaHR0cDovL3d3dy53My5vcmcvMjAwMC9zdmciPjwvc3ZnPg==\" style=\"--smush-placeholder-width: 845px; --smush-placeholder-aspect-ratio: 845\/684;\" \/><\/div><\/div><\/div><\/div><\/div><!--close column table wrapper. Autoclose: 1 -->\n<\/div><\/div>\n<\/div>\n<div id='av-layout-grid-3'  class='av-layout-grid-container entry-content-wrapper main_color av-fixed-cells   av-desktop-hide av-medium-hide av-small-hide   avia-builder-el-110  el_after_av_layout_row  el_before_av_section  submenu-not-first container_wrap fullsize'  >\n<div class=\"flex_cell no_margin av_one_full  avia-builder-el-111  avia-builder-el-no-sibling   \"  style='vertical-align:top; padding:1; ' ><div class='flex_cell_inner' ><div class='flex_column_table av-botr6m8-9aafc424aaf08c3de44e19806cd69b93 sc-av_one_full av-equal-height-column-flextable'>\n<style type=\"text\/css\" data-created_by=\"avia_inline_auto\" id=\"style-css-av-botr6m8-9aafc424aaf08c3de44e19806cd69b93\">\n#top .flex_column_table.av-equal-height-column-flextable.av-botr6m8-9aafc424aaf08c3de44e19806cd69b93{\nmargin-top:20px;\nmargin-bottom:0px;\n}\n<\/style>\n<div class='flex_column av-botr6m8-9aafc424aaf08c3de44e19806cd69b93 av_one_full  avia-builder-el-112  avia-builder-el-no-sibling  first flex_column_table_cell av-equal-height-column av-align-top '   ><style type=\"text\/css\" data-created_by=\"avia_inline_auto\" id=\"style-css-av-bn0r2sg-17bb0c5dd27215a32dd71d004f2864bf\">\n.avia-image-container.av-bn0r2sg-17bb0c5dd27215a32dd71d004f2864bf .av-image-caption-overlay-center{\ncolor:#ffffff;\n}\n<\/style>\n<div  class='avia-image-container av-bn0r2sg-17bb0c5dd27215a32dd71d004f2864bf av-styling-circle avia_animated_image avia_animate_when_almost_visible pop-up avia-align-center  avia-builder-el-113  avia-builder-el-no-sibling  '  itemprop=\"image\" itemscope=\"itemscope\" itemtype=\"https:\/\/schema.org\/ImageObject\" ><div class=\"avia-image-container-inner\"><div class=\"avia-image-overlay-wrap\"><img decoding=\"async\" class='wp-image-676 avia-img-lazy-loading-not-676 avia_image lazyload' data-src=\"https:\/\/i0.wp.com\/gross-autohaus.de\/wp-content\/uploads\/2023\/08\/1690197994kiaoelwechsel600x440.jpg?resize=600%2C440&ssl=1\" alt='' title=''  height=\"440\" width=\"600\"  itemprop=\"thumbnailUrl\" data-srcset=\"https:\/\/i0.wp.com\/gross-autohaus.de\/wp-content\/uploads\/2023\/08\/1690197994kiaoelwechsel600x440.jpg?w=600&amp;ssl=1 600w, https:\/\/i0.wp.com\/gross-autohaus.de\/wp-content\/uploads\/2023\/08\/1690197994kiaoelwechsel600x440.jpg?resize=300%2C220&amp;ssl=1 300w\" data-sizes=\"(max-width: 600px) 100vw, 600px\" src=\"data:image\/svg+xml;base64,PHN2ZyB3aWR0aD0iMSIgaGVpZ2h0PSIxIiB4bWxucz0iaHR0cDovL3d3dy53My5vcmcvMjAwMC9zdmciPjwvc3ZnPg==\" style=\"--smush-placeholder-width: 600px; --smush-placeholder-aspect-ratio: 600\/440;\" \/><\/div><\/div><\/div><\/div><\/div><!--close column table wrapper. Autoclose: 1 -->\n<\/div><\/div>\n<\/div>\n<div id='angebote'  class='avia-section av-bmaqfnk-989b5d5d29f5d5804628d9dfd2e218d6 main_color avia-section-default avia-no-border-styling  avia-builder-el-114  el_after_av_layout_row  el_before_av_section  avia-bg-style-scroll  container_wrap fullsize'  ><div class='container av-section-cont-open' ><div class='template-page content  av-content-full alpha units'><div class='post-entry post-entry-type-page post-entry-1072'><div class='entry-content-wrapper clearfix'>\n\n<style type=\"text\/css\" data-created_by=\"avia_inline_auto\" id=\"style-css-av-bklnkpc-6a8f687eb0bd7abedacb447569459e35\">\n#top .av-special-heading.av-bklnkpc-6a8f687eb0bd7abedacb447569459e35{\npadding-bottom:10px;\n}\n<\/style>\n<div  class='av-special-heading av-bklnkpc-6a8f687eb0bd7abedacb447569459e35 av-special-heading-h2 blockquote modern-quote  avia-builder-el-115  el_before_av_hr  avia-builder-el-first  '><h2 class='av-special-heading-tag  av-mini-font-size-overwrite av-mini-font-size-20'  itemprop=\"headline\"  >ANGEBOTE \/ TEILE \/ ZUBEH\u00d6R<\/h2><div class='special-heading-border'><div class='special-heading-inner-border'><\/div><\/div><\/div>\n\n<style type=\"text\/css\" data-created_by=\"avia_inline_auto\" id=\"style-css-av-bj2req8-6423f9f687766a7a83883951ddd75dd9\">\n#top .hr.av-bj2req8-6423f9f687766a7a83883951ddd75dd9{\nmargin-top:50;\nmargin-bottom:50;\n}\n.hr.av-bj2req8-6423f9f687766a7a83883951ddd75dd9 .hr-inner{\nwidth:100%;\nborder-color:#dd0b16;\n}\n<\/style>\n<div  class='hr av-bj2req8-6423f9f687766a7a83883951ddd75dd9 hr-custom  avia-builder-el-116  el_after_av_heading  el_before_av_textblock  hr-center hr-icon-no '><span class='hr-inner inner-border-av-border-thin'><span class=\"hr-inner-style\"><\/span><\/span><\/div>\n<section class=\"av_textblock_section \"  itemscope=\"itemscope\" itemtype=\"https:\/\/schema.org\/CreativeWork\" ><div class='avia_textblock  '   itemprop=\"text\" ><p style=\"text-align: left;\">Bei uns finden Sie st\u00e4ndig wechselnde Angebote von Originalteile und Zubeh\u00f6rteilen in Erstausr\u00fcsterqualit\u00e4t.<\/p>\n<\/div><\/section>\n<div  class='avia-button-wrap avia-button-left  avia-builder-el-118  el_after_av_textblock  el_before_av_hr ' ><a href=\"https:\/\/tos.toyota-digital.de\/56426-autohaus-gross-gmbh-amberg?category-filter=1&amp;order=name-asc&amp;p=1\" class=\"avia-button av-bfo9h0g-5d121ac00d12645f1e989946e2cfe487 avia-icon_select-yes-left-icon avia-size-large avia-position-left avia-color-theme-color \" target=\"_blank\" rel=\"noopener noreferrer\"><span class='avia_button_icon avia_button_icon_left' aria-hidden='true' data-av_icon='\ue889' data-av_iconfont='entypo-fontello'><\/span><span class='avia_iconbox_title' >HIER GEHT\u2019S ZUM TOYOTA ZUBEH\u00d6R SHOP<\/span><\/a><\/div>\n\n<style type=\"text\/css\" data-created_by=\"avia_inline_auto\" id=\"style-css-av-bcoffxc-a7514562db7392fca25a0bab6729bdb0\">\n#top .hr.av-bcoffxc-a7514562db7392fca25a0bab6729bdb0{\nmargin-top:50;\nmargin-bottom:50;\n}\n.hr.av-bcoffxc-a7514562db7392fca25a0bab6729bdb0 .hr-inner{\nwidth:100%;\nborder-color:#dd0b16;\n}\n<\/style>\n<div  class='hr av-bcoffxc-a7514562db7392fca25a0bab6729bdb0 hr-custom  avia-builder-el-119  el_after_av_button  avia-builder-el-last  hr-center hr-icon-no '><span class='hr-inner inner-border-av-border-thin'><span class=\"hr-inner-style\"><\/span><\/span><\/div>\n\n<\/div><\/div><\/div><!-- close content main div --><\/div><\/div>\n<style type=\"text\/css\" data-created_by=\"avia_inline_auto\" id=\"style-css-av-bbisdvk-158bff694730f207e9c6b1c055f8df4e\">\n.avia-section.av-bbisdvk-158bff694730f207e9c6b1c055f8df4e .av-parallax .av-parallax-inner{\nbackground-repeat:no-repeat;\nbackground-image:url(https:\/\/i0.wp.com\/gross-autohaus.de\/wp-content\/uploads\/2021\/10\/reifen_back-1.jpg?fit=1600%2C1065&ssl=1);\nbackground-position:50% 50%;\nbackground-attachment:scroll;\n}\n.avia-section.av-bbisdvk-158bff694730f207e9c6b1c055f8df4e .av-section-color-overlay{\nopacity:0.9;\nbackground-color:#282828;\n}\n<\/style>\n<div id='ueberuns'  class='avia-section av-bbisdvk-158bff694730f207e9c6b1c055f8df4e main_color avia-section-no-padding avia-no-border-styling  avia-builder-el-120  el_after_av_section  el_before_av_section  avia-full-stretch av-parallax-section avia-bg-style-parallax av-section-color-overlay-active  av-minimum-height av-minimum-height-custom  container_wrap fullsize'  data-section-bg-repeat='stretch'><div class='av-parallax' data-avia-parallax-ratio='0.3' ><div class='av-parallax-inner main_color avia-full-stretch'><\/div><\/div><div class='av-section-color-overlay-wrap'><div class=\"av-section-color-overlay\"><\/div><div class='container av-section-cont-open' style='height:100px'><div class='template-page content  av-content-full alpha units'><div class='post-entry post-entry-type-page post-entry-1072'><div class='entry-content-wrapper clearfix'>\n\n<style type=\"text\/css\" data-created_by=\"avia_inline_auto\" id=\"style-css-av-b9x44i8-20186a15fada86d045a38dc1e465789b\">\n#top .av-special-heading.av-b9x44i8-20186a15fada86d045a38dc1e465789b{\npadding-bottom:10px;\ncolor:#ffffff;\n}\n.av-special-heading.av-b9x44i8-20186a15fada86d045a38dc1e465789b .special-heading-inner-border{\nborder-color:#ffffff;\n}\n<\/style>\n<div  class='av-special-heading av-b9x44i8-20186a15fada86d045a38dc1e465789b av-special-heading-h2 custom-color-heading blockquote modern-quote modern-centered  avia-builder-el-121  avia-builder-el-no-sibling  '><h2 class='av-special-heading-tag  av-mini-font-size-overwrite av-mini-font-size-20'  itemprop=\"headline\"  >\u00dcBER UNS<\/h2><div class='special-heading-border'><div class='special-heading-inner-border'><\/div><\/div><\/div>\n\n<\/div><\/div><\/div><!-- close content main div --><\/div><\/div><\/div>\n<style type=\"text\/css\" data-created_by=\"avia_inline_auto\" id=\"style-css-av-b8cv39s-9e62d48d6b35c2c2911893100134381b\">\n.avia-section.av-b8cv39s-9e62d48d6b35c2c2911893100134381b .av-parallax .av-parallax-inner{\nbackground-repeat:no-repeat;\nbackground-image:url(https:\/\/i0.wp.com\/gross-autohaus.de\/wp-content\/uploads\/2021\/10\/reifen_back-1.jpg?fit=1600%2C1065&ssl=1);\nbackground-position:50% 50%;\nbackground-attachment:scroll;\n}\n.avia-section.av-b8cv39s-9e62d48d6b35c2c2911893100134381b .av-section-color-overlay{\nopacity:0.9;\nbackground-color:#dd0b15;\n}\n<\/style>\n<div id='ueberuns'  class='avia-section av-b8cv39s-9e62d48d6b35c2c2911893100134381b main_color avia-section-no-padding avia-no-border-styling  avia-builder-el-122  el_after_av_section  el_before_av_section  avia-full-stretch av-parallax-section avia-bg-style-parallax av-section-color-overlay-active  av-desktop-hide av-medium-hide av-small-hide av-mini-hide av-minimum-height av-minimum-height-custom  container_wrap fullsize'  data-section-bg-repeat='stretch'><div class='av-parallax' data-avia-parallax-ratio='0.3' ><div class='av-parallax-inner main_color avia-full-stretch'><\/div><\/div><div class='av-section-color-overlay-wrap'><div class=\"av-section-color-overlay\"><\/div><div class='container av-section-cont-open' style='height:100px'><div class='template-page content  av-content-full alpha units'><div class='post-entry post-entry-type-page post-entry-1072'><div class='entry-content-wrapper clearfix'>\n\n<style type=\"text\/css\" data-created_by=\"avia_inline_auto\" id=\"style-css-av-1488aow-e60ec86e551903d505959760ab77d6c7\">\n#top .av-special-heading.av-1488aow-e60ec86e551903d505959760ab77d6c7{\npadding-bottom:10px;\ncolor:#ffffff;\n}\n.av-special-heading.av-1488aow-e60ec86e551903d505959760ab77d6c7 .special-heading-inner-border{\nborder-color:#ffffff;\n}\n<\/style>\n<div  class='av-special-heading av-1488aow-e60ec86e551903d505959760ab77d6c7 av-special-heading-h2 custom-color-heading blockquote modern-quote modern-centered  avia-builder-el-123  avia-builder-el-no-sibling  '><h2 class='av-special-heading-tag  av-mini-font-size-overwrite av-mini-font-size-20'  itemprop=\"headline\"  >\u00dcBER UNS<\/h2><div class='special-heading-border'><div class='special-heading-inner-border'><\/div><\/div><\/div>\n\n<\/div><\/div><\/div><!-- close content main div --><\/div><\/div><\/div>\n<style type=\"text\/css\" data-created_by=\"avia_inline_auto\" id=\"style-css-av-143n9c0-5304cfbe26d9f2ffa7063ee3c72ca75b\">\n.avia-section.av-143n9c0-5304cfbe26d9f2ffa7063ee3c72ca75b .av-parallax .av-parallax-inner{\nbackground-repeat:no-repeat;\nbackground-image:url(https:\/\/i0.wp.com\/gross-autohaus.de\/wp-content\/uploads\/2021\/10\/reifen_back-1.jpg?fit=1600%2C1065&ssl=1);\nbackground-position:0% 50%;\nbackground-attachment:scroll;\n}\n<\/style>\n<div id='av_section_25'  class='avia-section av-143n9c0-5304cfbe26d9f2ffa7063ee3c72ca75b main_color avia-section-no-padding avia-no-border-styling  avia-builder-el-124  el_after_av_section  el_before_av_slideshow_full  avia-full-stretch av-parallax-section avia-bg-style-parallax  av-mini-hide av-minimum-height av-minimum-height-custom  container_wrap fullsize'  data-section-bg-repeat='stretch'><div class='av-parallax' data-avia-parallax-ratio='0.3' ><div class='av-parallax-inner main_color avia-full-stretch'><\/div><\/div><div class='container av-section-cont-open' style='height:300px'><div class='template-page content  av-content-full alpha units'><div class='post-entry post-entry-type-page post-entry-1072'><div class='entry-content-wrapper clearfix'>\n<\/div><\/div><\/div><!-- close content main div --><\/div><\/div><div id='full_slider_6'  class='avia-fullwidth-slider main_color avia-shadow  av-desktop-hide av-medium-hide av-small-hide  avia-builder-el-125  el_after_av_section  el_before_av_section   slider-not-first container_wrap fullsize'  ><div   data-size='featured_large'  data-lightbox_size='large'  data-animation='fade'  data-conditional_play=''  data-ids='340'  data-video_counter='0'  data-autoplay='false'  data-bg_slider='false'  data-slide_height=''  data-handle='av_slideshow_full'  data-interval='5'  data-class=' '  data-el_id=''  data-css_id=''  data-scroll_down=''  data-control_layout='av-control-default'  data-custom_markup=''  data-perma_caption=''  data-autoplay_stopper=''  data-image_attachment=''  data-min_height='0px'  data-lazy_loading='disabled'  data-src=''  data-position='top left'  data-repeat='no-repeat'  data-attach='scroll'  data-stretch=''  data-img_scrset=''  data-default-height='42'  class='avia-slideshow avia-slideshow-6  av-control-default av-default-height-applied avia-slideshow-featured_large av_slideshow_full   avia-fade-slider '  itemprop=\"image\" itemscope=\"itemscope\" itemtype=\"https:\/\/schema.org\/ImageObject\" ><ul class='avia-slideshow-inner ' style='padding-bottom: 42%;' ><li  class=' av-single-slide slide-1 ' ><div data-rel='slideshow-6' class='avia-slide-wrap '   ><img decoding=\"async\" class=\"wp-image-340 avia-img-lazy-loading-not-340 lazyload\"  data-src=\"https:\/\/i0.wp.com\/gross-autohaus.de\/wp-content\/uploads\/2021\/11\/Reifen_4285.jpg?resize=1500%2C630&ssl=1\" width=\"1500\" height=\"630\" title='Autohaus, Autohaus Amberg, Autoh\u00e4ndler, KFZ-Werkstatt, TOYOTA Partner, Toyota, Toyota-H\u00e4ndler, KFZ-Meisterbetrieb, Auto, Autos, Neuwagen, Gebrauchtwagen, Gebrauchtwagenh\u00e4ndler, Ersatzteile, Paulsdorf, Amberg, Landkreis Amberg-Sulzbach, Schwandorf, Weiden, Oberpfalz, Autohaus Gross' alt='Autohaus, Autohaus Amberg, Autoh\u00e4ndler, KFZ-Werkstatt, TOYOTA Partner, Toyota, Toyota-H\u00e4ndler, KFZ-Meisterbetrieb, Auto, Autos, Neuwagen, Gebrauchtwagen, Gebrauchtwagenh\u00e4ndler, Ersatzteile, Paulsdorf, Amberg, Landkreis Amberg-Sulzbach, Schwandorf, Weiden, Oberpfalz, Autohaus Gross'  itemprop=\"thumbnailUrl\" src=\"data:image\/svg+xml;base64,PHN2ZyB3aWR0aD0iMSIgaGVpZ2h0PSIxIiB4bWxucz0iaHR0cDovL3d3dy53My5vcmcvMjAwMC9zdmciPjwvc3ZnPg==\" style=\"--smush-placeholder-width: 1500px; --smush-placeholder-aspect-ratio: 1500\/630;\" \/><\/div><\/li><\/ul><\/div><\/div>\n<div id='team'  class='avia-section av-b0ws100-882a92e95862c5b0cd7f5cf14e8afe4b main_color avia-section-default avia-no-border-styling  avia-builder-el-126  el_after_av_slideshow_full  el_before_av_section  avia-bg-style-scroll  container_wrap fullsize'  ><div class='container av-section-cont-open' ><div class='template-page content  av-content-full alpha units'><div class='post-entry post-entry-type-page post-entry-1072'><div class='entry-content-wrapper clearfix'>\n\n<style type=\"text\/css\" data-created_by=\"avia_inline_auto\" id=\"style-css-av-13fuckg-37d134bd1ac25ee9d1d66ac756a1cead\">\n#top .av-special-heading.av-13fuckg-37d134bd1ac25ee9d1d66ac756a1cead{\npadding-bottom:10px;\n}\n<\/style>\n<div  class='av-special-heading av-13fuckg-37d134bd1ac25ee9d1d66ac756a1cead av-special-heading-h2 blockquote modern-quote  avia-builder-el-127  el_before_av_hr  avia-builder-el-first  '><h2 class='av-special-heading-tag  av-mini-font-size-overwrite av-mini-font-size-20'  itemprop=\"headline\"  >Team<\/h2><div class='special-heading-border'><div class='special-heading-inner-border'><\/div><\/div><\/div>\n\n<style type=\"text\/css\" data-created_by=\"avia_inline_auto\" id=\"style-css-av-ax1j61c-e12aa9611020259c2a32152f14823185\">\n#top .hr.av-ax1j61c-e12aa9611020259c2a32152f14823185{\nmargin-top:50;\nmargin-bottom:50;\n}\n.hr.av-ax1j61c-e12aa9611020259c2a32152f14823185 .hr-inner{\nwidth:100%;\nborder-color:#dd0b16;\n}\n<\/style>\n<div  class='hr av-ax1j61c-e12aa9611020259c2a32152f14823185 hr-custom  avia-builder-el-128  el_after_av_heading  el_before_av_textblock  hr-center hr-icon-no '><span class='hr-inner inner-border-av-border-thin'><span class=\"hr-inner-style\"><\/span><\/span><\/div>\n<section class=\"av_textblock_section  av-mini-hide\"  itemscope=\"itemscope\" itemtype=\"https:\/\/schema.org\/CreativeWork\" ><div class='avia_textblock  '   itemprop=\"text\" ><h3>Bei uns sind Sie in guten H\u00e4nden.<\/h3>\n<p>Ob im Service, im Verkauf oder in der Werkstatt \u2013 unser immer aktuell geschultes Team ber\u00e4t Sie Bestens und in der Kombination mit modernster Werkstatt-Technik gew\u00e4hrleisten wir Ihnen stets die fachgerechte Ausf\u00fchrung Ihrer Auftr\u00e4ge.<\/p>\n<\/div><\/section>\n<section class=\"av_textblock_section  av-desktop-hide av-medium-hide av-small-hide\"  itemscope=\"itemscope\" itemtype=\"https:\/\/schema.org\/CreativeWork\" ><div class='avia_textblock  '   itemprop=\"text\" ><h3>Bei uns sind Sie<br \/>\nin guten H\u00e4nden.<\/h3>\n<p>Ob im Service, im Verkauf oder in der Werkstatt \u2013 unser immer aktuell geschultes Team ber\u00e4t Sie Bestens und in der Kombination mit modernster Werkstatt-Technik gew\u00e4hrleisten wir Ihnen stets die fachgerechte Ausf\u00fchrung Ihrer Auftr\u00e4ge.<\/p>\n<\/div><\/section>\n\n<style type=\"text\/css\" data-created_by=\"avia_inline_auto\" id=\"style-css-av-as54fhs-dfe299634a18030810b38befdbf8349d\">\n#top .hr.av-as54fhs-dfe299634a18030810b38befdbf8349d{\nmargin-top:50;\nmargin-bottom:50;\n}\n.hr.av-as54fhs-dfe299634a18030810b38befdbf8349d .hr-inner{\nwidth:100%;\nborder-color:#dd0b16;\n}\n<\/style>\n<div  class='hr av-as54fhs-dfe299634a18030810b38befdbf8349d hr-custom  avia-builder-el-131  el_after_av_textblock  el_before_av_one_fourth  hr-center hr-icon-no '><span class='hr-inner inner-border-av-border-thin'><span class=\"hr-inner-style\"><\/span><\/span><\/div>\n<div class='flex_column_table av-apnx9n4-9efac6a4a7ff8a73945c910fd7e89c0b sc-av_one_fourth av-equal-height-column-flextable'><div class='flex_column av-apnx9n4-9efac6a4a7ff8a73945c910fd7e89c0b av_one_fourth  avia-builder-el-132  el_after_av_hr  el_before_av_one_fourth  first flex_column_table_cell av-equal-height-column av-align-top '   ><p>\n<style type=\"text\/css\" data-created_by=\"avia_inline_auto\" id=\"style-css-av-aorofio-bd51dfa36c5390a10a09996e36c09283\">\n.avia-image-container.av-aorofio-bd51dfa36c5390a10a09996e36c09283 .av-image-caption-overlay-center{\ncolor:#ffffff;\n}\n<\/style>\n<div  class='avia-image-container av-aorofio-bd51dfa36c5390a10a09996e36c09283 av-styling-circle avia_animated_image avia_animate_when_almost_visible pop-up avia-align-center  avia-builder-el-133  el_before_av_hr  avia-builder-el-first  '  itemprop=\"image\" itemscope=\"itemscope\" itemtype=\"https:\/\/schema.org\/ImageObject\" ><div class=\"avia-image-container-inner\"><div class=\"avia-image-overlay-wrap\"><img decoding=\"async\" class='wp-image-192 avia-img-lazy-loading-not-192 avia_image lazyload' data-src=\"https:\/\/i0.wp.com\/gross-autohaus.de\/wp-content\/uploads\/2021\/11\/christian_gross.jpg?fit=800%2C800&ssl=1\" alt='Autohaus, Autohaus Amberg, Autoh\u00e4ndler, KFZ-Werkstatt, TOYOTA Partner, Toyota, Toyota-H\u00e4ndler, KFZ-Meisterbetrieb, Auto, Autos, Neuwagen, Gebrauchtwagen, Gebrauchtwagenh\u00e4ndler, Ersatzteile, Paulsdorf, Amberg, Landkreis Amberg-Sulzbach, Schwandorf, Weiden, Oberpfalz, Autohaus Gross' title='Christian Gross'  height=\"800\" width=\"800\"  itemprop=\"thumbnailUrl\" data-srcset=\"https:\/\/i0.wp.com\/gross-autohaus.de\/wp-content\/uploads\/2021\/11\/christian_gross.jpg?w=800&amp;ssl=1 800w, https:\/\/i0.wp.com\/gross-autohaus.de\/wp-content\/uploads\/2021\/11\/christian_gross.jpg?resize=300%2C300&amp;ssl=1 300w, https:\/\/i0.wp.com\/gross-autohaus.de\/wp-content\/uploads\/2021\/11\/christian_gross.jpg?resize=80%2C80&amp;ssl=1 80w, https:\/\/i0.wp.com\/gross-autohaus.de\/wp-content\/uploads\/2021\/11\/christian_gross.jpg?resize=768%2C768&amp;ssl=1 768w, https:\/\/i0.wp.com\/gross-autohaus.de\/wp-content\/uploads\/2021\/11\/christian_gross.jpg?resize=36%2C36&amp;ssl=1 36w, https:\/\/i0.wp.com\/gross-autohaus.de\/wp-content\/uploads\/2021\/11\/christian_gross.jpg?resize=180%2C180&amp;ssl=1 180w, https:\/\/i0.wp.com\/gross-autohaus.de\/wp-content\/uploads\/2021\/11\/christian_gross.jpg?resize=705%2C705&amp;ssl=1 705w\" data-sizes=\"(max-width: 800px) 100vw, 800px\" src=\"data:image\/svg+xml;base64,PHN2ZyB3aWR0aD0iMSIgaGVpZ2h0PSIxIiB4bWxucz0iaHR0cDovL3d3dy53My5vcmcvMjAwMC9zdmciPjwvc3ZnPg==\" style=\"--smush-placeholder-width: 800px; --smush-placeholder-aspect-ratio: 800\/800;\" \/><\/div><\/div><\/div><br \/>\n\n<style type=\"text\/css\" data-created_by=\"avia_inline_auto\" id=\"style-css-av-anmnvnk-d12edeb2de72c1254868c4270d98f429\">\n#top .hr.av-anmnvnk-d12edeb2de72c1254868c4270d98f429{\nmargin-top:50;\nmargin-bottom:50;\n}\n.hr.av-anmnvnk-d12edeb2de72c1254868c4270d98f429 .hr-inner{\nwidth:100%;\nborder-color:#dd0b16;\n}\n<\/style>\n<div  class='hr av-anmnvnk-d12edeb2de72c1254868c4270d98f429 hr-custom  avia-builder-el-134  el_after_av_image  el_before_av_textblock  hr-center hr-icon-no '><span class='hr-inner inner-border-av-border-thin'><span class=\"hr-inner-style\"><\/span><\/span><\/div><br \/>\n<section class=\"av_textblock_section \"  itemscope=\"itemscope\" itemtype=\"https:\/\/schema.org\/CreativeWork\" ><div class='avia_textblock  '   itemprop=\"text\" ><h3>Christian Gross<\/h3>\n<p>Inhaber \/ Gesch\u00e4ftsf\u00fchrer<\/p>\n<p>Tel. 09621\/970000<br \/>\n<a href=\"mailto:c.gross@gross-autohaus.de\">c.gross@gross-autohaus.de<\/a><\/p>\n<\/div><\/section><br \/>\n\n<style type=\"text\/css\" data-created_by=\"avia_inline_auto\" id=\"style-css-av-ajselk0-88dbd908c4ac51db74595be3c5445066\">\n#top .hr.hr-invisible.av-ajselk0-88dbd908c4ac51db74595be3c5445066{\nheight:50px;\n}\n<\/style>\n<div  class='hr av-ajselk0-88dbd908c4ac51db74595be3c5445066 hr-invisible  avia-builder-el-136  el_after_av_textblock  avia-builder-el-last  '><span class='hr-inner '><span class=\"hr-inner-style\"><\/span><\/span><\/div><\/p><\/div><div class='av-flex-placeholder'><\/div><div class='flex_column av-11qox0w-5624eaaf3218da04265b5ba37574fcf1 av_one_fourth  avia-builder-el-137  el_after_av_one_fourth  el_before_av_one_fourth  flex_column_table_cell av-equal-height-column av-align-top '   ><p>\n<style type=\"text\/css\" data-created_by=\"avia_inline_auto\" id=\"style-css-av-aftxs7k-7f0818ab057232073e33b01885dbdf73\">\n.avia-image-container.av-aftxs7k-7f0818ab057232073e33b01885dbdf73 .av-image-caption-overlay-center{\ncolor:#ffffff;\n}\n<\/style>\n<div  class='avia-image-container av-aftxs7k-7f0818ab057232073e33b01885dbdf73 av-styling-circle avia_animated_image avia_animate_when_almost_visible pop-up avia-align-center  avia-builder-el-138  el_before_av_hr  avia-builder-el-first  '  itemprop=\"image\" itemscope=\"itemscope\" itemtype=\"https:\/\/schema.org\/ImageObject\" ><div class=\"avia-image-container-inner\"><div class=\"avia-image-overlay-wrap\"><img decoding=\"async\" class='wp-image-207 avia-img-lazy-loading-not-207 avia_image lazyload' data-src=\"https:\/\/i0.wp.com\/gross-autohaus.de\/wp-content\/uploads\/2021\/11\/diana_gross.jpg?fit=800%2C800&ssl=1\" alt='Autohaus, Autohaus Amberg, Autoh\u00e4ndler, KFZ-Werkstatt, TOYOTA Partner, Toyota, Toyota-H\u00e4ndler, KFZ-Meisterbetrieb, Auto, Autos, Neuwagen, Gebrauchtwagen, Gebrauchtwagenh\u00e4ndler, Ersatzteile, Paulsdorf, Amberg, Landkreis Amberg-Sulzbach, Schwandorf, Weiden, Oberpfalz, Autohaus Gross' title='Diana Gross'  height=\"800\" width=\"800\"  itemprop=\"thumbnailUrl\" data-srcset=\"https:\/\/i0.wp.com\/gross-autohaus.de\/wp-content\/uploads\/2021\/11\/diana_gross.jpg?w=800&amp;ssl=1 800w, https:\/\/i0.wp.com\/gross-autohaus.de\/wp-content\/uploads\/2021\/11\/diana_gross.jpg?resize=300%2C300&amp;ssl=1 300w, https:\/\/i0.wp.com\/gross-autohaus.de\/wp-content\/uploads\/2021\/11\/diana_gross.jpg?resize=80%2C80&amp;ssl=1 80w, https:\/\/i0.wp.com\/gross-autohaus.de\/wp-content\/uploads\/2021\/11\/diana_gross.jpg?resize=768%2C768&amp;ssl=1 768w, https:\/\/i0.wp.com\/gross-autohaus.de\/wp-content\/uploads\/2021\/11\/diana_gross.jpg?resize=36%2C36&amp;ssl=1 36w, https:\/\/i0.wp.com\/gross-autohaus.de\/wp-content\/uploads\/2021\/11\/diana_gross.jpg?resize=180%2C180&amp;ssl=1 180w, https:\/\/i0.wp.com\/gross-autohaus.de\/wp-content\/uploads\/2021\/11\/diana_gross.jpg?resize=705%2C705&amp;ssl=1 705w\" data-sizes=\"(max-width: 800px) 100vw, 800px\" src=\"data:image\/svg+xml;base64,PHN2ZyB3aWR0aD0iMSIgaGVpZ2h0PSIxIiB4bWxucz0iaHR0cDovL3d3dy53My5vcmcvMjAwMC9zdmciPjwvc3ZnPg==\" style=\"--smush-placeholder-width: 800px; --smush-placeholder-aspect-ratio: 800\/800;\" \/><\/div><\/div><\/div><br \/>\n\n<style type=\"text\/css\" data-created_by=\"avia_inline_auto\" id=\"style-css-av-aem7pjk-f38f0149b34377959c67577f1e2788aa\">\n#top .hr.av-aem7pjk-f38f0149b34377959c67577f1e2788aa{\nmargin-top:50;\nmargin-bottom:50;\n}\n.hr.av-aem7pjk-f38f0149b34377959c67577f1e2788aa .hr-inner{\nwidth:100%;\nborder-color:#dd0b16;\n}\n<\/style>\n<div  class='hr av-aem7pjk-f38f0149b34377959c67577f1e2788aa hr-custom  avia-builder-el-139  el_after_av_image  el_before_av_textblock  hr-center hr-icon-no '><span class='hr-inner inner-border-av-border-thin'><span class=\"hr-inner-style\"><\/span><\/span><\/div><br \/>\n<section class=\"av_textblock_section \"  itemscope=\"itemscope\" itemtype=\"https:\/\/schema.org\/CreativeWork\" ><div class='avia_textblock  '   itemprop=\"text\" ><h3>Diana Gross<\/h3>\n<p>Buchhaltung<\/p>\n<p>Tel. 09621\/970000<br \/>\n<a href=\"mailto:d.gross@gross-autohaus.de\">d.gross@gross-autohaus.de<\/a><\/p>\n<\/div><\/section><br \/>\n\n<style type=\"text\/css\" data-created_by=\"avia_inline_auto\" id=\"style-css-av-abus3sw-7dca0f2f1957ace8640dddf3f141a85e\">\n#top .hr.hr-invisible.av-abus3sw-7dca0f2f1957ace8640dddf3f141a85e{\nheight:50px;\n}\n<\/style>\n<div  class='hr av-abus3sw-7dca0f2f1957ace8640dddf3f141a85e hr-invisible  avia-builder-el-141  el_after_av_textblock  avia-builder-el-last  '><span class='hr-inner '><span class=\"hr-inner-style\"><\/span><\/span><\/div><\/p><\/div><div class='av-flex-placeholder'><\/div><div class='flex_column av-a9x63r4-74906e07736bb21b1d198face0d549f8 av_one_fourth  avia-builder-el-142  el_after_av_one_fourth  el_before_av_one_fourth  flex_column_table_cell av-equal-height-column av-align-top '   ><p>\n<style type=\"text\/css\" data-created_by=\"avia_inline_auto\" id=\"style-css-av-a7j9gvk-341a17ea8a99d8bf2030cd58f76b7bbb\">\n.avia-image-container.av-a7j9gvk-341a17ea8a99d8bf2030cd58f76b7bbb .av-image-caption-overlay-center{\ncolor:#ffffff;\n}\n<\/style>\n<div  class='avia-image-container av-a7j9gvk-341a17ea8a99d8bf2030cd58f76b7bbb av-styling-circle avia_animated_image avia_animate_when_almost_visible pop-up avia-align-center  avia-builder-el-143  el_before_av_hr  avia-builder-el-first  '  itemprop=\"image\" itemscope=\"itemscope\" itemtype=\"https:\/\/schema.org\/ImageObject\" ><div class=\"avia-image-container-inner\"><div class=\"avia-image-overlay-wrap\"><img decoding=\"async\" class='wp-image-209 avia-img-lazy-loading-not-209 avia_image lazyload' data-src=\"https:\/\/i0.wp.com\/gross-autohaus.de\/wp-content\/uploads\/2021\/11\/nina_gross.jpg?fit=800%2C800&ssl=1\" alt='Autohaus, Autohaus Amberg, Autoh\u00e4ndler, KFZ-Werkstatt, TOYOTA Partner, Toyota, Toyota-H\u00e4ndler, KFZ-Meisterbetrieb, Auto, Autos, Neuwagen, Gebrauchtwagen, Gebrauchtwagenh\u00e4ndler, Ersatzteile, Paulsdorf, Amberg, Landkreis Amberg-Sulzbach, Schwandorf, Weiden, Oberpfalz, Autohaus Gross' title='Nina Gross'  height=\"800\" width=\"800\"  itemprop=\"thumbnailUrl\" data-srcset=\"https:\/\/i0.wp.com\/gross-autohaus.de\/wp-content\/uploads\/2021\/11\/nina_gross.jpg?w=800&amp;ssl=1 800w, https:\/\/i0.wp.com\/gross-autohaus.de\/wp-content\/uploads\/2021\/11\/nina_gross.jpg?resize=300%2C300&amp;ssl=1 300w, https:\/\/i0.wp.com\/gross-autohaus.de\/wp-content\/uploads\/2021\/11\/nina_gross.jpg?resize=80%2C80&amp;ssl=1 80w, https:\/\/i0.wp.com\/gross-autohaus.de\/wp-content\/uploads\/2021\/11\/nina_gross.jpg?resize=768%2C768&amp;ssl=1 768w, https:\/\/i0.wp.com\/gross-autohaus.de\/wp-content\/uploads\/2021\/11\/nina_gross.jpg?resize=36%2C36&amp;ssl=1 36w, https:\/\/i0.wp.com\/gross-autohaus.de\/wp-content\/uploads\/2021\/11\/nina_gross.jpg?resize=180%2C180&amp;ssl=1 180w, https:\/\/i0.wp.com\/gross-autohaus.de\/wp-content\/uploads\/2021\/11\/nina_gross.jpg?resize=705%2C705&amp;ssl=1 705w\" data-sizes=\"(max-width: 800px) 100vw, 800px\" src=\"data:image\/svg+xml;base64,PHN2ZyB3aWR0aD0iMSIgaGVpZ2h0PSIxIiB4bWxucz0iaHR0cDovL3d3dy53My5vcmcvMjAwMC9zdmciPjwvc3ZnPg==\" style=\"--smush-placeholder-width: 800px; --smush-placeholder-aspect-ratio: 800\/800;\" \/><\/div><\/div><\/div><br \/>\n\n<style type=\"text\/css\" data-created_by=\"avia_inline_auto\" id=\"style-css-av-a68kvc0-5b345f59dfd1238154671a1d9d27bc47\">\n#top .hr.av-a68kvc0-5b345f59dfd1238154671a1d9d27bc47{\nmargin-top:50;\nmargin-bottom:50;\n}\n.hr.av-a68kvc0-5b345f59dfd1238154671a1d9d27bc47 .hr-inner{\nwidth:100%;\nborder-color:#dd0b16;\n}\n<\/style>\n<div  class='hr av-a68kvc0-5b345f59dfd1238154671a1d9d27bc47 hr-custom  avia-builder-el-144  el_after_av_image  el_before_av_textblock  hr-center hr-icon-no '><span class='hr-inner inner-border-av-border-thin'><span class=\"hr-inner-style\"><\/span><\/span><\/div><br \/>\n<section class=\"av_textblock_section \"  itemscope=\"itemscope\" itemtype=\"https:\/\/schema.org\/CreativeWork\" ><div class='avia_textblock  '   itemprop=\"text\" ><h3>Nina Gross<\/h3>\n<p>Buchhaltung \/ gepr\u00fcfte Bilanzbuchhalterin der IHK<\/p>\n<p>Tel. 09621\/970000<br \/>\n<a href=\"mailto:n.gross@gross-autohaus.de\">n.gross@gross-autohaus.de<\/a><\/p>\n<\/div><\/section><br \/>\n\n<style type=\"text\/css\" data-created_by=\"avia_inline_auto\" id=\"style-css-av-a2kfa6o-122544384d0a3c9b132117642e00bad4\">\n#top .hr.hr-invisible.av-a2kfa6o-122544384d0a3c9b132117642e00bad4{\nheight:50px;\n}\n<\/style>\n<div  class='hr av-a2kfa6o-122544384d0a3c9b132117642e00bad4 hr-invisible  avia-builder-el-146  el_after_av_textblock  avia-builder-el-last  '><span class='hr-inner '><span class=\"hr-inner-style\"><\/span><\/span><\/div><\/p><\/div><div class='av-flex-placeholder'><\/div><div class='flex_column av-a22bx40-e6423ede38ca5a6680c2ebc864acef79 av_one_fourth  avia-builder-el-147  el_after_av_one_fourth  avia-builder-el-last  flex_column_table_cell av-equal-height-column av-align-top '   ><p>\n<style type=\"text\/css\" data-created_by=\"avia_inline_auto\" id=\"style-css-av-9zzil8g-cf7cf3920d9ca041a1ced587bf86d227\">\n.avia-image-container.av-9zzil8g-cf7cf3920d9ca041a1ced587bf86d227 .av-image-caption-overlay-center{\ncolor:#ffffff;\n}\n<\/style>\n<div  class='avia-image-container av-9zzil8g-cf7cf3920d9ca041a1ced587bf86d227 av-styling-circle avia_animated_image avia_animate_when_almost_visible pop-up avia-align-center  avia-builder-el-148  el_before_av_hr  avia-builder-el-first  '  itemprop=\"image\" itemscope=\"itemscope\" itemtype=\"https:\/\/schema.org\/ImageObject\" ><div class=\"avia-image-container-inner\"><div class=\"avia-image-overlay-wrap\"><a href=\"https:\/\/www.instagram.com\/groxden\/\" class=\"avia_image\" target=\"_blank\" rel=\"noopener\"><img decoding=\"async\" width=\"800\" height=\"800\" class='wp-image-211 avia-img-lazy-loading-not-211 avia_image lazyload' data-src=\"https:\/\/i0.wp.com\/gross-autohaus.de\/wp-content\/uploads\/2021\/11\/dennis_gross.jpg?fit=800%2C800&ssl=1\" alt='Autohaus, Autohaus Amberg, Autoh\u00e4ndler, KFZ-Werkstatt, TOYOTA Partner, Toyota, Toyota-H\u00e4ndler, KFZ-Meisterbetrieb, Auto, Autos, Neuwagen, Gebrauchtwagen, Gebrauchtwagenh\u00e4ndler, Ersatzteile, Paulsdorf, Amberg, Landkreis Amberg-Sulzbach, Schwandorf, Weiden, Oberpfalz, Autohaus Gross' title='Dennis Gross'  itemprop=\"thumbnailUrl\" data-srcset=\"https:\/\/i0.wp.com\/gross-autohaus.de\/wp-content\/uploads\/2021\/11\/dennis_gross.jpg?w=800&amp;ssl=1 800w, https:\/\/i0.wp.com\/gross-autohaus.de\/wp-content\/uploads\/2021\/11\/dennis_gross.jpg?resize=300%2C300&amp;ssl=1 300w, https:\/\/i0.wp.com\/gross-autohaus.de\/wp-content\/uploads\/2021\/11\/dennis_gross.jpg?resize=80%2C80&amp;ssl=1 80w, https:\/\/i0.wp.com\/gross-autohaus.de\/wp-content\/uploads\/2021\/11\/dennis_gross.jpg?resize=768%2C768&amp;ssl=1 768w, https:\/\/i0.wp.com\/gross-autohaus.de\/wp-content\/uploads\/2021\/11\/dennis_gross.jpg?resize=36%2C36&amp;ssl=1 36w, https:\/\/i0.wp.com\/gross-autohaus.de\/wp-content\/uploads\/2021\/11\/dennis_gross.jpg?resize=180%2C180&amp;ssl=1 180w, https:\/\/i0.wp.com\/gross-autohaus.de\/wp-content\/uploads\/2021\/11\/dennis_gross.jpg?resize=705%2C705&amp;ssl=1 705w\" data-sizes=\"(max-width: 800px) 100vw, 800px\" src=\"data:image\/svg+xml;base64,PHN2ZyB3aWR0aD0iMSIgaGVpZ2h0PSIxIiB4bWxucz0iaHR0cDovL3d3dy53My5vcmcvMjAwMC9zdmciPjwvc3ZnPg==\" style=\"--smush-placeholder-width: 800px; --smush-placeholder-aspect-ratio: 800\/800;\" \/><\/a><\/div><\/div><\/div><br \/>\n\n<style type=\"text\/css\" data-created_by=\"avia_inline_auto\" id=\"style-css-av-9ydsef4-23e5c512c8f7d6b2375af9e01ab1a084\">\n#top .hr.av-9ydsef4-23e5c512c8f7d6b2375af9e01ab1a084{\nmargin-top:50;\nmargin-bottom:50;\n}\n.hr.av-9ydsef4-23e5c512c8f7d6b2375af9e01ab1a084 .hr-inner{\nwidth:100%;\nborder-color:#dd0b16;\n}\n<\/style>\n<div  class='hr av-9ydsef4-23e5c512c8f7d6b2375af9e01ab1a084 hr-custom  avia-builder-el-149  el_after_av_image  el_before_av_textblock  hr-center hr-icon-no '><span class='hr-inner inner-border-av-border-thin'><span class=\"hr-inner-style\"><\/span><\/span><\/div><br \/>\n<section class=\"av_textblock_section \"  itemscope=\"itemscope\" itemtype=\"https:\/\/schema.org\/CreativeWork\" ><div class='avia_textblock  '   itemprop=\"text\" ><h3>Dennis Gross<\/h3>\n<p>Verkaufsleitung \/ Kfz-Technikermeister<\/p>\n<p>Tel. 09621\/970000<br \/>\n<a href=\"mailto:dennis.gross@gross-autohaus.de\">dennis.gross@gross-autohaus.de<\/a><\/p>\n<\/div><\/section><br \/>\n\n<style type=\"text\/css\" data-created_by=\"avia_inline_auto\" id=\"style-css-av-zi7ywg-ea0116e0a81beb69d7722b8fa1c68d93\">\n#top .hr.hr-invisible.av-zi7ywg-ea0116e0a81beb69d7722b8fa1c68d93{\nheight:50px;\n}\n<\/style>\n<div  class='hr av-zi7ywg-ea0116e0a81beb69d7722b8fa1c68d93 hr-invisible  avia-builder-el-151  el_after_av_textblock  avia-builder-el-last  '><span class='hr-inner '><span class=\"hr-inner-style\"><\/span><\/span><\/div><\/p><\/div><\/div><!--close column table wrapper. Autoclose: 1 -->\n\n<\/div><\/div><\/div><!-- close content main div --><\/div><\/div><div id='service'  class='avia-section av-9tld1ww-137fad99ded21d368313cd740f41977f main_color avia-section-default avia-no-border-styling  avia-builder-el-152  el_after_av_section  el_before_av_section  avia-bg-style-scroll  av-desktop-hide av-medium-hide av-small-hide av-mini-hide container_wrap fullsize'  ><div class='container av-section-cont-open' ><div class='template-page content  av-content-full alpha units'><div class='post-entry post-entry-type-page post-entry-1072'><div class='entry-content-wrapper clearfix'>\n\n<style type=\"text\/css\" data-created_by=\"avia_inline_auto\" id=\"style-css-av-9rsp5wg-0e1716ba15ea9e0ff3e9a8e00fb8f43c\">\n#top .av-special-heading.av-9rsp5wg-0e1716ba15ea9e0ff3e9a8e00fb8f43c{\npadding-bottom:10px;\n}\n<\/style>\n<div  class='av-special-heading av-9rsp5wg-0e1716ba15ea9e0ff3e9a8e00fb8f43c av-special-heading-h2 blockquote modern-quote  avia-builder-el-153  el_before_av_hr  avia-builder-el-first  '><h2 class='av-special-heading-tag  av-mini-font-size-overwrite av-mini-font-size-20'  itemprop=\"headline\"  >Service \/ Verkauf<\/h2><div class='special-heading-border'><div class='special-heading-inner-border'><\/div><\/div><\/div>\n\n<style type=\"text\/css\" data-created_by=\"avia_inline_auto\" id=\"style-css-av-9pj4s0w-9617cf536f6bef70935d8ab7d0a723f6\">\n#top .hr.av-9pj4s0w-9617cf536f6bef70935d8ab7d0a723f6{\nmargin-top:50;\nmargin-bottom:50;\n}\n.hr.av-9pj4s0w-9617cf536f6bef70935d8ab7d0a723f6 .hr-inner{\nwidth:100%;\nborder-color:#dd0b16;\n}\n<\/style>\n<div  class='hr av-9pj4s0w-9617cf536f6bef70935d8ab7d0a723f6 hr-custom  avia-builder-el-154  el_after_av_heading  el_before_av_one_fourth  hr-center hr-icon-no '><span class='hr-inner inner-border-av-border-thin'><span class=\"hr-inner-style\"><\/span><\/span><\/div>\n<div class='flex_column_table av-9olj2n4-0577469a97df838aec90bcbdd47278c1 sc-av_one_fourth av-equal-height-column-flextable'><div class='flex_column av-9olj2n4-0577469a97df838aec90bcbdd47278c1 av_one_fourth  avia-builder-el-155  el_after_av_hr  el_before_av_one_fourth  first flex_column_table_cell av-equal-height-column av-align-top '   ><p>\n<style type=\"text\/css\" data-created_by=\"avia_inline_auto\" id=\"style-css-av-9lv9oyo-14dd992458e453c1020e580fa31fa2bb\">\n.avia-image-container.av-9lv9oyo-14dd992458e453c1020e580fa31fa2bb .av-image-caption-overlay-center{\ncolor:#ffffff;\n}\n<\/style>\n<div  class='avia-image-container av-9lv9oyo-14dd992458e453c1020e580fa31fa2bb av-styling-circle avia_animated_image avia_animate_when_almost_visible pop-up avia-align-center  avia-builder-el-156  el_before_av_hr  avia-builder-el-first  '  itemprop=\"image\" itemscope=\"itemscope\" itemtype=\"https:\/\/schema.org\/ImageObject\" ><div class=\"avia-image-container-inner\"><div class=\"avia-image-overlay-wrap\"><img decoding=\"async\" class='wp-image-226 avia-img-lazy-loading-not-226 avia_image lazyload' data-src=\"https:\/\/i0.wp.com\/gross-autohaus.de\/wp-content\/uploads\/2021\/11\/barbara_lippert.jpg?fit=800%2C800&ssl=1\" alt='Autohaus, Autohaus Amberg, Autoh\u00e4ndler, KFZ-Werkstatt, TOYOTA Partner, Toyota, Toyota-H\u00e4ndler, KFZ-Meisterbetrieb, Auto, Autos, Neuwagen, Gebrauchtwagen, Gebrauchtwagenh\u00e4ndler, Ersatzteile, Paulsdorf, Amberg, Landkreis Amberg-Sulzbach, Schwandorf, Weiden, Oberpfalz, Autohaus Gross' title='Autohaus, Autohaus Amberg, Autoh\u00e4ndler, KFZ-Werkstatt, TOYOTA Partner, Toyota, Toyota-H\u00e4ndler, KFZ-Meisterbetrieb, Auto, Autos, Neuwagen, Gebrauchtwagen, Gebrauchtwagenh\u00e4ndler, Ersatzteile, Paulsdorf, Amberg, Landkreis Amberg-Sulzbach, Schwandorf, Weiden, Oberpfalz, Autohaus Gross'  height=\"800\" width=\"800\"  itemprop=\"thumbnailUrl\" data-srcset=\"https:\/\/i0.wp.com\/gross-autohaus.de\/wp-content\/uploads\/2021\/11\/barbara_lippert.jpg?w=800&amp;ssl=1 800w, https:\/\/i0.wp.com\/gross-autohaus.de\/wp-content\/uploads\/2021\/11\/barbara_lippert.jpg?resize=300%2C300&amp;ssl=1 300w, https:\/\/i0.wp.com\/gross-autohaus.de\/wp-content\/uploads\/2021\/11\/barbara_lippert.jpg?resize=80%2C80&amp;ssl=1 80w, https:\/\/i0.wp.com\/gross-autohaus.de\/wp-content\/uploads\/2021\/11\/barbara_lippert.jpg?resize=768%2C768&amp;ssl=1 768w, https:\/\/i0.wp.com\/gross-autohaus.de\/wp-content\/uploads\/2021\/11\/barbara_lippert.jpg?resize=36%2C36&amp;ssl=1 36w, https:\/\/i0.wp.com\/gross-autohaus.de\/wp-content\/uploads\/2021\/11\/barbara_lippert.jpg?resize=180%2C180&amp;ssl=1 180w, https:\/\/i0.wp.com\/gross-autohaus.de\/wp-content\/uploads\/2021\/11\/barbara_lippert.jpg?resize=705%2C705&amp;ssl=1 705w\" data-sizes=\"(max-width: 800px) 100vw, 800px\" src=\"data:image\/svg+xml;base64,PHN2ZyB3aWR0aD0iMSIgaGVpZ2h0PSIxIiB4bWxucz0iaHR0cDovL3d3dy53My5vcmcvMjAwMC9zdmciPjwvc3ZnPg==\" style=\"--smush-placeholder-width: 800px; --smush-placeholder-aspect-ratio: 800\/800;\" \/><\/div><\/div><\/div><br \/>\n\n<style type=\"text\/css\" data-created_by=\"avia_inline_auto\" id=\"style-css-av-9kt7nz4-5ac29975bf9abfac28278560c15a279c\">\n#top .hr.av-9kt7nz4-5ac29975bf9abfac28278560c15a279c{\nmargin-top:50;\nmargin-bottom:50;\n}\n.hr.av-9kt7nz4-5ac29975bf9abfac28278560c15a279c .hr-inner{\nwidth:100%;\nborder-color:#dd0b16;\n}\n<\/style>\n<div  class='hr av-9kt7nz4-5ac29975bf9abfac28278560c15a279c hr-custom  avia-builder-el-157  el_after_av_image  el_before_av_textblock  hr-center hr-icon-no '><span class='hr-inner inner-border-av-border-thin'><span class=\"hr-inner-style\"><\/span><\/span><\/div><br \/>\n<section class=\"av_textblock_section \"  itemscope=\"itemscope\" itemtype=\"https:\/\/schema.org\/CreativeWork\" ><div class='avia_textblock  '   itemprop=\"text\" ><h3 class=\"team-member-name\">Barbara Lippert<\/h3>\n<p>Service \/ Kundenempfang \/ Aftersales<\/p>\n<p>Tel. 09621\/970000<br \/>\n<a href=\"mailto:b.lippert@gross-autohaus.de\">b.lippert@gross-autohaus.de<\/a><\/p>\n<\/div><\/section><br \/>\n\n<style type=\"text\/css\" data-created_by=\"avia_inline_auto\" id=\"style-css-av-3f0e4g-f5035cba0541e93b30ffeececa2c522d\">\n#top .hr.hr-invisible.av-3f0e4g-f5035cba0541e93b30ffeececa2c522d{\nheight:50px;\n}\n<\/style>\n<div  class='hr av-3f0e4g-f5035cba0541e93b30ffeececa2c522d hr-invisible  avia-builder-el-159  el_after_av_textblock  avia-builder-el-last  '><span class='hr-inner '><span class=\"hr-inner-style\"><\/span><\/span><\/div><\/p><\/div><div class='av-flex-placeholder'><\/div><div class='flex_column av-9fn9zr4-6cc740992f3b706de89559991a312f19 av_one_fourth  avia-builder-el-160  el_after_av_one_fourth  el_before_av_one_fourth  flex_column_table_cell av-equal-height-column av-align-top '   ><p>\n<style type=\"text\/css\" data-created_by=\"avia_inline_auto\" id=\"style-css-av-9dkflao-2d3983b7b63d8c59794b4402ca1b6db5\">\n.avia-image-container.av-9dkflao-2d3983b7b63d8c59794b4402ca1b6db5 .av-image-caption-overlay-center{\ncolor:#ffffff;\n}\n<\/style>\n<div  class='avia-image-container av-9dkflao-2d3983b7b63d8c59794b4402ca1b6db5 av-styling-circle avia_animated_image avia_animate_when_almost_visible pop-up avia-align-center  avia-builder-el-161  el_before_av_hr  avia-builder-el-first  '  itemprop=\"image\" itemscope=\"itemscope\" itemtype=\"https:\/\/schema.org\/ImageObject\" ><div class=\"avia-image-container-inner\"><div class=\"avia-image-overlay-wrap\"><img decoding=\"async\" class='wp-image-225 avia-img-lazy-loading-not-225 avia_image lazyload' data-src=\"https:\/\/i0.wp.com\/gross-autohaus.de\/wp-content\/uploads\/2021\/11\/sebastian_bachmann.jpg?fit=800%2C800&ssl=1\" alt='Autohaus, Autohaus Amberg, Autoh\u00e4ndler, KFZ-Werkstatt, TOYOTA Partner, Toyota, Toyota-H\u00e4ndler, KFZ-Meisterbetrieb, Auto, Autos, Neuwagen, Gebrauchtwagen, Gebrauchtwagenh\u00e4ndler, Ersatzteile, Paulsdorf, Amberg, Landkreis Amberg-Sulzbach, Schwandorf, Weiden, Oberpfalz, Autohaus Gross' title='Autohaus, Autohaus Amberg, Autoh\u00e4ndler, KFZ-Werkstatt, TOYOTA Partner, Toyota, Toyota-H\u00e4ndler, KFZ-Meisterbetrieb, Auto, Autos, Neuwagen, Gebrauchtwagen, Gebrauchtwagenh\u00e4ndler, Ersatzteile, Paulsdorf, Amberg, Landkreis Amberg-Sulzbach, Schwandorf, Weiden, Oberpfalz, Autohaus Gross'  height=\"800\" width=\"800\"  itemprop=\"thumbnailUrl\" data-srcset=\"https:\/\/i0.wp.com\/gross-autohaus.de\/wp-content\/uploads\/2021\/11\/sebastian_bachmann.jpg?w=800&amp;ssl=1 800w, https:\/\/i0.wp.com\/gross-autohaus.de\/wp-content\/uploads\/2021\/11\/sebastian_bachmann.jpg?resize=300%2C300&amp;ssl=1 300w, https:\/\/i0.wp.com\/gross-autohaus.de\/wp-content\/uploads\/2021\/11\/sebastian_bachmann.jpg?resize=80%2C80&amp;ssl=1 80w, https:\/\/i0.wp.com\/gross-autohaus.de\/wp-content\/uploads\/2021\/11\/sebastian_bachmann.jpg?resize=768%2C768&amp;ssl=1 768w, https:\/\/i0.wp.com\/gross-autohaus.de\/wp-content\/uploads\/2021\/11\/sebastian_bachmann.jpg?resize=36%2C36&amp;ssl=1 36w, https:\/\/i0.wp.com\/gross-autohaus.de\/wp-content\/uploads\/2021\/11\/sebastian_bachmann.jpg?resize=180%2C180&amp;ssl=1 180w, https:\/\/i0.wp.com\/gross-autohaus.de\/wp-content\/uploads\/2021\/11\/sebastian_bachmann.jpg?resize=705%2C705&amp;ssl=1 705w\" data-sizes=\"(max-width: 800px) 100vw, 800px\" src=\"data:image\/svg+xml;base64,PHN2ZyB3aWR0aD0iMSIgaGVpZ2h0PSIxIiB4bWxucz0iaHR0cDovL3d3dy53My5vcmcvMjAwMC9zdmciPjwvc3ZnPg==\" style=\"--smush-placeholder-width: 800px; --smush-placeholder-aspect-ratio: 800\/800;\" \/><\/div><\/div><\/div><br \/>\n\n<style type=\"text\/css\" data-created_by=\"avia_inline_auto\" id=\"style-css-av-9d1d2sg-5d5a4b0d31107285a4035d53b1018e87\">\n#top .hr.av-9d1d2sg-5d5a4b0d31107285a4035d53b1018e87{\nmargin-top:50;\nmargin-bottom:50;\n}\n.hr.av-9d1d2sg-5d5a4b0d31107285a4035d53b1018e87 .hr-inner{\nwidth:100%;\nborder-color:#dd0b16;\n}\n<\/style>\n<div  class='hr av-9d1d2sg-5d5a4b0d31107285a4035d53b1018e87 hr-custom  avia-builder-el-162  el_after_av_image  el_before_av_textblock  hr-center hr-icon-no '><span class='hr-inner inner-border-av-border-thin'><span class=\"hr-inner-style\"><\/span><\/span><\/div><br \/>\n<section class=\"av_textblock_section \"  itemscope=\"itemscope\" itemtype=\"https:\/\/schema.org\/CreativeWork\" ><div class='avia_textblock  '   itemprop=\"text\" ><h3 class=\"team-member-name\">Sebastian Bachmann<\/h3>\n<p>Service \/ Kundenempfang \/ Aftersales<\/p>\n<p>Tel. 09621\/970000<br \/>\ns.bachmann@gross-automobile.com<\/p>\n<\/div><\/section><br \/>\n\n<style type=\"text\/css\" data-created_by=\"avia_inline_auto\" id=\"style-css-av-99oe0ds-c952420f2bf4a59a57e69f9060f628ca\">\n#top .hr.hr-invisible.av-99oe0ds-c952420f2bf4a59a57e69f9060f628ca{\nheight:50px;\n}\n<\/style>\n<div  class='hr av-99oe0ds-c952420f2bf4a59a57e69f9060f628ca hr-invisible  avia-builder-el-164  el_after_av_textblock  avia-builder-el-last  '><span class='hr-inner '><span class=\"hr-inner-style\"><\/span><\/span><\/div><\/p><\/div><div class='av-flex-placeholder'><\/div><div class='flex_column av-97lh91s-ffc5f1963e471cd77e6c57a25ca42978 av_one_fourth  avia-builder-el-165  el_after_av_one_fourth  el_before_av_one_fourth  flex_column_table_cell av-equal-height-column av-align-top '   ><p>\n<style type=\"text\/css\" data-created_by=\"avia_inline_auto\" id=\"style-css-av-95bkfn4-93e14ae5d3539e30af1b37e5bdbb53b3\">\n.avia-image-container.av-95bkfn4-93e14ae5d3539e30af1b37e5bdbb53b3 .av-image-caption-overlay-center{\ncolor:#ffffff;\n}\n<\/style>\n<div  class='avia-image-container av-95bkfn4-93e14ae5d3539e30af1b37e5bdbb53b3 av-styling-circle avia_animated_image avia_animate_when_almost_visible pop-up avia-align-center  avia-builder-el-166  el_before_av_hr  avia-builder-el-first  '  itemprop=\"image\" itemscope=\"itemscope\" itemtype=\"https:\/\/schema.org\/ImageObject\" ><div class=\"avia-image-container-inner\"><div class=\"avia-image-overlay-wrap\"><img decoding=\"async\" class='wp-image-220 avia-img-lazy-loading-not-220 avia_image lazyload' data-src=\"https:\/\/i0.wp.com\/gross-autohaus.de\/wp-content\/uploads\/2021\/11\/mitarbeiter_1.jpg?fit=800%2C800&ssl=1\" alt='Autohaus, Autohaus Amberg, Autoh\u00e4ndler, KFZ-Werkstatt, TOYOTA Partner, Toyota, Toyota-H\u00e4ndler, KFZ-Meisterbetrieb, Auto, Autos, Neuwagen, Gebrauchtwagen, Gebrauchtwagenh\u00e4ndler, Ersatzteile, Paulsdorf, Amberg, Landkreis Amberg-Sulzbach, Schwandorf, Weiden, Oberpfalz, Autohaus Gross' title='Autohaus, Autohaus Amberg, Autoh\u00e4ndler, KFZ-Werkstatt, TOYOTA Partner, Toyota, Toyota-H\u00e4ndler, KFZ-Meisterbetrieb, Auto, Autos, Neuwagen, Gebrauchtwagen, Gebrauchtwagenh\u00e4ndler, Ersatzteile, Paulsdorf, Amberg, Landkreis Amberg-Sulzbach, Schwandorf, Weiden, Oberpfalz, Autohaus Gross'  height=\"800\" width=\"800\"  itemprop=\"thumbnailUrl\" data-srcset=\"https:\/\/i0.wp.com\/gross-autohaus.de\/wp-content\/uploads\/2021\/11\/mitarbeiter_1.jpg?w=800&amp;ssl=1 800w, https:\/\/i0.wp.com\/gross-autohaus.de\/wp-content\/uploads\/2021\/11\/mitarbeiter_1.jpg?resize=300%2C300&amp;ssl=1 300w, https:\/\/i0.wp.com\/gross-autohaus.de\/wp-content\/uploads\/2021\/11\/mitarbeiter_1.jpg?resize=80%2C80&amp;ssl=1 80w, https:\/\/i0.wp.com\/gross-autohaus.de\/wp-content\/uploads\/2021\/11\/mitarbeiter_1.jpg?resize=768%2C768&amp;ssl=1 768w, https:\/\/i0.wp.com\/gross-autohaus.de\/wp-content\/uploads\/2021\/11\/mitarbeiter_1.jpg?resize=36%2C36&amp;ssl=1 36w, https:\/\/i0.wp.com\/gross-autohaus.de\/wp-content\/uploads\/2021\/11\/mitarbeiter_1.jpg?resize=180%2C180&amp;ssl=1 180w, https:\/\/i0.wp.com\/gross-autohaus.de\/wp-content\/uploads\/2021\/11\/mitarbeiter_1.jpg?resize=705%2C705&amp;ssl=1 705w\" data-sizes=\"(max-width: 800px) 100vw, 800px\" src=\"data:image\/svg+xml;base64,PHN2ZyB3aWR0aD0iMSIgaGVpZ2h0PSIxIiB4bWxucz0iaHR0cDovL3d3dy53My5vcmcvMjAwMC9zdmciPjwvc3ZnPg==\" style=\"--smush-placeholder-width: 800px; --smush-placeholder-aspect-ratio: 800\/800;\" \/><\/div><\/div><\/div><br \/>\n\n<style type=\"text\/css\" data-created_by=\"avia_inline_auto\" id=\"style-css-av-949rmg0-8f5703705502010d6724ac7799e4c862\">\n#top .hr.av-949rmg0-8f5703705502010d6724ac7799e4c862{\nmargin-top:50;\nmargin-bottom:50;\n}\n.hr.av-949rmg0-8f5703705502010d6724ac7799e4c862 .hr-inner{\nwidth:100%;\nborder-color:#dd0b16;\n}\n<\/style>\n<div  class='hr av-949rmg0-8f5703705502010d6724ac7799e4c862 hr-custom  avia-builder-el-167  el_after_av_image  el_before_av_textblock  hr-center hr-icon-no '><span class='hr-inner inner-border-av-border-thin'><span class=\"hr-inner-style\"><\/span><\/span><\/div><br \/>\n<section class=\"av_textblock_section \"  itemscope=\"itemscope\" itemtype=\"https:\/\/schema.org\/CreativeWork\" ><div class='avia_textblock  '   itemprop=\"text\" ><h3 class=\"team-member-name\">Sabine G\u00f6tz<\/h3>\n<p>Verk\u00e4uferin\/Versicherungsexpertin<\/p>\n<p>Tel. 09621\/970000<br \/>\n<a href=\"mailto:s.goetz@gross-autohaus.de\">s.goetz@gross-autohaus.de<\/a><\/p>\n<\/div><\/section><br \/>\n\n<style type=\"text\/css\" data-created_by=\"avia_inline_auto\" id=\"style-css-av-912y6fk-3650f27d3cc66f6a14793d3d459bb0fb\">\n#top .hr.hr-invisible.av-912y6fk-3650f27d3cc66f6a14793d3d459bb0fb{\nheight:50px;\n}\n<\/style>\n<div  class='hr av-912y6fk-3650f27d3cc66f6a14793d3d459bb0fb hr-invisible  avia-builder-el-169  el_after_av_textblock  avia-builder-el-last  '><span class='hr-inner '><span class=\"hr-inner-style\"><\/span><\/span><\/div><\/p><\/div><div class='av-flex-placeholder'><\/div><div class='flex_column av-8z90mwg-fdf5da5e3670e612c659a6e076623b0f av_one_fourth  avia-builder-el-170  el_after_av_one_fourth  avia-builder-el-last  flex_column_table_cell av-equal-height-column av-align-top '   ><p>\n<style type=\"text\/css\" data-created_by=\"avia_inline_auto\" id=\"style-css-av-8xhh1i8-d9dccff64c86b7281bdd73a878e8da44\">\n.avia-image-container.av-8xhh1i8-d9dccff64c86b7281bdd73a878e8da44 .av-image-caption-overlay-center{\ncolor:#ffffff;\n}\n<\/style>\n<div  class='avia-image-container av-8xhh1i8-d9dccff64c86b7281bdd73a878e8da44 av-styling-circle avia_animated_image avia_animate_when_almost_visible pop-up avia-align-center  avia-builder-el-171  el_before_av_image  avia-builder-el-first  '  itemprop=\"image\" itemscope=\"itemscope\" itemtype=\"https:\/\/schema.org\/ImageObject\" ><div class=\"avia-image-container-inner\"><div class=\"avia-image-overlay-wrap\"><img decoding=\"async\" class='wp-image-222 avia-img-lazy-loading-not-222 avia_image lazyload' data-src=\"https:\/\/i0.wp.com\/gross-autohaus.de\/wp-content\/uploads\/2021\/11\/mitarbeiter_3.jpg?fit=800%2C800&ssl=1\" alt='Autohaus, Autohaus Amberg, Autoh\u00e4ndler, KFZ-Werkstatt, TOYOTA Partner, Toyota, Toyota-H\u00e4ndler, KFZ-Meisterbetrieb, Auto, Autos, Neuwagen, Gebrauchtwagen, Gebrauchtwagenh\u00e4ndler, Ersatzteile, Paulsdorf, Amberg, Landkreis Amberg-Sulzbach, Schwandorf, Weiden, Oberpfalz, Autohaus Gross' title='Autohaus, Autohaus Amberg, Autoh\u00e4ndler, KFZ-Werkstatt, TOYOTA Partner, Toyota, Toyota-H\u00e4ndler, KFZ-Meisterbetrieb, Auto, Autos, Neuwagen, Gebrauchtwagen, Gebrauchtwagenh\u00e4ndler, Ersatzteile, Paulsdorf, Amberg, Landkreis Amberg-Sulzbach, Schwandorf, Weiden, Oberpfalz, Autohaus Gross'  height=\"800\" width=\"800\"  itemprop=\"thumbnailUrl\" data-srcset=\"https:\/\/i0.wp.com\/gross-autohaus.de\/wp-content\/uploads\/2021\/11\/mitarbeiter_3.jpg?w=800&amp;ssl=1 800w, https:\/\/i0.wp.com\/gross-autohaus.de\/wp-content\/uploads\/2021\/11\/mitarbeiter_3.jpg?resize=300%2C300&amp;ssl=1 300w, https:\/\/i0.wp.com\/gross-autohaus.de\/wp-content\/uploads\/2021\/11\/mitarbeiter_3.jpg?resize=80%2C80&amp;ssl=1 80w, https:\/\/i0.wp.com\/gross-autohaus.de\/wp-content\/uploads\/2021\/11\/mitarbeiter_3.jpg?resize=768%2C768&amp;ssl=1 768w, https:\/\/i0.wp.com\/gross-autohaus.de\/wp-content\/uploads\/2021\/11\/mitarbeiter_3.jpg?resize=36%2C36&amp;ssl=1 36w, https:\/\/i0.wp.com\/gross-autohaus.de\/wp-content\/uploads\/2021\/11\/mitarbeiter_3.jpg?resize=180%2C180&amp;ssl=1 180w, https:\/\/i0.wp.com\/gross-autohaus.de\/wp-content\/uploads\/2021\/11\/mitarbeiter_3.jpg?resize=705%2C705&amp;ssl=1 705w\" data-sizes=\"(max-width: 800px) 100vw, 800px\" src=\"data:image\/svg+xml;base64,PHN2ZyB3aWR0aD0iMSIgaGVpZ2h0PSIxIiB4bWxucz0iaHR0cDovL3d3dy53My5vcmcvMjAwMC9zdmciPjwvc3ZnPg==\" style=\"--smush-placeholder-width: 800px; --smush-placeholder-aspect-ratio: 800\/800;\" \/><\/div><\/div><\/div><br \/>\n<br \/>\n\n<style type=\"text\/css\" data-created_by=\"avia_inline_auto\" id=\"style-css-av-8u7spsg-360571cb98254e866fdb565a38d50e60\">\n#top .hr.av-8u7spsg-360571cb98254e866fdb565a38d50e60{\nmargin-top:50;\nmargin-bottom:50;\n}\n.hr.av-8u7spsg-360571cb98254e866fdb565a38d50e60 .hr-inner{\nwidth:100%;\nborder-color:#dd0b16;\n}\n<\/style>\n<div  class='hr av-8u7spsg-360571cb98254e866fdb565a38d50e60 hr-custom  avia-builder-el-173  el_after_av_image  el_before_av_textblock  hr-center hr-icon-no '><span class='hr-inner inner-border-av-border-thin'><span class=\"hr-inner-style\"><\/span><\/span><\/div><br \/>\n<section class=\"av_textblock_section \"  itemscope=\"itemscope\" itemtype=\"https:\/\/schema.org\/CreativeWork\" ><div class='avia_textblock  '   itemprop=\"text\" ><h3 class=\"team-member-name\">Burakhan Engin<\/h3>\n<p>Verkaufsazubi<\/p>\n<p>Tel. 09621\/970000<br \/>\n<a href=\"mailto:b.engin@gross-autohaus.de\">b.engin@gross-autohaus.de<\/a><\/p>\n<\/div><\/section><br \/>\n\n<style type=\"text\/css\" data-created_by=\"avia_inline_auto\" id=\"style-css-av-8qtef8w-11a6a7f987ad5ac6890adb35848068ea\">\n#top .hr.hr-invisible.av-8qtef8w-11a6a7f987ad5ac6890adb35848068ea{\nheight:50px;\n}\n<\/style>\n<div  class='hr av-8qtef8w-11a6a7f987ad5ac6890adb35848068ea hr-invisible  avia-builder-el-175  el_after_av_textblock  avia-builder-el-last  '><span class='hr-inner '><span class=\"hr-inner-style\"><\/span><\/span><\/div><\/p><\/div><\/div><!--close column table wrapper. Autoclose: 1 -->\n\n<\/div><\/div><\/div><!-- close content main div --><\/div><\/div><div id='amberg'  class='avia-section av-8ovwa34-c9b644634bad7c3aef3b77ca4c653105 main_color avia-section-default avia-no-border-styling  avia-builder-el-176  el_after_av_section  el_before_av_section  avia-bg-style-scroll  av-desktop-hide av-medium-hide av-small-hide av-mini-hide container_wrap fullsize'  ><div class='container av-section-cont-open' ><div class='template-page content  av-content-full alpha units'><div class='post-entry post-entry-type-page post-entry-1072'><div class='entry-content-wrapper clearfix'>\n\n<style type=\"text\/css\" data-created_by=\"avia_inline_auto\" id=\"style-css-av-8n8tng0-21f095a932526deb7a3d9f4d891593e0\">\n#top .av-special-heading.av-8n8tng0-21f095a932526deb7a3d9f4d891593e0{\npadding-bottom:10px;\n}\n<\/style>\n<div  class='av-special-heading av-8n8tng0-21f095a932526deb7a3d9f4d891593e0 av-special-heading-h2 blockquote modern-quote  avia-builder-el-177  el_before_av_hr  avia-builder-el-first  '><h2 class='av-special-heading-tag  av-mini-font-size-overwrite av-mini-font-size-20'  itemprop=\"headline\"  >Werkstatt Amberg<\/h2><div class='special-heading-border'><div class='special-heading-inner-border'><\/div><\/div><\/div>\n\n<style type=\"text\/css\" data-created_by=\"avia_inline_auto\" id=\"style-css-av-8mth3gw-c6a3d8bd649062ec2b63c47d2173f1f7\">\n#top .hr.av-8mth3gw-c6a3d8bd649062ec2b63c47d2173f1f7{\nmargin-top:50;\nmargin-bottom:50;\n}\n.hr.av-8mth3gw-c6a3d8bd649062ec2b63c47d2173f1f7 .hr-inner{\nwidth:100%;\nborder-color:#dd0b16;\n}\n<\/style>\n<div  class='hr av-8mth3gw-c6a3d8bd649062ec2b63c47d2173f1f7 hr-custom  avia-builder-el-178  el_after_av_heading  el_before_av_one_fourth  hr-center hr-icon-no '><span class='hr-inner inner-border-av-border-thin'><span class=\"hr-inner-style\"><\/span><\/span><\/div>\n<div class='flex_column_table av-8k7jysg-06b3e359fb0ef16986436bd9716af7e2 sc-av_one_fourth av-equal-height-column-flextable'><div class='flex_column av-8k7jysg-06b3e359fb0ef16986436bd9716af7e2 av_one_fourth  avia-builder-el-179  el_after_av_hr  el_before_av_one_fourth  first flex_column_table_cell av-equal-height-column av-align-top '   ><p>\n<style type=\"text\/css\" data-created_by=\"avia_inline_auto\" id=\"style-css-av-8iql13k-26186aa5b44e2632a72d266d328b4fdf\">\n.avia-image-container.av-8iql13k-26186aa5b44e2632a72d266d328b4fdf .av-image-caption-overlay-center{\ncolor:#ffffff;\n}\n<\/style>\n<div  class='avia-image-container av-8iql13k-26186aa5b44e2632a72d266d328b4fdf av-styling-circle avia_animated_image avia_animate_when_almost_visible pop-up avia-align-center  avia-builder-el-180  el_before_av_hr  avia-builder-el-first  '  itemprop=\"image\" itemscope=\"itemscope\" itemtype=\"https:\/\/schema.org\/ImageObject\" ><div class=\"avia-image-container-inner\"><div class=\"avia-image-overlay-wrap\"><img decoding=\"async\" class='wp-image-485 avia-img-lazy-loading-not-485 avia_image lazyload' data-src=\"https:\/\/i0.wp.com\/gross-autohaus.de\/wp-content\/uploads\/2022\/01\/martin_kirchberger-1.jpg?fit=800%2C800&ssl=1\" alt='' title=''  height=\"800\" width=\"800\"  itemprop=\"thumbnailUrl\" data-srcset=\"https:\/\/i0.wp.com\/gross-autohaus.de\/wp-content\/uploads\/2022\/01\/martin_kirchberger-1.jpg?w=800&amp;ssl=1 800w, https:\/\/i0.wp.com\/gross-autohaus.de\/wp-content\/uploads\/2022\/01\/martin_kirchberger-1.jpg?resize=300%2C300&amp;ssl=1 300w, https:\/\/i0.wp.com\/gross-autohaus.de\/wp-content\/uploads\/2022\/01\/martin_kirchberger-1.jpg?resize=80%2C80&amp;ssl=1 80w, https:\/\/i0.wp.com\/gross-autohaus.de\/wp-content\/uploads\/2022\/01\/martin_kirchberger-1.jpg?resize=768%2C768&amp;ssl=1 768w, https:\/\/i0.wp.com\/gross-autohaus.de\/wp-content\/uploads\/2022\/01\/martin_kirchberger-1.jpg?resize=36%2C36&amp;ssl=1 36w, https:\/\/i0.wp.com\/gross-autohaus.de\/wp-content\/uploads\/2022\/01\/martin_kirchberger-1.jpg?resize=180%2C180&amp;ssl=1 180w, https:\/\/i0.wp.com\/gross-autohaus.de\/wp-content\/uploads\/2022\/01\/martin_kirchberger-1.jpg?resize=705%2C705&amp;ssl=1 705w\" data-sizes=\"(max-width: 800px) 100vw, 800px\" src=\"data:image\/svg+xml;base64,PHN2ZyB3aWR0aD0iMSIgaGVpZ2h0PSIxIiB4bWxucz0iaHR0cDovL3d3dy53My5vcmcvMjAwMC9zdmciPjwvc3ZnPg==\" style=\"--smush-placeholder-width: 800px; --smush-placeholder-aspect-ratio: 800\/800;\" \/><\/div><\/div><\/div><br \/>\n\n<style type=\"text\/css\" data-created_by=\"avia_inline_auto\" id=\"style-css-av-8ht8bsg-5b3a00ffb06b9c015f4cbafd01935713\">\n#top .hr.av-8ht8bsg-5b3a00ffb06b9c015f4cbafd01935713{\nmargin-top:50;\nmargin-bottom:50;\n}\n.hr.av-8ht8bsg-5b3a00ffb06b9c015f4cbafd01935713 .hr-inner{\nwidth:100%;\nborder-color:#dd0b16;\n}\n<\/style>\n<div  class='hr av-8ht8bsg-5b3a00ffb06b9c015f4cbafd01935713 hr-custom  avia-builder-el-181  el_after_av_image  el_before_av_textblock  hr-center hr-icon-no '><span class='hr-inner inner-border-av-border-thin'><span class=\"hr-inner-style\"><\/span><\/span><\/div><br \/>\n<section class=\"av_textblock_section \"  itemscope=\"itemscope\" itemtype=\"https:\/\/schema.org\/CreativeWork\" ><div class='avia_textblock  '   itemprop=\"text\" ><h3 class=\"team-member-name\">Martin Kirchberger<\/h3>\n<p>Werkstattleitung<\/p>\n<\/div><\/section><br \/>\n\n<style type=\"text\/css\" data-created_by=\"avia_inline_auto\" id=\"style-css-av-8dz76wg-4beca42bc3b59b04e0d2e8a142fe07c7\">\n#top .hr.hr-invisible.av-8dz76wg-4beca42bc3b59b04e0d2e8a142fe07c7{\nheight:50px;\n}\n<\/style>\n<div  class='hr av-8dz76wg-4beca42bc3b59b04e0d2e8a142fe07c7 hr-invisible  avia-builder-el-183  el_after_av_textblock  avia-builder-el-last  '><span class='hr-inner '><span class=\"hr-inner-style\"><\/span><\/span><\/div><\/p><\/div><div class='av-flex-placeholder'><\/div><div class='flex_column av-8bqtvy8-6aebd57fa548f882de7aa0763fa33d8f av_one_fourth  avia-builder-el-184  el_after_av_one_fourth  el_before_av_one_fourth  flex_column_table_cell av-equal-height-column av-align-top '   ><p>\n<style type=\"text\/css\" data-created_by=\"avia_inline_auto\" id=\"style-css-av-8a8rasg-ce7a4e89e3bf7e72da4d61dcf5c03978\">\n.avia-image-container.av-8a8rasg-ce7a4e89e3bf7e72da4d61dcf5c03978 .av-image-caption-overlay-center{\ncolor:#ffffff;\n}\n<\/style>\n<div  class='avia-image-container av-8a8rasg-ce7a4e89e3bf7e72da4d61dcf5c03978 av-styling-circle avia_animated_image avia_animate_when_almost_visible pop-up avia-align-center  avia-builder-el-185  el_before_av_hr  avia-builder-el-first  '  itemprop=\"image\" itemscope=\"itemscope\" itemtype=\"https:\/\/schema.org\/ImageObject\" ><div class=\"avia-image-container-inner\"><div class=\"avia-image-overlay-wrap\"><img decoding=\"async\" class='wp-image-218 avia-img-lazy-loading-not-218 avia_image lazyload' data-src=\"https:\/\/i0.wp.com\/gross-autohaus.de\/wp-content\/uploads\/2021\/11\/horst_viehmann.jpg?fit=800%2C800&ssl=1\" alt='Autohaus, Autohaus Amberg, Autoh\u00e4ndler, KFZ-Werkstatt, TOYOTA Partner, Toyota, Toyota-H\u00e4ndler, KFZ-Meisterbetrieb, Auto, Autos, Neuwagen, Gebrauchtwagen, Gebrauchtwagenh\u00e4ndler, Ersatzteile, Paulsdorf, Amberg, Landkreis Amberg-Sulzbach, Schwandorf, Weiden, Oberpfalz, Autohaus Gross' title='Autohaus, Autohaus Amberg, Autoh\u00e4ndler, KFZ-Werkstatt, TOYOTA Partner, Toyota, Toyota-H\u00e4ndler, KFZ-Meisterbetrieb, Auto, Autos, Neuwagen, Gebrauchtwagen, Gebrauchtwagenh\u00e4ndler, Ersatzteile, Paulsdorf, Amberg, Landkreis Amberg-Sulzbach, Schwandorf, Weiden, Oberpfalz, Autohaus Gross'  height=\"800\" width=\"800\"  itemprop=\"thumbnailUrl\" data-srcset=\"https:\/\/i0.wp.com\/gross-autohaus.de\/wp-content\/uploads\/2021\/11\/horst_viehmann.jpg?w=800&amp;ssl=1 800w, https:\/\/i0.wp.com\/gross-autohaus.de\/wp-content\/uploads\/2021\/11\/horst_viehmann.jpg?resize=300%2C300&amp;ssl=1 300w, https:\/\/i0.wp.com\/gross-autohaus.de\/wp-content\/uploads\/2021\/11\/horst_viehmann.jpg?resize=80%2C80&amp;ssl=1 80w, https:\/\/i0.wp.com\/gross-autohaus.de\/wp-content\/uploads\/2021\/11\/horst_viehmann.jpg?resize=768%2C768&amp;ssl=1 768w, https:\/\/i0.wp.com\/gross-autohaus.de\/wp-content\/uploads\/2021\/11\/horst_viehmann.jpg?resize=36%2C36&amp;ssl=1 36w, https:\/\/i0.wp.com\/gross-autohaus.de\/wp-content\/uploads\/2021\/11\/horst_viehmann.jpg?resize=180%2C180&amp;ssl=1 180w, https:\/\/i0.wp.com\/gross-autohaus.de\/wp-content\/uploads\/2021\/11\/horst_viehmann.jpg?resize=705%2C705&amp;ssl=1 705w\" data-sizes=\"(max-width: 800px) 100vw, 800px\" src=\"data:image\/svg+xml;base64,PHN2ZyB3aWR0aD0iMSIgaGVpZ2h0PSIxIiB4bWxucz0iaHR0cDovL3d3dy53My5vcmcvMjAwMC9zdmciPjwvc3ZnPg==\" style=\"--smush-placeholder-width: 800px; --smush-placeholder-aspect-ratio: 800\/800;\" \/><\/div><\/div><\/div><br \/>\n\n<style type=\"text\/css\" data-created_by=\"avia_inline_auto\" id=\"style-css-av-88iesbk-6d66f76d0ae93e25be85d31bb7d6224e\">\n#top .hr.av-88iesbk-6d66f76d0ae93e25be85d31bb7d6224e{\nmargin-top:50;\nmargin-bottom:50;\n}\n.hr.av-88iesbk-6d66f76d0ae93e25be85d31bb7d6224e .hr-inner{\nwidth:100%;\nborder-color:#dd0b16;\n}\n<\/style>\n<div  class='hr av-88iesbk-6d66f76d0ae93e25be85d31bb7d6224e hr-custom  avia-builder-el-186  el_after_av_image  el_before_av_textblock  hr-center hr-icon-no '><span class='hr-inner inner-border-av-border-thin'><span class=\"hr-inner-style\"><\/span><\/span><\/div><br \/>\n<section class=\"av_textblock_section \"  itemscope=\"itemscope\" itemtype=\"https:\/\/schema.org\/CreativeWork\" ><div class='avia_textblock  '   itemprop=\"text\" ><h3 class=\"team-member-name\">Horst Viehmann<\/h3>\n<p>KFZ-Mechatroniker<\/p>\n<\/div><\/section><br \/>\n\n<style type=\"text\/css\" data-created_by=\"avia_inline_auto\" id=\"style-css-av-857t8m8-dc9d144b1c61a6e96cfe3ce2c91d6074\">\n#top .hr.hr-invisible.av-857t8m8-dc9d144b1c61a6e96cfe3ce2c91d6074{\nheight:50px;\n}\n<\/style>\n<div  class='hr av-857t8m8-dc9d144b1c61a6e96cfe3ce2c91d6074 hr-invisible  avia-builder-el-188  el_after_av_textblock  avia-builder-el-last  '><span class='hr-inner '><span class=\"hr-inner-style\"><\/span><\/span><\/div><\/p><\/div><div class='av-flex-placeholder'><\/div><div class='flex_column av-t7ij68-bf4954af16ab1208fa959e6cbf26a79a av_one_fourth  avia-builder-el-189  el_after_av_one_fourth  el_before_av_one_fourth  flex_column_table_cell av-equal-height-column av-align-top '   ><p>\n<style type=\"text\/css\" data-created_by=\"avia_inline_auto\" id=\"style-css-av-820tsk0-fda912a0bf7aba59eefa4a2953ceb020\">\n.avia-image-container.av-820tsk0-fda912a0bf7aba59eefa4a2953ceb020 .av-image-caption-overlay-center{\ncolor:#ffffff;\n}\n<\/style>\n<div  class='avia-image-container av-820tsk0-fda912a0bf7aba59eefa4a2953ceb020 av-styling-circle avia_animated_image avia_animate_when_almost_visible pop-up avia-align-center  avia-builder-el-190  el_before_av_hr  avia-builder-el-first  '  itemprop=\"image\" itemscope=\"itemscope\" itemtype=\"https:\/\/schema.org\/ImageObject\" ><div class=\"avia-image-container-inner\"><div class=\"avia-image-overlay-wrap\"><img decoding=\"async\" class='wp-image-223 avia-img-lazy-loading-not-223 avia_image lazyload' data-src=\"https:\/\/i0.wp.com\/gross-autohaus.de\/wp-content\/uploads\/2021\/11\/mitarbeiter_4.jpg?fit=800%2C800&ssl=1\" alt='Autohaus, Autohaus Amberg, Autoh\u00e4ndler, KFZ-Werkstatt, TOYOTA Partner, Toyota, Toyota-H\u00e4ndler, KFZ-Meisterbetrieb, Auto, Autos, Neuwagen, Gebrauchtwagen, Gebrauchtwagenh\u00e4ndler, Ersatzteile, Paulsdorf, Amberg, Landkreis Amberg-Sulzbach, Schwandorf, Weiden, Oberpfalz, Autohaus Gross' title='Autohaus, Autohaus Amberg, Autoh\u00e4ndler, KFZ-Werkstatt, TOYOTA Partner, Toyota, Toyota-H\u00e4ndler, KFZ-Meisterbetrieb, Auto, Autos, Neuwagen, Gebrauchtwagen, Gebrauchtwagenh\u00e4ndler, Ersatzteile, Paulsdorf, Amberg, Landkreis Amberg-Sulzbach, Schwandorf, Weiden, Oberpfalz, Autohaus Gross'  height=\"800\" width=\"800\"  itemprop=\"thumbnailUrl\" data-srcset=\"https:\/\/i0.wp.com\/gross-autohaus.de\/wp-content\/uploads\/2021\/11\/mitarbeiter_4.jpg?w=800&amp;ssl=1 800w, https:\/\/i0.wp.com\/gross-autohaus.de\/wp-content\/uploads\/2021\/11\/mitarbeiter_4.jpg?resize=300%2C300&amp;ssl=1 300w, https:\/\/i0.wp.com\/gross-autohaus.de\/wp-content\/uploads\/2021\/11\/mitarbeiter_4.jpg?resize=80%2C80&amp;ssl=1 80w, https:\/\/i0.wp.com\/gross-autohaus.de\/wp-content\/uploads\/2021\/11\/mitarbeiter_4.jpg?resize=768%2C768&amp;ssl=1 768w, https:\/\/i0.wp.com\/gross-autohaus.de\/wp-content\/uploads\/2021\/11\/mitarbeiter_4.jpg?resize=36%2C36&amp;ssl=1 36w, https:\/\/i0.wp.com\/gross-autohaus.de\/wp-content\/uploads\/2021\/11\/mitarbeiter_4.jpg?resize=180%2C180&amp;ssl=1 180w, https:\/\/i0.wp.com\/gross-autohaus.de\/wp-content\/uploads\/2021\/11\/mitarbeiter_4.jpg?resize=705%2C705&amp;ssl=1 705w\" data-sizes=\"(max-width: 800px) 100vw, 800px\" src=\"data:image\/svg+xml;base64,PHN2ZyB3aWR0aD0iMSIgaGVpZ2h0PSIxIiB4bWxucz0iaHR0cDovL3d3dy53My5vcmcvMjAwMC9zdmciPjwvc3ZnPg==\" style=\"--smush-placeholder-width: 800px; --smush-placeholder-aspect-ratio: 800\/800;\" \/><\/div><\/div><\/div><br \/>\n\n<style type=\"text\/css\" data-created_by=\"avia_inline_auto\" id=\"style-css-av-7zzyz9c-11d2f03955a83a14bfab2a86beb4da43\">\n#top .hr.av-7zzyz9c-11d2f03955a83a14bfab2a86beb4da43{\nmargin-top:50;\nmargin-bottom:50;\n}\n.hr.av-7zzyz9c-11d2f03955a83a14bfab2a86beb4da43 .hr-inner{\nwidth:100%;\nborder-color:#dd0b16;\n}\n<\/style>\n<div  class='hr av-7zzyz9c-11d2f03955a83a14bfab2a86beb4da43 hr-custom  avia-builder-el-191  el_after_av_image  el_before_av_textblock  hr-center hr-icon-no '><span class='hr-inner inner-border-av-border-thin'><span class=\"hr-inner-style\"><\/span><\/span><\/div><br \/>\n<section class=\"av_textblock_section \"  itemscope=\"itemscope\" itemtype=\"https:\/\/schema.org\/CreativeWork\" ><div class='avia_textblock  '   itemprop=\"text\" ><h3 class=\"team-member-name\">Celina Ernst<\/h3>\n<p>KFZ-Mechatronikerin in Ausbildung<\/p>\n<\/div><\/section><br \/>\n\n<style type=\"text\/css\" data-created_by=\"avia_inline_auto\" id=\"style-css-av-7xlpwuo-dbd4e3e43816b8e820eefda7e6b62cc6\">\n#top .hr.hr-invisible.av-7xlpwuo-dbd4e3e43816b8e820eefda7e6b62cc6{\nheight:50px;\n}\n<\/style>\n<div  class='hr av-7xlpwuo-dbd4e3e43816b8e820eefda7e6b62cc6 hr-invisible  avia-builder-el-193  el_after_av_textblock  avia-builder-el-last  '><span class='hr-inner '><span class=\"hr-inner-style\"><\/span><\/span><\/div><\/p><\/div><div class='av-flex-placeholder'><\/div><div class='flex_column av-7w3pokg-b98ef7c737e611ce9cc78334855578e3 av_one_fourth  avia-builder-el-194  el_after_av_one_fourth  el_before_av_one_fourth  flex_column_table_cell av-equal-height-column av-align-top '   ><p>\n<style type=\"text\/css\" data-created_by=\"avia_inline_auto\" id=\"style-css-av-7udlbb4-3a093bdd9c1b6939a4d2674ea09ea2c0\">\n.avia-image-container.av-7udlbb4-3a093bdd9c1b6939a4d2674ea09ea2c0 .av-image-caption-overlay-center{\ncolor:#ffffff;\n}\n<\/style>\n<div  class='avia-image-container av-7udlbb4-3a093bdd9c1b6939a4d2674ea09ea2c0 av-styling-circle avia_animated_image avia_animate_when_almost_visible pop-up avia-align-center  avia-builder-el-195  el_before_av_hr  avia-builder-el-first  '  itemprop=\"image\" itemscope=\"itemscope\" itemtype=\"https:\/\/schema.org\/ImageObject\" ><div class=\"avia-image-container-inner\"><div class=\"avia-image-overlay-wrap\"><img decoding=\"async\" class='wp-image-488 avia-img-lazy-loading-not-488 avia_image lazyload' data-src=\"https:\/\/i0.wp.com\/gross-autohaus.de\/wp-content\/uploads\/2022\/01\/roland_kraus.jpg?fit=800%2C800&ssl=1\" alt='' title=''  height=\"800\" width=\"800\"  itemprop=\"thumbnailUrl\" data-srcset=\"https:\/\/i0.wp.com\/gross-autohaus.de\/wp-content\/uploads\/2022\/01\/roland_kraus.jpg?w=800&amp;ssl=1 800w, https:\/\/i0.wp.com\/gross-autohaus.de\/wp-content\/uploads\/2022\/01\/roland_kraus.jpg?resize=300%2C300&amp;ssl=1 300w, https:\/\/i0.wp.com\/gross-autohaus.de\/wp-content\/uploads\/2022\/01\/roland_kraus.jpg?resize=80%2C80&amp;ssl=1 80w, https:\/\/i0.wp.com\/gross-autohaus.de\/wp-content\/uploads\/2022\/01\/roland_kraus.jpg?resize=768%2C768&amp;ssl=1 768w, https:\/\/i0.wp.com\/gross-autohaus.de\/wp-content\/uploads\/2022\/01\/roland_kraus.jpg?resize=36%2C36&amp;ssl=1 36w, https:\/\/i0.wp.com\/gross-autohaus.de\/wp-content\/uploads\/2022\/01\/roland_kraus.jpg?resize=180%2C180&amp;ssl=1 180w, https:\/\/i0.wp.com\/gross-autohaus.de\/wp-content\/uploads\/2022\/01\/roland_kraus.jpg?resize=705%2C705&amp;ssl=1 705w\" data-sizes=\"(max-width: 800px) 100vw, 800px\" src=\"data:image\/svg+xml;base64,PHN2ZyB3aWR0aD0iMSIgaGVpZ2h0PSIxIiB4bWxucz0iaHR0cDovL3d3dy53My5vcmcvMjAwMC9zdmciPjwvc3ZnPg==\" style=\"--smush-placeholder-width: 800px; --smush-placeholder-aspect-ratio: 800\/800;\" \/><\/div><\/div><\/div><br \/>\n\n<style type=\"text\/css\" data-created_by=\"avia_inline_auto\" id=\"style-css-av-7sjtrts-ad84979e97d75c8bffd125741c71df17\">\n#top .hr.av-7sjtrts-ad84979e97d75c8bffd125741c71df17{\nmargin-top:50;\nmargin-bottom:50;\n}\n.hr.av-7sjtrts-ad84979e97d75c8bffd125741c71df17 .hr-inner{\nwidth:100%;\nborder-color:#dd0b16;\n}\n<\/style>\n<div  class='hr av-7sjtrts-ad84979e97d75c8bffd125741c71df17 hr-custom  avia-builder-el-196  el_after_av_image  el_before_av_textblock  hr-center hr-icon-no '><span class='hr-inner inner-border-av-border-thin'><span class=\"hr-inner-style\"><\/span><\/span><\/div><br \/>\n<section class=\"av_textblock_section \"  itemscope=\"itemscope\" itemtype=\"https:\/\/schema.org\/CreativeWork\" ><div class='avia_textblock  '   itemprop=\"text\" ><h3 class=\"team-member-name\">Roland Kraus<\/h3>\n<p>KFZ-Mechatroniker in Ausbildung<\/p>\n<\/div><\/section><br \/>\n\n<style type=\"text\/css\" data-created_by=\"avia_inline_auto\" id=\"style-css-av-7ol20yo-7c22b573fbb1ff58574c69f5a7d3aee1\">\n#top .hr.hr-invisible.av-7ol20yo-7c22b573fbb1ff58574c69f5a7d3aee1{\nheight:50px;\n}\n<\/style>\n<div  class='hr av-7ol20yo-7c22b573fbb1ff58574c69f5a7d3aee1 hr-invisible  avia-builder-el-198  el_after_av_textblock  avia-builder-el-last  '><span class='hr-inner '><span class=\"hr-inner-style\"><\/span><\/span><\/div><\/p><\/div><\/div><!--close column table wrapper. Autoclose: 1 --><div class='flex_column_table av-7n73bvk-145ff177e2e5fd3f59c6989c43a97652 sc-av_one_fourth av-equal-height-column-flextable'><div class='flex_column av-7n73bvk-145ff177e2e5fd3f59c6989c43a97652 av_one_fourth  avia-builder-el-199  el_after_av_one_fourth  el_before_av_one_fourth  first flex_column_table_cell av-equal-height-column av-align-top column-top-margin'   ><\/div><div class='av-flex-placeholder'><\/div><div class='flex_column av-7ltoztc-4d94b23c9cf50690977767761fa162ce av_one_fourth  avia-builder-el-200  el_after_av_one_fourth  el_before_av_one_fourth  flex_column_table_cell av-equal-height-column av-align-top column-top-margin'   ><\/div><div class='av-flex-placeholder'><\/div><div class='flex_column av-7ka5w80-12250fd32b2fba442e8bfb6af96b0389 av_one_fourth  avia-builder-el-201  el_after_av_one_fourth  avia-builder-el-last  flex_column_table_cell av-equal-height-column av-align-top column-top-margin'   ><\/div><\/div><!--close column table wrapper. Autoclose: 1 -->\n\n<\/div><\/div><\/div><!-- close content main div --><\/div><\/div><div id='paulsdorf'  class='avia-section av-7hsxvi8-5e1906b4444aba4057642c62c2e29c50 main_color avia-section-default avia-no-border-styling  avia-builder-el-202  el_after_av_section  el_before_av_section  avia-bg-style-scroll  av-desktop-hide av-medium-hide av-small-hide av-mini-hide container_wrap fullsize'  ><div class='container av-section-cont-open' ><div class='template-page content  av-content-full alpha units'><div class='post-entry post-entry-type-page post-entry-1072'><div class='entry-content-wrapper clearfix'>\n\n<style type=\"text\/css\" data-created_by=\"avia_inline_auto\" id=\"style-css-av-7gym1y8-0419890fd322f10e13bfb3edb297f0b2\">\n#top .av-special-heading.av-7gym1y8-0419890fd322f10e13bfb3edb297f0b2{\npadding-bottom:10px;\n}\n<\/style>\n<div  class='av-special-heading av-7gym1y8-0419890fd322f10e13bfb3edb297f0b2 av-special-heading-h2 blockquote modern-quote  avia-builder-el-203  el_before_av_hr  avia-builder-el-first  '><h2 class='av-special-heading-tag  av-mini-font-size-overwrite av-mini-font-size-20'  itemprop=\"headline\"  >Team Paulsdorf<\/h2><div class='special-heading-border'><div class='special-heading-inner-border'><\/div><\/div><\/div>\n\n<style type=\"text\/css\" data-created_by=\"avia_inline_auto\" id=\"style-css-av-7fga900-a4ff36f03f500512bf01fd760ed8d9c6\">\n#top .hr.av-7fga900-a4ff36f03f500512bf01fd760ed8d9c6{\nmargin-top:50;\nmargin-bottom:50;\n}\n.hr.av-7fga900-a4ff36f03f500512bf01fd760ed8d9c6 .hr-inner{\nwidth:100%;\nborder-color:#dd0b16;\n}\n<\/style>\n<div  class='hr av-7fga900-a4ff36f03f500512bf01fd760ed8d9c6 hr-custom  avia-builder-el-204  el_after_av_heading  el_before_av_one_fourth  hr-center hr-icon-no '><span class='hr-inner inner-border-av-border-thin'><span class=\"hr-inner-style\"><\/span><\/span><\/div>\n<div class='flex_column_table av-7d9f67k-83c8c3292136eb83f2e5187d953ff589 sc-av_one_fourth av-equal-height-column-flextable'><div class='flex_column av-7d9f67k-83c8c3292136eb83f2e5187d953ff589 av_one_fourth  avia-builder-el-205  el_after_av_hr  el_before_av_one_fourth  first flex_column_table_cell av-equal-height-column av-align-top '   ><p>\n<style type=\"text\/css\" data-created_by=\"avia_inline_auto\" id=\"style-css-av-7bs48f4-dd61ea9162738a705914c734f1bd8364\">\n.avia-image-container.av-7bs48f4-dd61ea9162738a705914c734f1bd8364 .av-image-caption-overlay-center{\ncolor:#ffffff;\n}\n<\/style>\n<div  class='avia-image-container av-7bs48f4-dd61ea9162738a705914c734f1bd8364 av-styling-circle avia_animated_image avia_animate_when_almost_visible pop-up avia-align-center  avia-builder-el-206  el_before_av_hr  avia-builder-el-first  '  itemprop=\"image\" itemscope=\"itemscope\" itemtype=\"https:\/\/schema.org\/ImageObject\" ><div class=\"avia-image-container-inner\"><div class=\"avia-image-overlay-wrap\"><img decoding=\"async\" class='wp-image-221 avia-img-lazy-loading-not-221 avia_image lazyload' data-src=\"https:\/\/i0.wp.com\/gross-autohaus.de\/wp-content\/uploads\/2021\/11\/mitarbeiter_2.jpg?fit=800%2C800&ssl=1\" alt='Autohaus, Autohaus Amberg, Autoh\u00e4ndler, KFZ-Werkstatt, TOYOTA Partner, Toyota, Toyota-H\u00e4ndler, KFZ-Meisterbetrieb, Auto, Autos, Neuwagen, Gebrauchtwagen, Gebrauchtwagenh\u00e4ndler, Ersatzteile, Paulsdorf, Amberg, Landkreis Amberg-Sulzbach, Schwandorf, Weiden, Oberpfalz, Autohaus Gross' title='Autohaus, Autohaus Amberg, Autoh\u00e4ndler, KFZ-Werkstatt, TOYOTA Partner, Toyota, Toyota-H\u00e4ndler, KFZ-Meisterbetrieb, Auto, Autos, Neuwagen, Gebrauchtwagen, Gebrauchtwagenh\u00e4ndler, Ersatzteile, Paulsdorf, Amberg, Landkreis Amberg-Sulzbach, Schwandorf, Weiden, Oberpfalz, Autohaus Gross'  height=\"800\" width=\"800\"  itemprop=\"thumbnailUrl\" data-srcset=\"https:\/\/i0.wp.com\/gross-autohaus.de\/wp-content\/uploads\/2021\/11\/mitarbeiter_2.jpg?w=800&amp;ssl=1 800w, https:\/\/i0.wp.com\/gross-autohaus.de\/wp-content\/uploads\/2021\/11\/mitarbeiter_2.jpg?resize=300%2C300&amp;ssl=1 300w, https:\/\/i0.wp.com\/gross-autohaus.de\/wp-content\/uploads\/2021\/11\/mitarbeiter_2.jpg?resize=80%2C80&amp;ssl=1 80w, https:\/\/i0.wp.com\/gross-autohaus.de\/wp-content\/uploads\/2021\/11\/mitarbeiter_2.jpg?resize=768%2C768&amp;ssl=1 768w, https:\/\/i0.wp.com\/gross-autohaus.de\/wp-content\/uploads\/2021\/11\/mitarbeiter_2.jpg?resize=36%2C36&amp;ssl=1 36w, https:\/\/i0.wp.com\/gross-autohaus.de\/wp-content\/uploads\/2021\/11\/mitarbeiter_2.jpg?resize=180%2C180&amp;ssl=1 180w, https:\/\/i0.wp.com\/gross-autohaus.de\/wp-content\/uploads\/2021\/11\/mitarbeiter_2.jpg?resize=705%2C705&amp;ssl=1 705w\" data-sizes=\"(max-width: 800px) 100vw, 800px\" src=\"data:image\/svg+xml;base64,PHN2ZyB3aWR0aD0iMSIgaGVpZ2h0PSIxIiB4bWxucz0iaHR0cDovL3d3dy53My5vcmcvMjAwMC9zdmciPjwvc3ZnPg==\" style=\"--smush-placeholder-width: 800px; --smush-placeholder-aspect-ratio: 800\/800;\" \/><\/div><\/div><\/div><br \/>\n\n<style type=\"text\/css\" data-created_by=\"avia_inline_auto\" id=\"style-css-av-7aipxjk-5dd75113a6b87cabe82b9052dd37807a\">\n#top .hr.av-7aipxjk-5dd75113a6b87cabe82b9052dd37807a{\nmargin-top:50;\nmargin-bottom:50;\n}\n.hr.av-7aipxjk-5dd75113a6b87cabe82b9052dd37807a .hr-inner{\nwidth:100%;\nborder-color:#dd0b16;\n}\n<\/style>\n<div  class='hr av-7aipxjk-5dd75113a6b87cabe82b9052dd37807a hr-custom  avia-builder-el-207  el_after_av_image  el_before_av_textblock  hr-center hr-icon-no '><span class='hr-inner inner-border-av-border-thin'><span class=\"hr-inner-style\"><\/span><\/span><\/div><br \/>\n<section class=\"av_textblock_section \"  itemscope=\"itemscope\" itemtype=\"https:\/\/schema.org\/CreativeWork\" ><div class='avia_textblock  '   itemprop=\"text\" ><h3 class=\"team-member-name\">David Kruppa<\/h3>\n<p>Service\/Kundenannahme\/Aftersales<\/p>\n<p>Tel. 09621\/96004940<br \/>\n<a href=\"mailto:d.kruppa@gross-autohaus.de\">d.kruppa@gross-autohaus.de<\/a><\/p>\n<\/div><\/section><br \/>\n\n<style type=\"text\/css\" data-created_by=\"avia_inline_auto\" id=\"style-css-av-76wpi68-e9212ef78d2090cd860cf805bcaa08ce\">\n#top .hr.hr-invisible.av-76wpi68-e9212ef78d2090cd860cf805bcaa08ce{\nheight:50px;\n}\n<\/style>\n<div  class='hr av-76wpi68-e9212ef78d2090cd860cf805bcaa08ce hr-invisible  avia-builder-el-209  el_after_av_textblock  avia-builder-el-last  '><span class='hr-inner '><span class=\"hr-inner-style\"><\/span><\/span><\/div><\/p><\/div><div class='av-flex-placeholder'><\/div><div class='flex_column av-75w17b4-b353d5b042c1aa9f1ba5df56a1c5eed3 av_one_fourth  avia-builder-el-210  el_after_av_one_fourth  el_before_av_one_fourth  flex_column_table_cell av-equal-height-column av-align-top '   ><p>\n<style type=\"text\/css\" data-created_by=\"avia_inline_auto\" id=\"style-css-av-73w71gg-541c1800d47c2209807df1204b8bceeb\">\n.avia-image-container.av-73w71gg-541c1800d47c2209807df1204b8bceeb .av-image-caption-overlay-center{\ncolor:#ffffff;\n}\n<\/style>\n<div  class='avia-image-container av-73w71gg-541c1800d47c2209807df1204b8bceeb av-styling-circle avia_animated_image avia_animate_when_almost_visible pop-up avia-align-center  avia-builder-el-211  el_before_av_hr  avia-builder-el-first  '  itemprop=\"image\" itemscope=\"itemscope\" itemtype=\"https:\/\/schema.org\/ImageObject\" ><div class=\"avia-image-container-inner\"><div class=\"avia-image-overlay-wrap\"><img decoding=\"async\" class='wp-image-219 avia-img-lazy-loading-not-219 avia_image lazyload' data-src=\"https:\/\/i0.wp.com\/gross-autohaus.de\/wp-content\/uploads\/2021\/11\/iulian_silochi.jpg?fit=800%2C800&ssl=1\" alt='Autohaus, Autohaus Amberg, Autoh\u00e4ndler, KFZ-Werkstatt, TOYOTA Partner, Toyota, Toyota-H\u00e4ndler, KFZ-Meisterbetrieb, Auto, Autos, Neuwagen, Gebrauchtwagen, Gebrauchtwagenh\u00e4ndler, Ersatzteile, Paulsdorf, Amberg, Landkreis Amberg-Sulzbach, Schwandorf, Weiden, Oberpfalz, Autohaus Gross' title='Autohaus, Autohaus Amberg, Autoh\u00e4ndler, KFZ-Werkstatt, TOYOTA Partner, Toyota, Toyota-H\u00e4ndler, KFZ-Meisterbetrieb, Auto, Autos, Neuwagen, Gebrauchtwagen, Gebrauchtwagenh\u00e4ndler, Ersatzteile, Paulsdorf, Amberg, Landkreis Amberg-Sulzbach, Schwandorf, Weiden, Oberpfalz, Autohaus Gross'  height=\"800\" width=\"800\"  itemprop=\"thumbnailUrl\" data-srcset=\"https:\/\/i0.wp.com\/gross-autohaus.de\/wp-content\/uploads\/2021\/11\/iulian_silochi.jpg?w=800&amp;ssl=1 800w, https:\/\/i0.wp.com\/gross-autohaus.de\/wp-content\/uploads\/2021\/11\/iulian_silochi.jpg?resize=300%2C300&amp;ssl=1 300w, https:\/\/i0.wp.com\/gross-autohaus.de\/wp-content\/uploads\/2021\/11\/iulian_silochi.jpg?resize=80%2C80&amp;ssl=1 80w, https:\/\/i0.wp.com\/gross-autohaus.de\/wp-content\/uploads\/2021\/11\/iulian_silochi.jpg?resize=768%2C768&amp;ssl=1 768w, https:\/\/i0.wp.com\/gross-autohaus.de\/wp-content\/uploads\/2021\/11\/iulian_silochi.jpg?resize=36%2C36&amp;ssl=1 36w, https:\/\/i0.wp.com\/gross-autohaus.de\/wp-content\/uploads\/2021\/11\/iulian_silochi.jpg?resize=180%2C180&amp;ssl=1 180w, https:\/\/i0.wp.com\/gross-autohaus.de\/wp-content\/uploads\/2021\/11\/iulian_silochi.jpg?resize=705%2C705&amp;ssl=1 705w\" data-sizes=\"(max-width: 800px) 100vw, 800px\" src=\"data:image\/svg+xml;base64,PHN2ZyB3aWR0aD0iMSIgaGVpZ2h0PSIxIiB4bWxucz0iaHR0cDovL3d3dy53My5vcmcvMjAwMC9zdmciPjwvc3ZnPg==\" style=\"--smush-placeholder-width: 800px; --smush-placeholder-aspect-ratio: 800\/800;\" \/><\/div><\/div><\/div><br \/>\n\n<style type=\"text\/css\" data-created_by=\"avia_inline_auto\" id=\"style-css-av-71hmm3k-a6554b602fd8ca6fad040c01cad9b79d\">\n#top .hr.av-71hmm3k-a6554b602fd8ca6fad040c01cad9b79d{\nmargin-top:50;\nmargin-bottom:50;\n}\n.hr.av-71hmm3k-a6554b602fd8ca6fad040c01cad9b79d .hr-inner{\nwidth:100%;\nborder-color:#dd0b16;\n}\n<\/style>\n<div  class='hr av-71hmm3k-a6554b602fd8ca6fad040c01cad9b79d hr-custom  avia-builder-el-212  el_after_av_image  el_before_av_textblock  hr-center hr-icon-no '><span class='hr-inner inner-border-av-border-thin'><span class=\"hr-inner-style\"><\/span><\/span><\/div><br \/>\n<section class=\"av_textblock_section \"  itemscope=\"itemscope\" itemtype=\"https:\/\/schema.org\/CreativeWork\" ><div class='avia_textblock  '   itemprop=\"text\" ><h3 class=\"team-member-name\">Iulian Silochi<\/h3>\n<p>KFZ-Mechatroniker<\/p>\n<\/div><\/section><br \/>\n\n<style type=\"text\/css\" data-created_by=\"avia_inline_auto\" id=\"style-css-av-6z3t6yo-fd97a354b1049ad725e99255b6cf0fe6\">\n#top .hr.hr-invisible.av-6z3t6yo-fd97a354b1049ad725e99255b6cf0fe6{\nheight:50px;\n}\n<\/style>\n<div  class='hr av-6z3t6yo-fd97a354b1049ad725e99255b6cf0fe6 hr-invisible  avia-builder-el-214  el_after_av_textblock  avia-builder-el-last  '><span class='hr-inner '><span class=\"hr-inner-style\"><\/span><\/span><\/div><\/p><\/div><div class='av-flex-placeholder'><\/div><div class='flex_column av-6wraxcw-e48753ab59913e0693c82b2b46750846 av_one_fourth  avia-builder-el-215  el_after_av_one_fourth  el_before_av_one_fourth  flex_column_table_cell av-equal-height-column av-align-top '   ><p>\n<style type=\"text\/css\" data-created_by=\"avia_inline_auto\" id=\"style-css-av-6w1aa80-18b2bbf65553267af524d01c6eb34fed\">\n.avia-image-container.av-6w1aa80-18b2bbf65553267af524d01c6eb34fed .av-image-caption-overlay-center{\ncolor:#ffffff;\n}\n<\/style>\n<div  class='avia-image-container av-6w1aa80-18b2bbf65553267af524d01c6eb34fed av-styling-circle avia_animated_image avia_animate_when_almost_visible pop-up avia-align-center  avia-builder-el-216  el_before_av_hr  avia-builder-el-first  '  itemprop=\"image\" itemscope=\"itemscope\" itemtype=\"https:\/\/schema.org\/ImageObject\" ><div class=\"avia-image-container-inner\"><div class=\"avia-image-overlay-wrap\"><img decoding=\"async\" class='wp-image-224 avia-img-lazy-loading-not-224 avia_image lazyload' data-src=\"https:\/\/i0.wp.com\/gross-autohaus.de\/wp-content\/uploads\/2021\/11\/mitarbeiter_5.jpg?fit=800%2C800&ssl=1\" alt='Autohaus, Autohaus Amberg, Autoh\u00e4ndler, KFZ-Werkstatt, TOYOTA Partner, Toyota, Toyota-H\u00e4ndler, KFZ-Meisterbetrieb, Auto, Autos, Neuwagen, Gebrauchtwagen, Gebrauchtwagenh\u00e4ndler, Ersatzteile, Paulsdorf, Amberg, Landkreis Amberg-Sulzbach, Schwandorf, Weiden, Oberpfalz, Autohaus Gross' title='Autohaus, Autohaus Amberg, Autoh\u00e4ndler, KFZ-Werkstatt, TOYOTA Partner, Toyota, Toyota-H\u00e4ndler, KFZ-Meisterbetrieb, Auto, Autos, Neuwagen, Gebrauchtwagen, Gebrauchtwagenh\u00e4ndler, Ersatzteile, Paulsdorf, Amberg, Landkreis Amberg-Sulzbach, Schwandorf, Weiden, Oberpfalz, Autohaus Gross'  height=\"800\" width=\"800\"  itemprop=\"thumbnailUrl\" data-srcset=\"https:\/\/i0.wp.com\/gross-autohaus.de\/wp-content\/uploads\/2021\/11\/mitarbeiter_5.jpg?w=800&amp;ssl=1 800w, https:\/\/i0.wp.com\/gross-autohaus.de\/wp-content\/uploads\/2021\/11\/mitarbeiter_5.jpg?resize=300%2C300&amp;ssl=1 300w, https:\/\/i0.wp.com\/gross-autohaus.de\/wp-content\/uploads\/2021\/11\/mitarbeiter_5.jpg?resize=80%2C80&amp;ssl=1 80w, https:\/\/i0.wp.com\/gross-autohaus.de\/wp-content\/uploads\/2021\/11\/mitarbeiter_5.jpg?resize=768%2C768&amp;ssl=1 768w, https:\/\/i0.wp.com\/gross-autohaus.de\/wp-content\/uploads\/2021\/11\/mitarbeiter_5.jpg?resize=36%2C36&amp;ssl=1 36w, https:\/\/i0.wp.com\/gross-autohaus.de\/wp-content\/uploads\/2021\/11\/mitarbeiter_5.jpg?resize=180%2C180&amp;ssl=1 180w, https:\/\/i0.wp.com\/gross-autohaus.de\/wp-content\/uploads\/2021\/11\/mitarbeiter_5.jpg?resize=705%2C705&amp;ssl=1 705w\" data-sizes=\"(max-width: 800px) 100vw, 800px\" src=\"data:image\/svg+xml;base64,PHN2ZyB3aWR0aD0iMSIgaGVpZ2h0PSIxIiB4bWxucz0iaHR0cDovL3d3dy53My5vcmcvMjAwMC9zdmciPjwvc3ZnPg==\" style=\"--smush-placeholder-width: 800px; --smush-placeholder-aspect-ratio: 800\/800;\" \/><\/div><\/div><\/div><br \/>\n\n<style type=\"text\/css\" data-created_by=\"avia_inline_auto\" id=\"style-css-av-6ty1y80-aee23451d7f7965961283802910c9019\">\n#top .hr.av-6ty1y80-aee23451d7f7965961283802910c9019{\nmargin-top:50;\nmargin-bottom:50;\n}\n.hr.av-6ty1y80-aee23451d7f7965961283802910c9019 .hr-inner{\nwidth:100%;\nborder-color:#dd0b16;\n}\n<\/style>\n<div  class='hr av-6ty1y80-aee23451d7f7965961283802910c9019 hr-custom  avia-builder-el-217  el_after_av_image  el_before_av_textblock  hr-center hr-icon-no '><span class='hr-inner inner-border-av-border-thin'><span class=\"hr-inner-style\"><\/span><\/span><\/div><br \/>\n<section class=\"av_textblock_section \"  itemscope=\"itemscope\" itemtype=\"https:\/\/schema.org\/CreativeWork\" ><div class='avia_textblock  '   itemprop=\"text\" ><h3 class=\"team-member-name\">Tobias Kraus<\/h3>\n<p>KFZ-Technikermeister<\/p>\n<\/div><\/section><br \/>\n\n<style type=\"text\/css\" data-created_by=\"avia_inline_auto\" id=\"style-css-av-6qkciqo-aeebd9962956f9212a011955dadcd505\">\n#top .hr.hr-invisible.av-6qkciqo-aeebd9962956f9212a011955dadcd505{\nheight:50px;\n}\n<\/style>\n<div  class='hr av-6qkciqo-aeebd9962956f9212a011955dadcd505 hr-invisible  avia-builder-el-219  el_after_av_textblock  avia-builder-el-last  '><span class='hr-inner '><span class=\"hr-inner-style\"><\/span><\/span><\/div><\/p><\/div><div class='av-flex-placeholder'><\/div><div class='flex_column av-6p2tngg-4637e9c79e4c891a6c2a8bf0c2ff8622 av_one_fourth  avia-builder-el-220  el_after_av_one_fourth  avia-builder-el-last  flex_column_table_cell av-equal-height-column av-align-top '   ><\/div><\/div><!--close column table wrapper. Autoclose: 1 -->\n\n<\/div><\/div><\/div><!-- close content main div --><\/div><\/div>\n<style type=\"text\/css\" data-created_by=\"avia_inline_auto\" id=\"style-css-av-6n9ftsw-c977208903050477ba9144524b8f61ea\">\n.avia-section.av-6n9ftsw-c977208903050477ba9144524b8f61ea .av-parallax .av-parallax-inner{\nbackground-repeat:no-repeat;\nbackground-image:url(https:\/\/i0.wp.com\/gross-autohaus.de\/wp-content\/uploads\/2021\/10\/reifen_back-1.jpg?fit=1600%2C1065&ssl=1);\nbackground-position:50% 50%;\nbackground-attachment:scroll;\n}\n.avia-section.av-6n9ftsw-c977208903050477ba9144524b8f61ea .av-section-color-overlay{\nopacity:0.9;\nbackground-color:#282828;\n}\n<\/style>\n<div id='firmenchronik'  class='avia-section av-6n9ftsw-c977208903050477ba9144524b8f61ea main_color avia-section-no-padding avia-no-border-styling  avia-builder-el-221  el_after_av_section  el_before_av_section  avia-full-stretch av-parallax-section avia-bg-style-parallax av-section-color-overlay-active  av-minimum-height av-minimum-height-custom  container_wrap fullsize'  data-section-bg-repeat='stretch'><div class='av-parallax' data-avia-parallax-ratio='0.3' ><div class='av-parallax-inner main_color avia-full-stretch'><\/div><\/div><div class='av-section-color-overlay-wrap'><div class=\"av-section-color-overlay\"><\/div><div class='container av-section-cont-open' style='height:100px'><div class='template-page content  av-content-full alpha units'><div class='post-entry post-entry-type-page post-entry-1072'><div class='entry-content-wrapper clearfix'>\n\n<style type=\"text\/css\" data-created_by=\"avia_inline_auto\" id=\"style-css-av-6m4x2dc-df7a30edf5415a0e8a4f956ae5b68c5d\">\n#top .av-special-heading.av-6m4x2dc-df7a30edf5415a0e8a4f956ae5b68c5d{\npadding-bottom:10px;\ncolor:#ffffff;\n}\n.av-special-heading.av-6m4x2dc-df7a30edf5415a0e8a4f956ae5b68c5d .special-heading-inner-border{\nborder-color:#ffffff;\n}\n<\/style>\n<div  class='av-special-heading av-6m4x2dc-df7a30edf5415a0e8a4f956ae5b68c5d av-special-heading-h2 custom-color-heading blockquote modern-quote modern-centered  avia-builder-el-222  avia-builder-el-no-sibling  '><h2 class='av-special-heading-tag  av-mini-font-size-overwrite av-mini-font-size-20'  itemprop=\"headline\"  >FIRMENCHRONIK<\/h2><div class='special-heading-border'><div class='special-heading-inner-border'><\/div><\/div><\/div>\n\n<\/div><\/div><\/div><!-- close content main div --><\/div><\/div><\/div>\n<style type=\"text\/css\" data-created_by=\"avia_inline_auto\" id=\"style-css-av-6k3gtgw-c67574a2a11278de08bd659d210b4c50\">\n.avia-section.av-6k3gtgw-c67574a2a11278de08bd659d210b4c50 .av-parallax .av-parallax-inner{\nbackground-repeat:no-repeat;\nbackground-image:url(https:\/\/i0.wp.com\/gross-autohaus.de\/wp-content\/uploads\/2021\/10\/reifen_back-1.jpg?fit=1600%2C1065&ssl=1);\nbackground-position:50% 50%;\nbackground-attachment:scroll;\n}\n.avia-section.av-6k3gtgw-c67574a2a11278de08bd659d210b4c50 .av-section-color-overlay{\nopacity:0.9;\nbackground-color:#dd0b15;\n}\n<\/style>\n<div id='firmenchronik'  class='avia-section av-6k3gtgw-c67574a2a11278de08bd659d210b4c50 main_color avia-section-no-padding avia-no-border-styling  avia-builder-el-223  el_after_av_section  el_before_av_section  avia-full-stretch av-parallax-section avia-bg-style-parallax av-section-color-overlay-active  av-desktop-hide av-medium-hide av-small-hide av-mini-hide av-minimum-height av-minimum-height-custom  container_wrap fullsize'  data-section-bg-repeat='stretch'><div class='av-parallax' data-avia-parallax-ratio='0.3' ><div class='av-parallax-inner main_color avia-full-stretch'><\/div><\/div><div class='av-section-color-overlay-wrap'><div class=\"av-section-color-overlay\"><\/div><div class='container av-section-cont-open' style='height:100px'><div class='template-page content  av-content-full alpha units'><div class='post-entry post-entry-type-page post-entry-1072'><div class='entry-content-wrapper clearfix'>\n\n<style type=\"text\/css\" data-created_by=\"avia_inline_auto\" id=\"style-css-av-6hdw34w-06497ae408c2ecd2f3bb9596d0e8d08f\">\n#top .av-special-heading.av-6hdw34w-06497ae408c2ecd2f3bb9596d0e8d08f{\npadding-bottom:10px;\ncolor:#ffffff;\n}\n.av-special-heading.av-6hdw34w-06497ae408c2ecd2f3bb9596d0e8d08f .special-heading-inner-border{\nborder-color:#ffffff;\n}\n<\/style>\n<div  class='av-special-heading av-6hdw34w-06497ae408c2ecd2f3bb9596d0e8d08f av-special-heading-h2 custom-color-heading blockquote modern-quote modern-centered  avia-builder-el-224  avia-builder-el-no-sibling  '><h2 class='av-special-heading-tag  av-mini-font-size-overwrite av-mini-font-size-20'  itemprop=\"headline\"  >FIRMENCHRONIK<\/h2><div class='special-heading-border'><div class='special-heading-inner-border'><\/div><\/div><\/div>\n\n<\/div><\/div><\/div><!-- close content main div --><\/div><\/div><\/div>\n<style type=\"text\/css\" data-created_by=\"avia_inline_auto\" id=\"style-css-av-6gzblyo-6f87de4e6c16b07e43079d399bc1f7f3\">\n.avia-section.av-6gzblyo-6f87de4e6c16b07e43079d399bc1f7f3 .av-parallax .av-parallax-inner{\nbackground-repeat:no-repeat;\nbackground-image:url(https:\/\/i0.wp.com\/gross-autohaus.de\/wp-content\/uploads\/2021\/11\/Chronik_4318.jpg?fit=2000%2C700&ssl=1);\nbackground-position:50% 50%;\nbackground-attachment:scroll;\n}\n<\/style>\n<div id='av_section_32'  class='avia-section av-6gzblyo-6f87de4e6c16b07e43079d399bc1f7f3 main_color avia-section-no-padding avia-no-border-styling  avia-builder-el-225  el_after_av_section  el_before_av_slideshow_full  avia-full-stretch av-parallax-section avia-bg-style-parallax  av-mini-hide av-minimum-height av-minimum-height-custom  container_wrap fullsize'  data-section-bg-repeat='stretch'><div class='av-parallax' data-avia-parallax-ratio='0.3' ><div class='av-parallax-inner main_color avia-full-stretch'><\/div><\/div><div class='container av-section-cont-open' style='height:300px'><div class='template-page content  av-content-full alpha units'><div class='post-entry post-entry-type-page post-entry-1072'><div class='entry-content-wrapper clearfix'>\n<\/div><\/div><\/div><!-- close content main div --><\/div><\/div><div id='full_slider_7'  class='avia-fullwidth-slider main_color avia-shadow  av-desktop-hide av-medium-hide av-small-hide  avia-builder-el-226  el_after_av_section  el_before_av_section   slider-not-first container_wrap fullsize'  ><div   data-size='featured_large'  data-lightbox_size='large'  data-animation='fade'  data-conditional_play=''  data-ids='335'  data-video_counter='0'  data-autoplay='false'  data-bg_slider='false'  data-slide_height=''  data-handle='av_slideshow_full'  data-interval='5'  data-class=' '  data-el_id=''  data-css_id=''  data-scroll_down=''  data-control_layout='av-control-default'  data-custom_markup=''  data-perma_caption=''  data-autoplay_stopper=''  data-image_attachment=''  data-min_height='0px'  data-lazy_loading='disabled'  data-src=''  data-position='top left'  data-repeat='no-repeat'  data-attach='scroll'  data-stretch=''  data-img_scrset=''  data-default-height='42'  class='avia-slideshow avia-slideshow-7  av-control-default av-default-height-applied avia-slideshow-featured_large av_slideshow_full   avia-fade-slider '  itemprop=\"image\" itemscope=\"itemscope\" itemtype=\"https:\/\/schema.org\/ImageObject\" ><ul class='avia-slideshow-inner ' style='padding-bottom: 42%;' ><li  class=' av-single-slide slide-1 ' ><div data-rel='slideshow-7' class='avia-slide-wrap '   ><img decoding=\"async\" class=\"wp-image-335 avia-img-lazy-loading-not-335 lazyload\"  data-src=\"https:\/\/i0.wp.com\/gross-autohaus.de\/wp-content\/uploads\/2021\/11\/Chronik_4318.jpg?resize=1500%2C630&ssl=1\" width=\"1500\" height=\"630\" title='Autohaus, Autohaus Amberg, Autoh\u00e4ndler, KFZ-Werkstatt, TOYOTA Partner, Toyota, Toyota-H\u00e4ndler, KFZ-Meisterbetrieb, Auto, Autos, Neuwagen, Gebrauchtwagen, Gebrauchtwagenh\u00e4ndler, Ersatzteile, Paulsdorf, Amberg, Landkreis Amberg-Sulzbach, Schwandorf, Weiden, Oberpfalz, Autohaus Gross' alt='Autohaus, Autohaus Amberg, Autoh\u00e4ndler, KFZ-Werkstatt, TOYOTA Partner, Toyota, Toyota-H\u00e4ndler, KFZ-Meisterbetrieb, Auto, Autos, Neuwagen, Gebrauchtwagen, Gebrauchtwagenh\u00e4ndler, Ersatzteile, Paulsdorf, Amberg, Landkreis Amberg-Sulzbach, Schwandorf, Weiden, Oberpfalz, Autohaus Gross'  itemprop=\"thumbnailUrl\" src=\"data:image\/svg+xml;base64,PHN2ZyB3aWR0aD0iMSIgaGVpZ2h0PSIxIiB4bWxucz0iaHR0cDovL3d3dy53My5vcmcvMjAwMC9zdmciPjwvc3ZnPg==\" style=\"--smush-placeholder-width: 1500px; --smush-placeholder-aspect-ratio: 1500\/630;\" \/><\/div><\/li><\/ul><\/div><\/div>\n<div id='av_section_33'  class='avia-section av-6c6ewgg-1488ebd66331f23acf7ad1bb03ab669c alternate_color avia-section-default avia-no-border-styling  avia-builder-el-227  el_after_av_slideshow_full  el_before_av_section  avia-bg-style-scroll  container_wrap fullsize'  ><div class='container av-section-cont-open' ><div class='template-page content  av-content-full alpha units'><div class='post-entry post-entry-type-page post-entry-1072'><div class='entry-content-wrapper clearfix'>\n\n<style type=\"text\/css\" data-created_by=\"avia_inline_auto\" id=\"style-css-av-6a6tb8w-d92aceaab1cd398079b04835424fc2bb\">\n#top .hr.hr-invisible.av-6a6tb8w-d92aceaab1cd398079b04835424fc2bb{\nheight:50px;\n}\n<\/style>\n<div  class='hr av-6a6tb8w-d92aceaab1cd398079b04835424fc2bb hr-invisible  avia-builder-el-228  el_before_av_one_fifth  avia-builder-el-first  '><span class='hr-inner '><span class=\"hr-inner-style\"><\/span><\/span><\/div>\n<div class='flex_column av-67kogsg-0df9bf03631dd5565c8dbc969ff0b870 av_one_fifth  avia-builder-el-229  el_after_av_hr  el_before_av_three_fifth  first flex_column_div '   ><\/div><div class='flex_column av-66ggulc-c8f374d0b4d2e8a468d969c25a04df43 av_three_fifth  avia-builder-el-230  el_after_av_one_fifth  el_before_av_one_fifth  flex_column_div '   ><div class='avia-data-table-wrap av-m2frvk-d0833f9f12b41c7af43e57b191080bc0 avia_responsive_table avia-table-1  av-mini-hide'><table  class='avia-table avia-data-table avia_pricing_default  avia-builder-el-231  avia-builder-el-no-sibling '  itemscope=\"itemscope\" itemtype=\"https:\/\/schema.org\/Table\" ><tbody><tr class=''><th class='avia-desc-col'>1977<\/th><td class=''>Josef Gro\u00df (KFZ-Meister) macht sich in Paulsdorf selbstst\u00e4ndig.<\/p>\n<p>Beginn in einer Doppelgarage neben der Tankstelle seiner Mutter<\/p>\n<p>Zusammen mit einem Gesellen Hr. Szameitat (Heute noch bei Fa. Gross in Paulsdorf als Werkstattleiter) und seiner Frau im B\u00fcro<\/td><\/tr><tr class=''><th class='avia-desc-col'>1978<\/th><td class=''>Neubau der Werkstatt m. kleinem Ausstellungsraum und \u00dcbernahme des Toyota H\u00e4ndlervertrages<\/td><\/tr><tr class=''><th class='avia-desc-col'>1984<\/th><td class=''>Vergr\u00f6\u00dferung des Ausstellungsraumes m. Wohnung \u00fcber dem Ausstellungsraum<\/td><\/tr><tr class=''><th class='avia-desc-col'>1989<\/th><td class=''>Christian Gro\u00df (Sohn) kommt nach seiner Lehre in den elterlichen Betrieb (macht 1994 seinen KFZ-Meister und sp\u00e4ter noch den zertifizierten Automobilverk\u00e4ufer)<br \/>\n<\/td><\/tr><tr class=''><th class='avia-desc-col'>1992<\/th><td class=''>Die bereits bestehenden Geb\u00e4ude wurden um eine Waschhalle, Lackierhalle u. Garage m. Wohnung erweitert<\/td><\/tr><tr class=''><th class='avia-desc-col'>1999<\/th><td class=''>Bau einer zweiten Toyota Filiale in Amberg, Dieselstr. 5 (heute Hauptbetrieb f\u00fcr Toyota &amp; Kia)<\/td><\/tr><tr class=''><th class='avia-desc-col'>2000<\/th><td class=''>Er\u00f6ffnung der neuen Toyota Filiale<\/td><\/tr><tr class=''><th class='avia-desc-col'>2004 \/ 2005<\/th><td class=''>Gr\u00fcndung der hauseigenen Fahrschule, 1. Amberger Autohaus m. eigener Fahrschule<\/td><\/tr><tr class=''><th class='avia-desc-col'>2004<\/th><td class=''>Gr\u00fcndung der GmbH und Miteinstieg von Christian Gross<\/td><\/tr><tr class=''><th class='avia-desc-col'>2005<\/th><td class=''>Wurde der H\u00e4ndlervertrag von Autohaus Gross Paulsdorf aufgel\u00f6st, auf Grund der doppelten Standorterf\u00fcllung<\/p>\n<p>Zugleich wurde aus dem Paulsdorfer Betrieb ein Meisterhaft Betrieb f\u00fcr Reparaturen aller Fabrikate<\/td><\/tr><tr class=''><th class='avia-desc-col'>2009<\/th><td class=''>Autohaus Gross \u00fcbernahm zu seiner bereits sehr erfolgreichen Marke Toyota nun eine weitere erfolgsversprechende und zukunftsorientierte Marke KIA<\/p>\n<p>Gro\u00dfe Modellpalette bei beiden Herstellern \/ Toyota in Amberg &amp; Kia in Paulsdorf<\/td><\/tr><tr class=''><th class='avia-desc-col'>2014<\/th><td class=''>\u00dcbergabe von Josef Gro\u00df auf Christian Gro\u00df<\/td><\/tr><tr class=''><th class='avia-desc-col'>2015<\/th><td class=''>Neubau \/ Anbau des Kia-Ausstellungsraumes im Betrieb in Amberg<\/td><\/tr><tr class=''><th class='avia-desc-col'>2015<\/th><td class=''>Gro\u00dfe Neuer\u00f6ffnung des Neubaus \/ Anbaus<\/td><\/tr><tr class=''><th class='avia-desc-col'>2017<\/th><td class=''>40 Jahre Autohaus Gross<\/td><\/tr><tr class=''><th class='avia-desc-col'>2023<\/th><td class=''>45 Jahre Autohaus Gross<\/td><\/tr><\/tbody><\/table><\/div><style type='text\/css'>.avia-table-1 td:nth-of-type(1):before { content: '1977'; } <\/style><\/div><div class='flex_column av-3vg1whc-2e2c74dda5c5f99fc2fb6962e6499741 av_one_fifth  avia-builder-el-232  el_after_av_three_fifth  el_before_av_table  flex_column_div '   ><\/div><div class='avia-data-table-wrap av-3ujbhn4-73c6b0611356ff5708faec306019cfb0 avia_responsive_table avia-table-2  av-desktop-hide av-medium-hide av-small-hide'><table  class='avia-table avia-data-table avia_pricing_default  avia-builder-el-233  el_after_av_one_fifth  avia-builder-el-last '  itemscope=\"itemscope\" itemtype=\"https:\/\/schema.org\/Table\" ><tbody><tr class=''><td class=''>1977<\/td><td class=''>Josef Gro\u00df (KFZ-Meister) macht sich in Paulsdorf selbstst\u00e4ndig.<\/p>\n<p>Beginn in einer Doppelgarage neben der Tankstelle seiner Mutter<\/p>\n<p>Zusammen mit einem Gesellen Hr. Szameitat (Heute noch bei Fa. Gross in Paulsdorf als Werkstattleiter) und seiner Frau im B\u00fcro<\/td><\/tr><tr class=''><td class=''>1978<\/td><td class=''>Neubau der Werkstatt m. kleinem Ausstellungsraum und \u00dcbernahme des Toyota H\u00e4ndlervertrages<\/td><\/tr><tr class=''><td class=''>1984<\/td><td class=''>Vergr\u00f6\u00dferung des Ausstellungsraumes m. Wohnung \u00fcber dem Ausstellungsraum<\/td><\/tr><tr class=''><td class=''>1989<\/td><td class=''>Christian Gro\u00df (Sohn) kommt nach seiner Lehre in den elterlichen Betrieb (macht 1994 seinen KFZ-Meister und sp\u00e4ter noch den zertifizierten Automobilverk\u00e4ufer)<br \/>\n<\/td><\/tr><tr class=''><td class=''>1992<\/td><td class=''>Die bereits bestehenden Geb\u00e4ude wurden um eine Waschhalle, Lackierhalle u. Garage m. Wohnung erweitert<\/td><\/tr><tr class=''><td class=''>1999<\/td><td class=''>Bau einer zweiten Toyota Filiale in Amberg, Dieselstr. 5 (heute Hauptbetrieb f\u00fcr Toyota &amp; Kia)<\/td><\/tr><tr class=''><td class=''>2000<\/td><td class=''>Er\u00f6ffnung der neuen Toyota Filiale<\/td><\/tr><tr class=''><td class=''>2004 \/ 2005<\/td><td class=''>Gr\u00fcndung der hauseigenen Fahrschule, 1. Amberger Autohaus m. eigener Fahrschule<\/td><\/tr><tr class=''><td class=''>2004<\/td><td class=''>Gr\u00fcndung der GmbH und Miteinstieg von Christian Gross<\/td><\/tr><tr class=''><td class=''>2005<\/td><td class=''>Wurde der H\u00e4ndlervertrag von Autohaus Gross Paulsdorf aufgel\u00f6st, auf Grund der doppelten Standorterf\u00fcllung<\/p>\n<p>Zugleich wurde aus dem Paulsdorfer Betrieb ein Meisterhaft Betrieb f\u00fcr Reparaturen aller Fabrikate<\/td><\/tr><tr class=''><td class=''>2009<\/td><td class=''>Autohaus Gross \u00fcbernahm zu seiner bereits sehr erfolgreichen Marke Toyota nun eine weitere erfolgsversprechende und zukunftsorientierte Marke KIA<\/p>\n<p>Gro\u00dfe Modellpalette bei beiden Herstellern \/ Toyota in Amberg &amp; Kia in Paulsdorf<\/td><\/tr><tr class=''><td class=''>2014<\/td><td class=''>\u00dcbergabe von Josef Gro\u00df auf Christian Gro\u00df<\/td><\/tr><tr class=''><td class=''>2015<\/td><td class=''>Neubau \/ Anbau des Kia-Ausstellungsraumes im Betrieb in Amberg<\/td><\/tr><tr class=''><td class=''>2015<\/td><td class=''>Gro\u00dfe Neuer\u00f6ffnung des Neubaus \/ Anbaus<\/td><\/tr><tr class=''><td class=''>2017<\/td><td class=''>40 Jahre Autohaus Gross<\/td><\/tr><\/tbody><\/table><\/div>\n\n<\/div><\/div><\/div><!-- close content main div --><\/div><\/div><div id='av_section_34'  class='avia-section av-1qe0pvk-f2439ad32af53b616baefe873daf48eb main_color avia-section-default avia-no-border-styling  avia-builder-el-234  el_after_av_section  el_before_av_section  avia-bg-style-scroll  container_wrap fullsize'  ><div class='container av-section-cont-open' ><div class='template-page content  av-content-full alpha units'><div class='post-entry post-entry-type-page post-entry-1072'><div class='entry-content-wrapper clearfix'>\n<\/div><\/div><\/div><!-- close content main div --><\/div><\/div>\n<style type=\"text\/css\" data-created_by=\"avia_inline_auto\" id=\"style-css-av-1omzrs0-fe9c4348e8963012489dfc7b31b1b979\">\n.avia-section.av-1omzrs0-fe9c4348e8963012489dfc7b31b1b979 .av-parallax .av-parallax-inner{\nbackground-repeat:no-repeat;\nbackground-image:url(https:\/\/i0.wp.com\/gross-autohaus.de\/wp-content\/uploads\/2021\/10\/reifen_back-1.jpg?fit=1600%2C1065&ssl=1);\nbackground-position:0% 100%;\nbackground-attachment:scroll;\n}\n.avia-section.av-1omzrs0-fe9c4348e8963012489dfc7b31b1b979 .av-section-color-overlay{\nopacity:0.9;\nbackground-color:#dd0b15;\n}\n<\/style>\n<div id='jobs'  class='avia-section av-1omzrs0-fe9c4348e8963012489dfc7b31b1b979 main_color avia-section-no-padding avia-no-border-styling  avia-builder-el-235  el_after_av_section  el_before_av_section  avia-full-stretch av-parallax-section avia-bg-style-parallax av-section-color-overlay-active  av-desktop-hide av-medium-hide av-small-hide av-mini-hide av-minimum-height av-minimum-height-custom  container_wrap fullsize'  data-section-bg-repeat='stretch'><div class='av-parallax' data-avia-parallax-ratio='0.3' ><div class='av-parallax-inner main_color avia-full-stretch'><\/div><\/div><div class='av-section-color-overlay-wrap'><div class=\"av-section-color-overlay\"><\/div><div class='container av-section-cont-open' style='height:100px'><div class='template-page content  av-content-full alpha units'><div class='post-entry post-entry-type-page post-entry-1072'><div class='entry-content-wrapper clearfix'>\n\n<style type=\"text\/css\" data-created_by=\"avia_inline_auto\" id=\"style-css-av-1miezy8-cd6f143c03e68e7fd24df28395c4b5a0\">\n#top .av-special-heading.av-1miezy8-cd6f143c03e68e7fd24df28395c4b5a0{\npadding-bottom:10px;\ncolor:#ffffff;\n}\n.av-special-heading.av-1miezy8-cd6f143c03e68e7fd24df28395c4b5a0 .special-heading-inner-border{\nborder-color:#ffffff;\n}\n<\/style>\n<div  class='av-special-heading av-1miezy8-cd6f143c03e68e7fd24df28395c4b5a0 av-special-heading-h2 custom-color-heading blockquote modern-quote modern-centered  avia-builder-el-236  avia-builder-el-no-sibling  '><h2 class='av-special-heading-tag  av-mini-font-size-overwrite av-mini-font-size-20'  itemprop=\"headline\"  >JOBANGEBOTE<\/h2><div class='special-heading-border'><div class='special-heading-inner-border'><\/div><\/div><\/div>\n\n<\/div><\/div><\/div><!-- close content main div --><\/div><\/div><\/div>\n<style type=\"text\/css\" data-created_by=\"avia_inline_auto\" id=\"style-css-av-1ktb2f4-8bc5a5d3df22c55f4904e8300a788997\">\n.avia-section.av-1ktb2f4-8bc5a5d3df22c55f4904e8300a788997 .av-parallax .av-parallax-inner{\nbackground-repeat:no-repeat;\nbackground-image:url(https:\/\/i0.wp.com\/gross-autohaus.de\/wp-content\/uploads\/2021\/11\/Jobs_4290.jpg?fit=2000%2C700&ssl=1);\nbackground-position:50% 50%;\nbackground-attachment:scroll;\n}\n<\/style>\n<div id='av_section_36'  class='avia-section av-1ktb2f4-8bc5a5d3df22c55f4904e8300a788997 main_color avia-section-no-padding avia-no-border-styling  avia-builder-el-237  el_after_av_section  el_before_av_slideshow_full  avia-full-stretch av-parallax-section avia-bg-style-parallax  av-mini-hide av-minimum-height av-minimum-height-custom  container_wrap fullsize'  data-section-bg-repeat='stretch'><div class='av-parallax' data-avia-parallax-ratio='0.3' ><div class='av-parallax-inner main_color avia-full-stretch'><\/div><\/div><div class='container av-section-cont-open' style='height:300px'><div class='template-page content  av-content-full alpha units'><div class='post-entry post-entry-type-page post-entry-1072'><div class='entry-content-wrapper clearfix'>\n<\/div><\/div><\/div><!-- close content main div --><\/div><\/div><div id='full_slider_8'  class='avia-fullwidth-slider main_color avia-shadow  av-desktop-hide av-medium-hide av-small-hide  avia-builder-el-238  el_after_av_section  el_before_av_section   slider-not-first container_wrap fullsize'  ><div   data-size='featured_large'  data-lightbox_size='large'  data-animation='fade'  data-conditional_play=''  data-ids='347'  data-video_counter='0'  data-autoplay='false'  data-bg_slider='false'  data-slide_height=''  data-handle='av_slideshow_full'  data-interval='5'  data-class=' '  data-el_id=''  data-css_id=''  data-scroll_down=''  data-control_layout='av-control-default'  data-custom_markup=''  data-perma_caption=''  data-autoplay_stopper=''  data-image_attachment=''  data-min_height='0px'  data-lazy_loading='disabled'  data-src=''  data-position='top left'  data-repeat='no-repeat'  data-attach='scroll'  data-stretch=''  data-img_scrset=''  data-default-height='42'  class='avia-slideshow avia-slideshow-8  av-control-default av-default-height-applied avia-slideshow-featured_large av_slideshow_full   avia-fade-slider '  itemprop=\"image\" itemscope=\"itemscope\" itemtype=\"https:\/\/schema.org\/ImageObject\" ><ul class='avia-slideshow-inner ' style='padding-bottom: 42%;' ><li  class=' av-single-slide slide-1 ' ><div data-rel='slideshow-8' class='avia-slide-wrap '   ><img decoding=\"async\" class=\"wp-image-347 avia-img-lazy-loading-not-347 lazyload\"  data-src=\"https:\/\/i0.wp.com\/gross-autohaus.de\/wp-content\/uploads\/2021\/11\/Jobs_4290.jpg?resize=1500%2C630&ssl=1\" width=\"1500\" height=\"630\" title='Autohaus, Autohaus Amberg, Autoh\u00e4ndler, KFZ-Werkstatt, TOYOTA Partner, Toyota, Toyota-H\u00e4ndler, KFZ-Meisterbetrieb, Auto, Autos, Neuwagen, Gebrauchtwagen, Gebrauchtwagenh\u00e4ndler, Ersatzteile, Paulsdorf, Amberg, Landkreis Amberg-Sulzbach, Schwandorf, Weiden, Oberpfalz, Autohaus Gross' alt='Autohaus, Autohaus Amberg, Autoh\u00e4ndler, KFZ-Werkstatt, TOYOTA Partner, Toyota, Toyota-H\u00e4ndler, KFZ-Meisterbetrieb, Auto, Autos, Neuwagen, Gebrauchtwagen, Gebrauchtwagenh\u00e4ndler, Ersatzteile, Paulsdorf, Amberg, Landkreis Amberg-Sulzbach, Schwandorf, Weiden, Oberpfalz, Autohaus Gross'  itemprop=\"thumbnailUrl\" src=\"data:image\/svg+xml;base64,PHN2ZyB3aWR0aD0iMSIgaGVpZ2h0PSIxIiB4bWxucz0iaHR0cDovL3d3dy53My5vcmcvMjAwMC9zdmciPjwvc3ZnPg==\" style=\"--smush-placeholder-width: 1500px; --smush-placeholder-aspect-ratio: 1500\/630;\" \/><\/div><\/li><\/ul><\/div><\/div>\n<div id='av_section_37'  class='avia-section av-1g9oxo0-fb4f9592d353bc1dc34e14ab069c815f main_color avia-section-default avia-no-border-styling  avia-builder-el-239  el_after_av_slideshow_full  el_before_av_section  avia-bg-style-scroll  container_wrap fullsize'  ><div class='container av-section-cont-open' ><div class='template-page content  av-content-full alpha units'><div class='post-entry post-entry-type-page post-entry-1072'><div class='entry-content-wrapper clearfix'>\n<div class='flex_column_table av-505shc-9c7fc0f370ba4ab936dd1099a0dc25f2 sc-av_two_third av-equal-height-column-flextable'><div class='flex_column av-505shc-9c7fc0f370ba4ab936dd1099a0dc25f2 av_two_third  avia-builder-el-240  el_before_av_one_third  avia-builder-el-first  first flex_column_table_cell av-equal-height-column av-align-middle '   ><section class=\"av_textblock_section \"  itemscope=\"itemscope\" itemtype=\"https:\/\/schema.org\/CreativeWork\" ><div class='avia_textblock  '   itemprop=\"text\" ><h2><strong>Danke an unser tolles Team!<br \/>\n<\/strong><\/h2>\n<p>Fast am Ende angekommen, m\u00f6chten wir noch die Chance nutzen, um uns bei unseren unersetzbaren Kollegen zu bedanken.<\/p>\n<p>Sie geben jeden Tag ihr Bestes f\u00fcr das Autohaus Gross &amp; nat\u00fcrlich auch f\u00fcr die Kunden. Sie haben einen ma\u00dfgeblichen<\/p>\n<p>Teil an unserem langj\u00e4hrigen Bestehen beigetragen.<\/p>\n<h5>Wir sind stolz auf unser Team. Ihr seid klasse!<\/h5>\n<h3><\/h3>\n<\/div><\/section><\/div><div class='av-flex-placeholder'><\/div><div class='flex_column av-h35w0-51f1fc4eb4df795b42c66916277ecfef av_one_third  avia-builder-el-242  el_after_av_two_third  avia-builder-el-last  flex_column_table_cell av-equal-height-column av-align-middle '   ><style type=\"text\/css\" data-created_by=\"avia_inline_auto\" id=\"style-css-av-19mjr40-5104c025b94995eb561105fd1e06cfe0\">\n.avia-image-container.av-19mjr40-5104c025b94995eb561105fd1e06cfe0 .av-image-caption-overlay-center{\ncolor:#ffffff;\n}\n<\/style>\n<div  class='avia-image-container av-19mjr40-5104c025b94995eb561105fd1e06cfe0 av-styling-circle avia_animated_image avia_animate_when_almost_visible pop-up avia-align-center  avia-builder-el-243  avia-builder-el-no-sibling  '  itemprop=\"image\" itemscope=\"itemscope\" itemtype=\"https:\/\/schema.org\/ImageObject\" ><div class=\"avia-image-container-inner\"><div class=\"avia-image-overlay-wrap\"><img decoding=\"async\" class='wp-image-192 avia-img-lazy-loading-not-192 avia_image lazyload' data-src=\"https:\/\/i0.wp.com\/gross-autohaus.de\/wp-content\/uploads\/2021\/11\/christian_gross.jpg?fit=800%2C800&ssl=1\" alt='Autohaus, Autohaus Amberg, Autoh\u00e4ndler, KFZ-Werkstatt, TOYOTA Partner, Toyota, Toyota-H\u00e4ndler, KFZ-Meisterbetrieb, Auto, Autos, Neuwagen, Gebrauchtwagen, Gebrauchtwagenh\u00e4ndler, Ersatzteile, Paulsdorf, Amberg, Landkreis Amberg-Sulzbach, Schwandorf, Weiden, Oberpfalz, Autohaus Gross' title='Christian Gross'  height=\"800\" width=\"800\"  itemprop=\"thumbnailUrl\" data-srcset=\"https:\/\/i0.wp.com\/gross-autohaus.de\/wp-content\/uploads\/2021\/11\/christian_gross.jpg?w=800&amp;ssl=1 800w, https:\/\/i0.wp.com\/gross-autohaus.de\/wp-content\/uploads\/2021\/11\/christian_gross.jpg?resize=300%2C300&amp;ssl=1 300w, https:\/\/i0.wp.com\/gross-autohaus.de\/wp-content\/uploads\/2021\/11\/christian_gross.jpg?resize=80%2C80&amp;ssl=1 80w, https:\/\/i0.wp.com\/gross-autohaus.de\/wp-content\/uploads\/2021\/11\/christian_gross.jpg?resize=768%2C768&amp;ssl=1 768w, https:\/\/i0.wp.com\/gross-autohaus.de\/wp-content\/uploads\/2021\/11\/christian_gross.jpg?resize=36%2C36&amp;ssl=1 36w, https:\/\/i0.wp.com\/gross-autohaus.de\/wp-content\/uploads\/2021\/11\/christian_gross.jpg?resize=180%2C180&amp;ssl=1 180w, https:\/\/i0.wp.com\/gross-autohaus.de\/wp-content\/uploads\/2021\/11\/christian_gross.jpg?resize=705%2C705&amp;ssl=1 705w\" data-sizes=\"(max-width: 800px) 100vw, 800px\" src=\"data:image\/svg+xml;base64,PHN2ZyB3aWR0aD0iMSIgaGVpZ2h0PSIxIiB4bWxucz0iaHR0cDovL3d3dy53My5vcmcvMjAwMC9zdmciPjwvc3ZnPg==\" style=\"--smush-placeholder-width: 800px; --smush-placeholder-aspect-ratio: 800\/800;\" \/><\/div><\/div><\/div><\/div><\/div><!--close column table wrapper. Autoclose: 1 -->\n\n<\/div><\/div><\/div><!-- close content main div --><\/div><\/div>\n<style type=\"text\/css\" data-created_by=\"avia_inline_auto\" id=\"style-css-av-17sucsg-d64016e9388bc22e5ca04160a7fba6e4\">\n.avia-section.av-17sucsg-d64016e9388bc22e5ca04160a7fba6e4 .av-parallax .av-parallax-inner{\nbackground-repeat:no-repeat;\nbackground-image:url(https:\/\/i0.wp.com\/gross-autohaus.de\/wp-content\/uploads\/2021\/10\/reifen_back-1.jpg?fit=1600%2C1065&ssl=1);\nbackground-position:0% 0%;\nbackground-attachment:scroll;\n}\n.avia-section.av-17sucsg-d64016e9388bc22e5ca04160a7fba6e4 .av-section-color-overlay{\nopacity:0.9;\nbackground-color:#282828;\n}\n<\/style>\n<div id='kontakt'  class='avia-section av-17sucsg-d64016e9388bc22e5ca04160a7fba6e4 main_color avia-section-no-padding avia-no-border-styling  avia-builder-el-244  el_after_av_section  el_before_av_section  avia-full-stretch av-parallax-section avia-bg-style-parallax av-section-color-overlay-active  av-minimum-height av-minimum-height-custom  container_wrap fullsize'  data-section-bg-repeat='stretch'><div class='av-parallax' data-avia-parallax-ratio='0.3' ><div class='av-parallax-inner main_color avia-full-stretch'><\/div><\/div><div class='av-section-color-overlay-wrap'><div class=\"av-section-color-overlay\"><\/div><div class='container av-section-cont-open' style='height:100px'><div class='template-page content  av-content-full alpha units'><div class='post-entry post-entry-type-page post-entry-1072'><div class='entry-content-wrapper clearfix'>\n\n<style type=\"text\/css\" data-created_by=\"avia_inline_auto\" id=\"style-css-av-16ubuuo-a7941ce613ca55bfe2da6c5127cdeea9\">\n#top .av-special-heading.av-16ubuuo-a7941ce613ca55bfe2da6c5127cdeea9{\npadding-bottom:10px;\ncolor:#ffffff;\n}\n.av-special-heading.av-16ubuuo-a7941ce613ca55bfe2da6c5127cdeea9 .special-heading-inner-border{\nborder-color:#ffffff;\n}\n<\/style>\n<div  class='av-special-heading av-16ubuuo-a7941ce613ca55bfe2da6c5127cdeea9 av-special-heading-h2 custom-color-heading blockquote modern-quote modern-centered  avia-builder-el-245  avia-builder-el-no-sibling  '><h2 class='av-special-heading-tag  av-mini-font-size-overwrite av-mini-font-size-20'  itemprop=\"headline\"  >KONTAKT<\/h2><div class='special-heading-border'><div class='special-heading-inner-border'><\/div><\/div><\/div>\n\n<\/div><\/div><\/div><!-- close content main div --><\/div><\/div><\/div>\n<style type=\"text\/css\" data-created_by=\"avia_inline_auto\" id=\"style-css-av-142bgnk-ca9d9fb1db576f9ae1e52af1d1fedc08\">\n.avia-section.av-142bgnk-ca9d9fb1db576f9ae1e52af1d1fedc08 .av-parallax .av-parallax-inner{\nbackground-repeat:no-repeat;\nbackground-image:url(https:\/\/i0.wp.com\/gross-autohaus.de\/wp-content\/uploads\/2021\/10\/reifen_back-1.jpg?fit=1600%2C1065&ssl=1);\nbackground-position:0% 0%;\nbackground-attachment:scroll;\n}\n.avia-section.av-142bgnk-ca9d9fb1db576f9ae1e52af1d1fedc08 .av-section-color-overlay{\nopacity:0.9;\nbackground-color:#dd0b15;\n}\n<\/style>\n<div id='kontakt'  class='avia-section av-142bgnk-ca9d9fb1db576f9ae1e52af1d1fedc08 main_color avia-section-no-padding avia-no-border-styling  avia-builder-el-246  el_after_av_section  el_before_av_section  avia-full-stretch av-parallax-section avia-bg-style-parallax av-section-color-overlay-active  av-desktop-hide av-medium-hide av-small-hide av-mini-hide av-minimum-height av-minimum-height-custom  container_wrap fullsize'  data-section-bg-repeat='stretch'><div class='av-parallax' data-avia-parallax-ratio='0.3' ><div class='av-parallax-inner main_color avia-full-stretch'><\/div><\/div><div class='av-section-color-overlay-wrap'><div class=\"av-section-color-overlay\"><\/div><div class='container av-section-cont-open' style='height:100px'><div class='template-page content  av-content-full alpha units'><div class='post-entry post-entry-type-page post-entry-1072'><div class='entry-content-wrapper clearfix'>\n\n<style type=\"text\/css\" data-created_by=\"avia_inline_auto\" id=\"style-css-av-12fsc68-e310087e5eb570d0bc044ee621a70884\">\n#top .av-special-heading.av-12fsc68-e310087e5eb570d0bc044ee621a70884{\npadding-bottom:10px;\ncolor:#ffffff;\n}\n.av-special-heading.av-12fsc68-e310087e5eb570d0bc044ee621a70884 .special-heading-inner-border{\nborder-color:#ffffff;\n}\n<\/style>\n<div  class='av-special-heading av-12fsc68-e310087e5eb570d0bc044ee621a70884 av-special-heading-h2 custom-color-heading blockquote modern-quote modern-centered  avia-builder-el-247  avia-builder-el-no-sibling  '><h2 class='av-special-heading-tag  av-mini-font-size-overwrite av-mini-font-size-20'  itemprop=\"headline\"  >KONTAKT<\/h2><div class='special-heading-border'><div class='special-heading-inner-border'><\/div><\/div><\/div>\n\n<\/div><\/div><\/div><!-- close content main div --><\/div><\/div><\/div>\n<style type=\"text\/css\" data-created_by=\"avia_inline_auto\" id=\"style-css-av-11lt5v4-4d9d035331359a72bba6e6ea1fc3ba1c\">\n.avia-section.av-11lt5v4-4d9d035331359a72bba6e6ea1fc3ba1c .av-parallax .av-parallax-inner{\nbackground-repeat:no-repeat;\nbackground-image:url(https:\/\/i0.wp.com\/gross-autohaus.de\/wp-content\/uploads\/2021\/11\/Kontakt_4377.jpg?fit=2000%2C700&ssl=1);\nbackground-position:50% 50%;\nbackground-attachment:scroll;\n}\n<\/style>\n<div id='av_section_40'  class='avia-section av-11lt5v4-4d9d035331359a72bba6e6ea1fc3ba1c main_color avia-section-no-padding avia-no-border-styling  avia-builder-el-248  el_after_av_section  el_before_av_slideshow_full  avia-full-stretch av-parallax-section avia-bg-style-parallax  av-mini-hide av-minimum-height av-minimum-height-custom  container_wrap fullsize'  data-section-bg-repeat='stretch'><div class='av-parallax' data-avia-parallax-ratio='0.3' ><div class='av-parallax-inner main_color avia-full-stretch'><\/div><\/div><div class='container av-section-cont-open' style='height:300px'><div class='template-page content  av-content-full alpha units'><div class='post-entry post-entry-type-page post-entry-1072'><div class='entry-content-wrapper clearfix'>\n<\/div><\/div><\/div><!-- close content main div --><\/div><\/div><div id='full_slider_9'  class='avia-fullwidth-slider main_color avia-shadow  av-desktop-hide av-medium-hide av-small-hide  avia-builder-el-249  el_after_av_section  el_before_av_section   slider-not-first container_wrap fullsize'  ><div   data-size='featured_large'  data-lightbox_size='large'  data-animation='fade'  data-conditional_play=''  data-ids='343'  data-video_counter='0'  data-autoplay='false'  data-bg_slider='false'  data-slide_height=''  data-handle='av_slideshow_full'  data-interval='5'  data-class=' '  data-el_id=''  data-css_id=''  data-scroll_down=''  data-control_layout='av-control-default'  data-custom_markup=''  data-perma_caption=''  data-autoplay_stopper=''  data-image_attachment=''  data-min_height='0px'  data-lazy_loading='disabled'  data-src=''  data-position='top left'  data-repeat='no-repeat'  data-attach='scroll'  data-stretch=''  data-img_scrset=''  data-default-height='42'  class='avia-slideshow avia-slideshow-9  av-control-default av-default-height-applied avia-slideshow-featured_large av_slideshow_full   avia-fade-slider '  itemprop=\"image\" itemscope=\"itemscope\" itemtype=\"https:\/\/schema.org\/ImageObject\" ><ul class='avia-slideshow-inner ' style='padding-bottom: 42%;' ><li  class=' av-single-slide slide-1 ' ><div data-rel='slideshow-9' class='avia-slide-wrap '   ><img decoding=\"async\" class=\"wp-image-343 avia-img-lazy-loading-not-343 lazyload\"  data-src=\"https:\/\/i0.wp.com\/gross-autohaus.de\/wp-content\/uploads\/2021\/11\/Kontakt_4377.jpg?resize=1500%2C630&ssl=1\" width=\"1500\" height=\"630\" title='Autohaus, Autohaus Amberg, Autoh\u00e4ndler, KFZ-Werkstatt, TOYOTA Partner, Toyota, Toyota-H\u00e4ndler, KFZ-Meisterbetrieb, Auto, Autos, Neuwagen, Gebrauchtwagen, Gebrauchtwagenh\u00e4ndler, Ersatzteile, Paulsdorf, Amberg, Landkreis Amberg-Sulzbach, Schwandorf, Weiden, Oberpfalz, Autohaus Gross' alt='Autohaus, Autohaus Amberg, Autoh\u00e4ndler, KFZ-Werkstatt, TOYOTA Partner, Toyota, Toyota-H\u00e4ndler, KFZ-Meisterbetrieb, Auto, Autos, Neuwagen, Gebrauchtwagen, Gebrauchtwagenh\u00e4ndler, Ersatzteile, Paulsdorf, Amberg, Landkreis Amberg-Sulzbach, Schwandorf, Weiden, Oberpfalz, Autohaus Gross'  itemprop=\"thumbnailUrl\" src=\"data:image\/svg+xml;base64,PHN2ZyB3aWR0aD0iMSIgaGVpZ2h0PSIxIiB4bWxucz0iaHR0cDovL3d3dy53My5vcmcvMjAwMC9zdmciPjwvc3ZnPg==\" style=\"--smush-placeholder-width: 1500px; --smush-placeholder-aspect-ratio: 1500\/630;\" \/><\/div><\/li><\/ul><\/div><\/div>\n\n<style type=\"text\/css\" data-created_by=\"avia_inline_auto\" id=\"style-css-av-wdjgy8-12b498449542784b42d75585d9d607c7\">\n.avia-section.av-wdjgy8-12b498449542784b42d75585d9d607c7 .av-parallax .av-parallax-inner{\nbackground-repeat:no-repeat;\nbackground-image:url(https:\/\/i0.wp.com\/gross-autohaus.de\/wp-content\/uploads\/2021\/11\/AHG_Back.jpg?fit=1200%2C600&ssl=1);\nbackground-position:0% 50%;\nbackground-attachment:scroll;\n}\n.avia-section.av-wdjgy8-12b498449542784b42d75585d9d607c7 .av-section-color-overlay{\nopacity:0.6;\nbackground-color:#ffffff;\n}\n<\/style>\n<div id='av_section_41'  class='avia-section av-wdjgy8-12b498449542784b42d75585d9d607c7 main_color avia-section-default avia-no-border-styling  avia-builder-el-250  el_after_av_slideshow_full  el_before_av_section  avia-full-stretch av-parallax-section avia-bg-style-parallax av-section-color-overlay-active  container_wrap fullsize'  data-section-bg-repeat='stretch'><div class='av-parallax' data-avia-parallax-ratio='0.3' ><div class='av-parallax-inner main_color avia-full-stretch'><\/div><\/div><div class='av-section-color-overlay-wrap'><div class=\"av-section-color-overlay\"><\/div><div class='container av-section-cont-open' ><div class='template-page content  av-content-full alpha units'><div class='post-entry post-entry-type-page post-entry-1072'><div class='entry-content-wrapper clearfix'>\n<div class='flex_column av-uwp1ao-59f70e31b0730885bc757ee013d3fed0 av_one_half  avia-builder-el-251  el_before_av_one_half  avia-builder-el-first  first flex_column_div '   ><p>\n<style type=\"text\/css\" data-created_by=\"avia_inline_auto\" id=\"style-css-av-tjp27k-b8431970c66a503485e9e3d396b9edd8\">\n#top .av-special-heading.av-tjp27k-b8431970c66a503485e9e3d396b9edd8{\npadding-bottom:10px;\n}\n<\/style>\n<div  class='av-special-heading av-tjp27k-b8431970c66a503485e9e3d396b9edd8 av-special-heading-h3  avia-builder-el-252  el_before_av_textblock  avia-builder-el-first  '><h3 class='av-special-heading-tag '  itemprop=\"headline\"  >AMBERG<\/h3><div class='special-heading-border'><div class='special-heading-inner-border'><\/div><\/div><\/div><br \/>\n<section class=\"av_textblock_section \"  itemscope=\"itemscope\" itemtype=\"https:\/\/schema.org\/CreativeWork\" ><div class='avia_textblock  '   itemprop=\"text\" ><p><strong>Autohaus Gross GmbH<\/strong><br \/>\nDieselstra\u00dfe 5<br \/>\n92224 Amberg<\/p>\n<p>Telefon: 0 96 21\/ 97 00 00<br \/>\nTelefax: 0 96 21\/ 97 00 01<br \/>\nEmail: <a href=\"mailto:info@gross-autohaus.de\">info@gross-autohaus.de<\/a><br \/>\nVerkauf: <a href=\"mailto:verkauf@gross-autohaus.de\">verkauf@gross-autohaus.de<\/a><\/p>\n<p><strong>\u00d6ffnungszeiten:<\/strong><\/p>\n<p><strong>Verkauf<\/strong><br \/>\nMo \u2013 Fr: 08.00 \u2013 17.00 Uhr<br \/>\n<strong>Kundenservice<\/strong><br \/>\nMo \u2013 Fr: 08.00 \u2013 17.00 Uhr<\/p>\n<p><strong>Werkstatt<\/strong><br \/>\nMo \u2013 Fr: 08.00 \u2013 12.00 Uhr<br \/>\nund 13.00 \u2013 17.00 Uhr<br \/>\n<strong><br \/>\n<\/strong><\/p>\n<p><strong>\u00a0<\/strong><\/p>\n<\/div><\/section><br \/>\n<section class=\"av_textblock_section  av-desktop-hide av-medium-hide av-small-hide av-mini-hide\"  itemscope=\"itemscope\" itemtype=\"https:\/\/schema.org\/CreativeWork\" ><div class='avia_textblock  '   itemprop=\"text\" ><p><strong>Autohaus Gross GmbH<\/strong><br \/>\nDieselstra\u00dfe 5<br \/>\n92224 Amberg<\/p>\n<p>Telefon: 0 96 21\/ 97 00 00<br \/>\nTelefax: 0 96 21\/ 97 00 01<br \/>\nEmail: <a href=\"mailto:info@gross-autohaus.de\">info@gross-autohaus.de<\/a><br \/>\nVerkauf: <a href=\"mailto:verkauf@gross-autohaus.de\">verkauf@gross-autohaus.de<\/a><\/p>\n<p><strong>\u00d6ffnungszeiten:<\/strong><\/p>\n<p><strong>Verkauf<\/strong><br \/>\nMo \u2013 Fr: 08.00 \u2013 18.00 Uhr<br \/>\n<strong>Kundenservice<\/strong><br \/>\nMo \u2013 Fr: 08.00 \u2013 17.00 Uhr<br \/>\n<strong>Werkstatt<\/strong><br \/>\nMo \u2013 Fr: 08.00 \u2013 12.00 Uhr<br \/>\nund 13.00 \u2013 17.00 Uhr<\/p>\n<\/div><\/section><\/p><\/div><div class='flex_column av-ntffog-80b3a3b51a4f8ffa5dd14d63c0a83fc7 av_one_half  avia-builder-el-255  el_after_av_one_half  avia-builder-el-last  flex_column_div '   ><p>\n<style type=\"text\/css\" data-created_by=\"avia_inline_auto\" id=\"style-css-av-myu6m8-00fc6d73a18215b6d132c2f49d40ae59\">\n#top .av-special-heading.av-myu6m8-00fc6d73a18215b6d132c2f49d40ae59{\npadding-bottom:10px;\n}\n<\/style>\n<div  class='av-special-heading av-myu6m8-00fc6d73a18215b6d132c2f49d40ae59 av-special-heading-h3  avia-builder-el-256  el_before_av_textblock  avia-builder-el-first  '><h3 class='av-special-heading-tag '  itemprop=\"headline\"  >PAULSDORF<\/h3><div class='special-heading-border'><div class='special-heading-inner-border'><\/div><\/div><\/div><br \/>\n<section class=\"av_textblock_section \"  itemscope=\"itemscope\" itemtype=\"https:\/\/schema.org\/CreativeWork\" ><div class='avia_textblock  '   itemprop=\"text\" ><p><strong>Autohaus Gross GmbH<\/strong><br \/>\nNabburger Str. 1<br \/>\n92272 Freudenberg-Paulsdorf<\/p>\n<p>Telefon: 0 96 21\/ 96 00 49-40<br \/>\nTelefax: 0 96 21\/ 96 00 49-49<br \/>\nEmail: <a href=\"mailto:info@gross-autohaus.de\">info@gross-autohaus.de<\/a><br \/>\nVerkauf: <a href=\"mailto:verkauf@gross-autohaus.de\">verkauf@gross-autohaus.de<\/a><\/p>\n<p><strong>\u00d6ffnungszeiten:<\/strong><br \/>\nMo \u2013 Fr: 08.00 \u2013 12.00 Uhr<br \/>\nund 13.00 \u2013 17.00 Uhr<\/p>\n<\/div><\/section><\/p><\/div>\n\n<\/div><\/div><\/div><!-- close content main div --><\/div><\/div><\/div><div id='av_section_42'  class='avia-section av-isgy2o-4ef23f96f28ff67912151a2f8e1573d5 alternate_color avia-section-default avia-no-border-styling  avia-builder-el-258  el_after_av_section  el_before_av_masonry_gallery  avia-bg-style-scroll  container_wrap fullsize'  ><div class='container av-section-cont-open' ><div class='template-page content  av-content-full alpha units'><div class='post-entry post-entry-type-page post-entry-1072'><div class='entry-content-wrapper clearfix'>\n<form action=\"https:\/\/gross-autohaus.de\/\" method=\"post\"  class=\"avia_ajax_form av-form-labels-hidden   avia-builder-el-259  avia-builder-el-no-sibling   \" data-avia-form-id=\"1\" data-avia-redirect='' ><h3 class=''>Senden Sie uns gerne Ihre Anfrage<\/h3><fieldset><p class='  first_form  form_element form_fullwidth' id='element_avia_1_1'><label for=\"avia_1_1\">Name <abbr class=\"required\" title=\"ben\u00f6tigt\">*<\/abbr><\/label> <input name=\"avia_1_1\" class=\"text_input is_empty\" type=\"text\" id=\"avia_1_1\" value=\"\"  placeholder='Name*'\/><\/p><p class='  first_form  form_element form_fullwidth' id='element_avia_2_1'><label for=\"avia_2_1\">E-Mail <abbr class=\"required\" title=\"ben\u00f6tigt\">*<\/abbr><\/label> <input name=\"avia_2_1\" class=\"text_input is_email\" type=\"text\" id=\"avia_2_1\" value=\"\"  placeholder='E-Mail*'\/><\/p><p class='  first_form  form_element form_fullwidth' id='element_avia_3_1'><label for=\"avia_3_1\">Betreff <abbr class=\"required\" title=\"ben\u00f6tigt\">*<\/abbr><\/label> <input name=\"avia_3_1\" class=\"text_input is_empty\" type=\"text\" id=\"avia_3_1\" value=\"\"  placeholder='Betreff*'\/><\/p><p class='  first_form  form_element form_fullwidth' id='element_avia_4_1'><label for=\"avia_4_1\" class=\"textare_label hidden textare_label_avia_4_1\">Nachricht <abbr class=\"required\" title=\"ben\u00f6tigt\">*<\/abbr><\/label><textarea  placeholder='Nachricht*' name=\"avia_4_1\" class=\"text_area is_empty\" cols=\"40\" rows=\"7\" id=\"avia_4_1\" ><\/textarea><\/p><p class='  first_form  form_element form_fullwidth' id='element_avia_5_1'><input  name=\"avia_5_1\" class=\"input_checkbox is_empty\" type=\"checkbox\" id=\"avia_5_1\" value=\"true\"\/><label class=\"input_checkbox_label\" for=\"avia_5_1\">Ich bin damit einverstanden, dass meine Daten laut Datenschutzerkl\u00e4rung zur Kontaktaufnahme gespeichert werden. <abbr class=\"required\" title=\"ben\u00f6tigt\">*<\/abbr><\/label><\/p><div id='avia_6_1' class='av-form-text'><p>Bitte die Gleichung l\u00f6sen. Dient der Spamabwehr.<\/p>\n<\/div><p class=\"hidden\"><input type=\"text\" name=\"avia_7_1\" class=\"hidden \" id=\"avia_7_1\" value=\"\" \/><\/p><p class='   form_element form_fullwidth' id='element_avia_8_1'><span class='value_verifier_label'>4 + 0 = ?<\/span><input name=\"avia_8_1_verifier\" type=\"hidden\" id=\"avia_8_1_verifier\" value=\"578484145\"\/><label for=\"avia_8_1\">Bitte l\u00f6se die Gleichung. Diese Ma\u00dfnahme dient der Abwehr von Spam <abbr class=\"required\" title=\"ben\u00f6tigt\">*<\/abbr><\/label><input name=\"avia_8_1\" class=\"text_input captcha\" type=\"text\" id=\"avia_8_1\" value=\"\"\/><\/p><p class=\"form_element \"><input type=\"hidden\" value=\"1\" name=\"avia_generated_form1\" \/><input type=\"submit\" value=\"Senden\" class=\"button\"  data-sending-label=\"Sende\"\/><\/p><\/fieldset><\/form><div id=\"ajaxresponse_1\" class=\"ajaxresponse ajaxresponse_1 hidden\"><\/div>\n\n\n<style type=\"text\/css\" data-created_by=\"avia_inline_auto\" id=\"style-css-av-5wdzgg-03c3244ba872f9380248b8bb6040c7b1\">\n#top .av-masonry.av-5wdzgg-03c3244ba872f9380248b8bb6040c7b1{\nbackground-color:#ffffff;\n}\n<\/style>\n<div id='av-masonry-1' class='av-masonry av-5wdzgg-03c3244ba872f9380248b8bb6040c7b1 noHover av-fixed-size av-no-gap av-hover-overlay- av-masonry-animation-active av-masonry-col-4 av-caption-always av-caption-style- av-masonry-gallery av-orientation-square    av-mini-columns-overwrite av-mini-columns-2'><div class=\"av-masonry-container isotope av-js-disabled\"><div class='av-masonry-entry isotope-item av-masonry-item-no-image '><\/div><div id='av-masonry-1-item-874' data-av-masonry-item='874' class='av-masonry-entry isotope-item post-874 attachment type-attachment status-inherit hentry  av-masonry-item-with-image'   itemprop=\"thumbnailUrl\" ><div class='av-inner-masonry-sizer'><\/div><figure class='av-inner-masonry main_color'><div class=\"av-masonry-outerimage-container\"><div class='av-masonry-image-container lazyload' style=\"background-image:inherit;\"  title=\"Autohaus, Autohaus Amberg, Autoh\u00e4ndler, KFZ-Werkstatt, TOYOTA Partner, Toyota, Toyota-H\u00e4ndler, KFZ-Meisterbetrieb, Auto, Autos, Neuwagen, Gebrauchtwagen, Gebrauchtwagenh\u00e4ndler, Ersatzteile, Paulsdorf, Amberg, Landkreis Amberg-Sulzbach, Schwandorf, Weiden, Oberpfalz, Autohaus Gross\"   alt=\"Autohaus, Autohaus Amberg, Autoh\u00e4ndler, KFZ-Werkstatt, TOYOTA Partner, Toyota, Toyota-H\u00e4ndler, KFZ-Meisterbetrieb, Auto, Autos, Neuwagen, Gebrauchtwagen, Gebrauchtwagenh\u00e4ndler, Ersatzteile, Paulsdorf, Amberg, Landkreis Amberg-Sulzbach, Schwandorf, Weiden, Oberpfalz, Autohaus Gross\"  data-bg-image=\"url(https:\/\/i0.wp.com\/gross-autohaus.de\/wp-content\/uploads\/2024\/10\/Autohaus_Gross_Amberg_5.jpg?fit=705%2C705&amp;ssl=1)\"><\/div><\/div><\/figure><\/div><!--end av-masonry entry--><div id='av-masonry-1-item-872' data-av-masonry-item='872' class='av-masonry-entry isotope-item post-872 attachment type-attachment status-inherit hentry  av-masonry-item-with-image'   itemprop=\"thumbnailUrl\" ><div class='av-inner-masonry-sizer'><\/div><figure class='av-inner-masonry main_color'><div class=\"av-masonry-outerimage-container\"><div class='av-masonry-image-container lazyload' style=\"background-image:inherit;\"  title=\"Autohaus, Autohaus Amberg, Autoh\u00e4ndler, KFZ-Werkstatt, TOYOTA Partner, Toyota, Toyota-H\u00e4ndler, KFZ-Meisterbetrieb, Auto, Autos, Neuwagen, Gebrauchtwagen, Gebrauchtwagenh\u00e4ndler, Ersatzteile, Paulsdorf, Amberg, Landkreis Amberg-Sulzbach, Schwandorf, Weiden, Oberpfalz, Autohaus Gross\"   alt=\"Autohaus, Autohaus Amberg, Autoh\u00e4ndler, KFZ-Werkstatt, TOYOTA Partner, Toyota, Toyota-H\u00e4ndler, KFZ-Meisterbetrieb, Auto, Autos, Neuwagen, Gebrauchtwagen, Gebrauchtwagenh\u00e4ndler, Ersatzteile, Paulsdorf, Amberg, Landkreis Amberg-Sulzbach, Schwandorf, Weiden, Oberpfalz, Autohaus Gross\"  data-bg-image=\"url(https:\/\/i0.wp.com\/gross-autohaus.de\/wp-content\/uploads\/2024\/10\/Autohaus_Gross_Amberg_3.jpg?fit=705%2C705&amp;ssl=1)\"><\/div><\/div><\/figure><\/div><!--end av-masonry entry--><div id='av-masonry-1-item-875' data-av-masonry-item='875' class='av-masonry-entry isotope-item post-875 attachment type-attachment status-inherit hentry  av-masonry-item-with-image'   itemprop=\"thumbnailUrl\" ><div class='av-inner-masonry-sizer'><\/div><figure class='av-inner-masonry main_color'><div class=\"av-masonry-outerimage-container\"><div class='av-masonry-image-container lazyload' style=\"background-image:inherit;\"  title=\"Autohaus, Autohaus Amberg, Autoh\u00e4ndler, KFZ-Werkstatt, TOYOTA Partner, Toyota, Toyota-H\u00e4ndler, KFZ-Meisterbetrieb, Auto, Autos, Neuwagen, Gebrauchtwagen, Gebrauchtwagenh\u00e4ndler, Ersatzteile, Paulsdorf, Amberg, Landkreis Amberg-Sulzbach, Schwandorf, Weiden, Oberpfalz, Autohaus Gross\"   alt=\"Autohaus, Autohaus Amberg, Autoh\u00e4ndler, KFZ-Werkstatt, TOYOTA Partner, Toyota, Toyota-H\u00e4ndler, KFZ-Meisterbetrieb, Auto, Autos, Neuwagen, Gebrauchtwagen, Gebrauchtwagenh\u00e4ndler, Ersatzteile, Paulsdorf, Amberg, Landkreis Amberg-Sulzbach, Schwandorf, Weiden, Oberpfalz, Autohaus Gross\"  data-bg-image=\"url(https:\/\/i0.wp.com\/gross-autohaus.de\/wp-content\/uploads\/2024\/10\/Autohaus_Gross_Amberg_6.jpg?fit=705%2C705&amp;ssl=1)\"><\/div><\/div><\/figure><\/div><!--end av-masonry entry--><div id='av-masonry-1-item-873' data-av-masonry-item='873' class='av-masonry-entry isotope-item post-873 attachment type-attachment status-inherit hentry  av-masonry-item-with-image'   itemprop=\"thumbnailUrl\" ><div class='av-inner-masonry-sizer'><\/div><figure class='av-inner-masonry main_color'><div class=\"av-masonry-outerimage-container\"><div class='av-masonry-image-container lazyload' style=\"background-image:inherit;\"  title=\"Autohaus, Autohaus Amberg, Autoh\u00e4ndler, KFZ-Werkstatt, TOYOTA Partner, Toyota, Toyota-H\u00e4ndler, KFZ-Meisterbetrieb, Auto, Autos, Neuwagen, Gebrauchtwagen, Gebrauchtwagenh\u00e4ndler, Ersatzteile, Paulsdorf, Amberg, Landkreis Amberg-Sulzbach, Schwandorf, Weiden, Oberpfalz, Autohaus Gross\"   alt=\"Autohaus, Autohaus Amberg, Autoh\u00e4ndler, KFZ-Werkstatt, TOYOTA Partner, Toyota, Toyota-H\u00e4ndler, KFZ-Meisterbetrieb, Auto, Autos, Neuwagen, Gebrauchtwagen, Gebrauchtwagenh\u00e4ndler, Ersatzteile, Paulsdorf, Amberg, Landkreis Amberg-Sulzbach, Schwandorf, Weiden, Oberpfalz, Autohaus Gross\"  data-bg-image=\"url(https:\/\/i0.wp.com\/gross-autohaus.de\/wp-content\/uploads\/2024\/10\/Autohaus_Gross_Amberg_4.jpg?fit=705%2C705&amp;ssl=1)\"><\/div><\/div><\/figure><\/div><!--end av-masonry entry--><\/div><\/div>\n<section class=\"av_textblock_section \"  itemscope=\"itemscope\" itemtype=\"https:\/\/schema.org\/CreativeWork\" ><div class='avia_textblock   av-mini-font-size-overwrite av-mini-font-size-11'  style='font-size:9px; '  itemprop=\"text\" ><p style=\"text-align: center;\"><a href=\"https:\/\/gross-autohaus.de\/index.php\/impressum\"><u>IMPRESSUM<\/u><\/a> | <a href=\"https:\/\/gross-autohaus.de\/index.php\/impressum\/#datenschutz\"><u>DATENSCHUTZ<\/u><\/a><\/p>\n<\/div><\/section>\n<div  class='hr av-21d1zk-a51042f9140a6e0f75a872de27cfab94 hr-default  avia-builder-el-262  el_after_av_textblock  avia-builder-el-last  '><span class='hr-inner '><span class=\"hr-inner-style\"><\/span><\/span><\/div>\n","protected":false},"excerpt":{"rendered":"","protected":false},"author":2,"featured_media":0,"parent":0,"menu_order":0,"comment_status":"closed","ping_status":"closed","template":"","meta":{"_glsr_average":0,"_glsr_ranking":0,"_glsr_reviews":0,"footnotes":""},"class_list":["post-1072","page","type-page","status-publish","hentry"],"jetpack_sharing_enabled":true,"_links":{"self":[{"href":"https:\/\/gross-autohaus.de\/index.php\/wp-json\/wp\/v2\/pages\/1072","targetHints":{"allow":["GET"]}}],"collection":[{"href":"https:\/\/gross-autohaus.de\/index.php\/wp-json\/wp\/v2\/pages"}],"about":[{"href":"https:\/\/gross-autohaus.de\/index.php\/wp-json\/wp\/v2\/types\/page"}],"author":[{"embeddable":true,"href":"https:\/\/gross-autohaus.de\/index.php\/wp-json\/wp\/v2\/users\/2"}],"replies":[{"embeddable":true,"href":"https:\/\/gross-autohaus.de\/index.php\/wp-json\/wp\/v2\/comments?post=1072"}],"version-history":[{"count":6,"href":"https:\/\/gross-autohaus.de\/index.php\/wp-json\/wp\/v2\/pages\/1072\/revisions"}],"predecessor-version":[{"id":1112,"href":"https:\/\/gross-autohaus.de\/index.php\/wp-json\/wp\/v2\/pages\/1072\/revisions\/1112"}],"wp:attachment":[{"href":"https:\/\/gross-autohaus.de\/index.php\/wp-json\/wp\/v2\/media?parent=1072"}],"curies":[{"name":"wp","href":"https:\/\/api.w.org\/{rel}","templated":true}]}}